{"id":1074,"date":"2016-04-05T16:59:40","date_gmt":"2016-04-05T15:59:40","guid":{"rendered":"http:\/\/wordpress.derwegderwoelfe.de\/?page_id=1074"},"modified":"2016-05-19T18:39:49","modified_gmt":"2016-05-19T17:39:49","slug":"impressionen-karpaten-fruehjahr-2016","status":"publish","type":"page","link":"https:\/\/wordpress.derwegderwoelfe.de\/?page_id=1074","title":{"rendered":"Impressionen Karpaten Fr\u00fchjahr 2016"},"content":{"rendered":"<h2 style=\"text-align: left;\">Ukraine<\/h2>\n<p style=\"text-align: left;\">Am 1.Mai bin ich in der Ukraine angekommen. Zun\u00e4chst waren wir im Nationalpark Zacharovanjy Kraj. Mariana vom ukrainischen ESW Team (Euorpean Wilderness Society) war unsere Dolmetscherin und sehr gut Deutsch gesprochen. <span style=\"color: #000000;\">Eine Woche war ich in der Ukraine unterwegs in zwei Nationalparken. Christina und Christian von der schweizer Wolfschutzorganisation CHWOLF haben mich begleitet.<\/span><\/p>\n<div id=\"attachment_1139\" style=\"width: 810px\" class=\"wp-caption aligncenter\"><a href=\"https:\/\/wordpress.derwegderwoelfe.de\/wp-content\/uploads\/2016\/04\/IMG_1661.jpg\" rel=\"attachment wp-att-1139\"><img loading=\"lazy\" decoding=\"async\" aria-describedby=\"caption-attachment-1139\" class=\"wp-image-1139 size-full\" src=\"https:\/\/wordpress.derwegderwoelfe.de\/wp-content\/uploads\/2016\/04\/IMG_1661.jpg\" alt=\"IMG_1661\" width=\"800\" height=\"330\" srcset=\"https:\/\/wordpress.derwegderwoelfe.de\/wp-content\/uploads\/2016\/04\/IMG_1661.jpg 800w, https:\/\/wordpress.derwegderwoelfe.de\/wp-content\/uploads\/2016\/04\/IMG_1661-300x124.jpg 300w, https:\/\/wordpress.derwegderwoelfe.de\/wp-content\/uploads\/2016\/04\/IMG_1661-768x317.jpg 768w, https:\/\/wordpress.derwegderwoelfe.de\/wp-content\/uploads\/2016\/04\/IMG_1661-500x206.jpg 500w\" sizes=\"auto, (max-width: 800px) 100vw, 800px\" \/><\/a><p id=\"caption-attachment-1139\" class=\"wp-caption-text\">Am fr\u00fchen Morgen konnte ich dieses Bild machen. Der See ist ein Highlight im Nationalpark Synevyr<\/p><\/div>\n<p style=\"text-align: left;\">\r\n\t<div class=\"slideshow_container slideshow_container_style-dark\" style=\"height: 400px; max-width: 600px;\" data-slideshow-id=\"1148\" data-style-name=\"style-dark\" data-style-version=\"2.3.1\" >\r\n\r\n\t\t\t\t\t<div class=\"slideshow_loading_icon\"><\/div>\r\n\t\t\r\n\t\t<div class=\"slideshow_content\" style=\"display: none;\">\r\n\r\n\t\t\t<div class=\"slideshow_view\">\r\n\t\t\t\t<div class=\"slideshow_slide slideshow_slide_image\">\r\n\t\t\t\t\t\t\t\t\t\t\t<img src=\"https:\/\/wordpress.derwegderwoelfe.de\/wp-content\/uploads\/2016\/04\/DSCN3167.jpg\" alt=\"DSCN3167\" width=\"800\" height=\"428\" \/>\r\n\t\t\t\t\t\t\t\t\t\t<div class=\"slideshow_description_box slideshow_transparent\">\r\n\t\t\t\t\t\t\t\t\t\t\t\t<div class=\"slideshow_description\">Hier konnte ich parken und auch \u00fcbernachten. Alle anderen haben in der Pension \u00fcbernachtet.<\/div>\t\t\t\t\t<\/div>\r\n\t\t\t\t<\/div>\r\n\r\n\t\t\t\t\t\t<div style=\"clear: both;\"><\/div><\/div><div class=\"slideshow_view\">\r\n\t\t\t\t<div class=\"slideshow_slide slideshow_slide_image\">\r\n\t\t\t\t\t\t\t\t\t\t\t<img src=\"https:\/\/wordpress.derwegderwoelfe.de\/wp-content\/uploads\/2016\/04\/DSCN3169.jpg\" alt=\"DSCN3169\" width=\"800\" height=\"600\" \/>\r\n\t\t\t\t\t\t\t\t\t\t<div class=\"slideshow_description_box slideshow_transparent\">\r\n\t\t\t\t\t\t\t\t\t\t\t\t<div class=\"slideshow_description\">Das ist die Pension. Im Tal direkt an der Grenze zum Nationalpark.<\/div>\t\t\t\t\t<\/div>\r\n\t\t\t\t<\/div>\r\n\r\n\t\t\t\t\t\t<div style=\"clear: both;\"><\/div><\/div><div class=\"slideshow_view\">\r\n\t\t\t\t<div class=\"slideshow_slide slideshow_slide_image\">\r\n\t\t\t\t\t\t\t\t\t\t\t<img src=\"https:\/\/wordpress.derwegderwoelfe.de\/wp-content\/uploads\/2016\/04\/DSCN3182.jpg\" alt=\"DSCN3182\" width=\"800\" height=\"600\" \/>\r\n\t\t\t\t\t\t\t\t\t\t<div class=\"slideshow_description_box slideshow_transparent\">\r\n\t\t\t\t\t\t\t\t\t\t\t\t<div class=\"slideshow_description\">Eine gefallen Buche \u00fcberwuchert mit den Totholzpilzen. Wir sind am Rand eine Buchenurwaldes. Auf der einen Seite der Urwald, auf der anderen Seite der Kuppe der fr\u00fcher forstwirtschaftlich genutzte Wald.<\/div>\t\t\t\t\t<\/div>\r\n\t\t\t\t<\/div>\r\n\r\n\t\t\t\t\t\t<div style=\"clear: both;\"><\/div><\/div><div class=\"slideshow_view\">\r\n\t\t\t\t<div class=\"slideshow_slide slideshow_slide_image\">\r\n\t\t\t\t\t\t\t\t\t\t\t<img src=\"https:\/\/wordpress.derwegderwoelfe.de\/wp-content\/uploads\/2016\/04\/DSCN3185.jpg\" alt=\"DSCN3185\" width=\"800\" height=\"600\" \/>\r\n\t\t\t\t\t\t\t\t\t\t<div class=\"slideshow_description_box slideshow_transparent\">\r\n\t\t\t\t\t\t\t\t\t\t\t\t<div class=\"slideshow_description\">Hier mal eine alte Buche im Wald. Buchen werden nicht so alt wie die Nadelb\u00e4ume.<\/div>\t\t\t\t\t<\/div>\r\n\t\t\t\t<\/div>\r\n\r\n\t\t\t\t\t\t<div style=\"clear: both;\"><\/div><\/div><div class=\"slideshow_view\">\r\n\t\t\t\t<div class=\"slideshow_slide slideshow_slide_image\">\r\n\t\t\t\t\t\t\t\t\t\t\t<img src=\"https:\/\/wordpress.derwegderwoelfe.de\/wp-content\/uploads\/2016\/04\/DSCN3187.jpg\" alt=\"DSCN3187\" width=\"800\" height=\"633\" \/>\r\n\t\t\t\t\t\t\t\t\t\t<div class=\"slideshow_description_box slideshow_transparent\">\r\n\t\t\t\t\t\t\t\t\t\t\t\t<div class=\"slideshow_description\">Mittagspause. Christina und Christian von der schweizer Wolfschutzorganisation CHWOLF sind extra gekommen um einen Eindruck aus der Ukraine zu bekommen.<\/div>\t\t\t\t\t<\/div>\r\n\t\t\t\t<\/div>\r\n\r\n\t\t\t\t\t\t<div style=\"clear: both;\"><\/div><\/div><div class=\"slideshow_view\">\r\n\t\t\t\t<div class=\"slideshow_slide slideshow_slide_image\">\r\n\t\t\t\t\t\t\t\t\t\t\t<img src=\"https:\/\/wordpress.derwegderwoelfe.de\/wp-content\/uploads\/2016\/04\/DSCN3189.jpg\" alt=\"DSCN3189\" width=\"800\" height=\"585\" \/>\r\n\t\t\t\t\t\t\t\t\t\t<div class=\"slideshow_description_box slideshow_transparent\">\r\n\t\t\t\t\t\t\t\t\t\t\t\t<div class=\"slideshow_description\">Buchenwald im Tal.<\/div>\t\t\t\t\t<\/div>\r\n\t\t\t\t<\/div>\r\n\r\n\t\t\t\t\t\t<div style=\"clear: both;\"><\/div><\/div><div class=\"slideshow_view\">\r\n\t\t\t\t<div class=\"slideshow_slide slideshow_slide_image\">\r\n\t\t\t\t\t\t\t\t\t\t\t<img src=\"https:\/\/wordpress.derwegderwoelfe.de\/wp-content\/uploads\/2016\/04\/DSCN3191.jpg\" alt=\"DSCN3191\" width=\"800\" height=\"583\" \/>\r\n\t\t\t\t\t\t\t\t\t\t<div class=\"slideshow_description_box slideshow_transparent\">\r\n\t\t\t\t\t\t\t\t\t\t\t\t<div class=\"slideshow_description\">Wir besprechen die Routen f\u00fcr die geplanten Tage. Es sind zum Teil keine normale Wanderwege wie sich dann herausstellt. Im Nationalpark gibt es verschiedene Schutzkategorien und noch echte Buchenurw\u00e4lder, die aber nur mit Sondergenehmigung zug\u00e4nglich.<\/div>\t\t\t\t\t<\/div>\r\n\t\t\t\t<\/div>\r\n\r\n\t\t\t\t\t\t<div style=\"clear: both;\"><\/div><\/div><div class=\"slideshow_view\">\r\n\t\t\t\t<div class=\"slideshow_slide slideshow_slide_image\">\r\n\t\t\t\t\t\t\t\t\t\t\t<img src=\"https:\/\/wordpress.derwegderwoelfe.de\/wp-content\/uploads\/2016\/04\/IMG_1570.jpg\" alt=\"IMG_1570\" width=\"800\" height=\"533\" \/>\r\n\t\t\t\t\t\t\t\t\t\t<div class=\"slideshow_description_box slideshow_transparent\">\r\n\t\t\t\t\t\t\t\t\t\t\t\t<div class=\"slideshow_description\">Buchenwald, Blick auf den Nationalpark.<\/div>\t\t\t\t\t<\/div>\r\n\t\t\t\t<\/div>\r\n\r\n\t\t\t\t\t\t<div style=\"clear: both;\"><\/div><\/div><div class=\"slideshow_view\">\r\n\t\t\t\t<div class=\"slideshow_slide slideshow_slide_image\">\r\n\t\t\t\t\t\t\t\t\t\t\t<img src=\"https:\/\/wordpress.derwegderwoelfe.de\/wp-content\/uploads\/2016\/04\/IMG_1584.jpg\" alt=\"IMG_1584\" width=\"800\" height=\"507\" \/>\r\n\t\t\t\t\t\t\t\t\t\t<div class=\"slideshow_description_box slideshow_transparent\">\r\n\t\t\t\t\t\t\t\t\t\t\t\t<div class=\"slideshow_description\">Hier hat ein Reh geschlafen.<\/div>\t\t\t\t\t<\/div>\r\n\t\t\t\t<\/div>\r\n\r\n\t\t\t\t\t\t<div style=\"clear: both;\"><\/div><\/div><div class=\"slideshow_view\">\r\n\t\t\t\t<div class=\"slideshow_slide slideshow_slide_image\">\r\n\t\t\t\t\t\t\t\t\t\t\t<img src=\"https:\/\/wordpress.derwegderwoelfe.de\/wp-content\/uploads\/2016\/04\/IMG_1592.jpg\" alt=\"IMG_1592\" width=\"800\" height=\"923\" \/>\r\n\t\t\t\t\t\t\t\t\t\t<div class=\"slideshow_description_box slideshow_transparent\">\r\n\t\t\t\t\t\t\t\t\t\t\t\t<div class=\"slideshow_description\">Eine Ochidee. Ungeflecktes Knabenkraut.<\/div>\t\t\t\t\t<\/div>\r\n\t\t\t\t<\/div>\r\n\r\n\t\t\t\t\t\t<div style=\"clear: both;\"><\/div><\/div><div class=\"slideshow_view\">\r\n\t\t\t\t<div class=\"slideshow_slide slideshow_slide_image\">\r\n\t\t\t\t\t\t\t\t\t\t\t<img src=\"https:\/\/wordpress.derwegderwoelfe.de\/wp-content\/uploads\/2016\/04\/IMG_1598.jpg\" alt=\"IMG_1598\" width=\"800\" height=\"860\" \/>\r\n\t\t\t\t\t\t\t\t\t\t<div class=\"slideshow_description_box slideshow_transparent\">\r\n\t\t\t\t\t\t\t\t\t\t\t\t<div class=\"slideshow_description\">Die Spuren der Biber.<\/div>\t\t\t\t\t<\/div>\r\n\t\t\t\t<\/div>\r\n\r\n\t\t\t\t\t\t<div style=\"clear: both;\"><\/div><\/div><div class=\"slideshow_view\">\r\n\t\t\t\t<div class=\"slideshow_slide slideshow_slide_image\">\r\n\t\t\t\t\t\t\t\t\t\t\t<img src=\"https:\/\/wordpress.derwegderwoelfe.de\/wp-content\/uploads\/2016\/04\/IMG_1599.jpg\" alt=\"IMG_1599\" width=\"800\" height=\"516\" \/>\r\n\t\t\t\t\t\t\t\t\t\t<div class=\"slideshow_description_box slideshow_transparent\">\r\n\t\t\t\t\t\t\t\t\t\t\t\t<div class=\"slideshow_description\">Hochmoor. Dieses Hochmoor wurde einst von den Russen trocken gelegt. Man hat es wieder wieder umgestaltet, doch dann kamen Biber und haben den Prozess beschleunigt und verbessert.<\/div>\t\t\t\t\t<\/div>\r\n\t\t\t\t<\/div>\r\n\r\n\t\t\t\t\t\t<div style=\"clear: both;\"><\/div><\/div><div class=\"slideshow_view\">\r\n\t\t\t\t<div class=\"slideshow_slide slideshow_slide_image\">\r\n\t\t\t\t\t\t\t\t\t\t\t<img src=\"https:\/\/wordpress.derwegderwoelfe.de\/wp-content\/uploads\/2016\/04\/IMG_1613.jpg\" alt=\"IMG_1613\" width=\"800\" height=\"510\" \/>\r\n\t\t\t\t\t\t\t\t\t\t<div class=\"slideshow_description_box slideshow_transparent\">\r\n\t\t\t\t\t\t\t\t\t\t\t\t<div class=\"slideshow_description\">Die Biber haben den Bah umgeleitet \u00fcber die ehemalge Forststrasse. Dort wo einst der Bach sind jetzt von den Bibern regulierte Seen. Wirklich ein spannender Tag.<\/div>\t\t\t\t\t<\/div>\r\n\t\t\t\t<\/div>\r\n\r\n\t\t\t\t\t\t<div style=\"clear: both;\"><\/div><\/div><div class=\"slideshow_view\">\r\n\t\t\t\t<div class=\"slideshow_slide slideshow_slide_image\">\r\n\t\t\t\t\t\t\t\t\t\t\t<img src=\"https:\/\/wordpress.derwegderwoelfe.de\/wp-content\/uploads\/2016\/04\/IMG_1615.jpg\" alt=\"IMG_1615\" width=\"800\" height=\"533\" \/>\r\n\t\t\t\t\t\t\t\t\t\t<div class=\"slideshow_description_box slideshow_transparent\">\r\n\t\t\t\t\t\t\t\t\t\t\t\t<div class=\"slideshow_description\">Hier erkennt man in der Mitte die Biberburg umgeben von den neuen dem aufgestauten Wasser wo einst der Bach floss.<\/div>\t\t\t\t\t<\/div>\r\n\t\t\t\t<\/div>\r\n\r\n\t\t\t\t\t\t<div style=\"clear: both;\"><\/div><\/div><div class=\"slideshow_view\">\r\n\t\t\t\t<div class=\"slideshow_slide slideshow_slide_image\">\r\n\t\t\t\t\t\t\t\t\t\t\t<img src=\"https:\/\/wordpress.derwegderwoelfe.de\/wp-content\/uploads\/2016\/04\/DSCN3230.jpg\" alt=\"DSCN3230\" width=\"800\" height=\"600\" \/>\r\n\t\t\t\t\t\t\t\t\t\t<div class=\"slideshow_description_box slideshow_transparent\">\r\n\t\t\t\t\t\t\t\t\t\t\t\t<div class=\"slideshow_description\">lokales Restaurant. Eine Art Holzkuppel ohne Fenster, gem\u00fctliche Simmung. Das Essen war auch gut.<\/div>\t\t\t\t\t<\/div>\r\n\t\t\t\t<\/div>\r\n\r\n\t\t\t\t\t\t<div style=\"clear: both;\"><\/div><\/div><div class=\"slideshow_view\">\r\n\t\t\t\t<div class=\"slideshow_slide slideshow_slide_image\">\r\n\t\t\t\t\t\t\t\t\t\t\t<img src=\"https:\/\/wordpress.derwegderwoelfe.de\/wp-content\/uploads\/2016\/04\/IMG_1651.jpg\" alt=\"IMG_1651\" width=\"800\" height=\"611\" \/>\r\n\t\t\t\t\t\t\t\t\t\t<div class=\"slideshow_description_box slideshow_transparent\">\r\n\t\t\t\t\t\t\t\t\t\t\t\t<div class=\"slideshow_description\">Baumst\u00fcmpfe sind auch immer Kunstwerke und sehen aus wir Burgruinen.<\/div>\t\t\t\t\t<\/div>\r\n\t\t\t\t<\/div>\r\n\r\n\t\t\t\t\t\t<div style=\"clear: both;\"><\/div><\/div><div class=\"slideshow_view\">\r\n\t\t\t\t<div class=\"slideshow_slide slideshow_slide_image\">\r\n\t\t\t\t\t\t\t\t\t\t\t<img src=\"https:\/\/wordpress.derwegderwoelfe.de\/wp-content\/uploads\/2016\/04\/IMG_1661.jpg\" alt=\"IMG_1661\" width=\"800\" height=\"330\" \/>\r\n\t\t\t\t\t\t\t\t\t\t<div class=\"slideshow_description_box slideshow_transparent\">\r\n\t\t\t\t\t\t\t\t\t\t\t\t<div class=\"slideshow_description\">Der See an dem wir \u00fcbernachten konnten fr\u00fch morgens im ersten Sonnenlicht. Der See ist auch ein Highlight im Nationalpark Synevyr.<\/div>\t\t\t\t\t<\/div>\r\n\t\t\t\t<\/div>\r\n\r\n\t\t\t\t\t\t<div style=\"clear: both;\"><\/div><\/div><div class=\"slideshow_view\">\r\n\t\t\t\t<div class=\"slideshow_slide slideshow_slide_image\">\r\n\t\t\t\t\t\t\t\t\t\t\t<img src=\"https:\/\/wordpress.derwegderwoelfe.de\/wp-content\/uploads\/2016\/04\/IMG_1670.jpg\" alt=\"IMG_1670\" width=\"800\" height=\"391\" \/>\r\n\t\t\t\t\t\t\t\t\t\t<div class=\"slideshow_description_box slideshow_transparent\">\r\n\t\t\t\t\t\t\t\t\t\t\t\t<div class=\"slideshow_description\">\u00dcber diese Berge im Hintergrund bin ich 2005 auf meiner gro\u00dfen Expedition von Rum\u00e4nien bis nach Deutschland gewandert.<\/div>\t\t\t\t\t<\/div>\r\n\t\t\t\t<\/div>\r\n\r\n\t\t\t\t\t\t<div style=\"clear: both;\"><\/div><\/div>\r\n\t\t<\/div>\r\n\r\n\t\t<div class=\"slideshow_controlPanel slideshow_transparent\" style=\"display: none;\"><ul><li class=\"slideshow_togglePlay\" data-play-text=\"Abspielen\" data-pause-text=\"Pause\"><\/li><\/ul><\/div>\r\n\r\n\t\t<div class=\"slideshow_button slideshow_previous slideshow_transparent\" role=\"button\" data-previous-text=\"Zur\u00fcck\" style=\"display: none;\"><\/div>\r\n\t\t<div class=\"slideshow_button slideshow_next slideshow_transparent\" role=\"button\" data-next-text=\"N\u00e4chstes\" style=\"display: none;\"><\/div>\r\n\r\n\t\t<div class=\"slideshow_pagination\" style=\"display: none;\" data-go-to-text=\"Gehe zum Bild\"><div class=\"slideshow_pagination_center\"><\/div><\/div>\r\n\r\n\t\t<!-- WordPress Slideshow Version 2.3.1 -->\r\n\r\n\t\t\t<\/div>\r\n\r\n<\/p>\n<p>Auf dem R\u00fcckweg am ersten Tag ist uns aufgefallen, dass es hier \u00fcberall Buchen gibt und ein recht wenig genutztes Tal. Bei uns w\u00fcrde man hier sicher viele Reh und Wildschweinpuren finden k\u00f6nnen. Hier nur sehr wenige. Dieser Eindruck begleitet uns in der gesamten Zeit. Nur in sehr steilen Hanglagen schwerer zug\u00e4nglichen Gebieten haben wir entsprechend h\u00e4ufige Spuren von Hirsch, Wildschwein und Reh gefunden. Diesen Eindruck hatte ich schon auf meiner Expedition 2005, als ich durch die Ukraine gewandert bin. In der gesamten Woche habe ich keine einzige Spur von B\u00e4ren gefunden. Ganz im Gegensatz zu Rum\u00e4nien. Das bedeutet nicht, dass es keine B\u00e4ren, Hirsche, Rehe, W\u00f6lfe, Luchse oder andere Wildtiere gibt. Aber es sind weniger und\/oder sie sind deutlich vorsichtiger.<\/p>\n<p>&nbsp;<\/p>\n<h2>Rum\u00e4nien: 3 Wochen Erlebnisse und Abenteuer mit drei Gruppen.<\/h2>\n<div id=\"attachment_1083\" style=\"width: 810px\" class=\"wp-caption alignnone\"><a href=\"https:\/\/wordpress.derwegderwoelfe.de\/wp-content\/uploads\/2016\/04\/DSCN3034.jpg\" rel=\"attachment wp-att-1083\"><img loading=\"lazy\" decoding=\"async\" aria-describedby=\"caption-attachment-1083\" class=\"wp-image-1083 size-full\" src=\"https:\/\/wordpress.derwegderwoelfe.de\/wp-content\/uploads\/2016\/04\/DSCN3034.jpg\" alt=\"DSCN3034\" width=\"800\" height=\"313\" srcset=\"https:\/\/wordpress.derwegderwoelfe.de\/wp-content\/uploads\/2016\/04\/DSCN3034.jpg 800w, https:\/\/wordpress.derwegderwoelfe.de\/wp-content\/uploads\/2016\/04\/DSCN3034-300x117.jpg 300w, https:\/\/wordpress.derwegderwoelfe.de\/wp-content\/uploads\/2016\/04\/DSCN3034-768x300.jpg 768w, https:\/\/wordpress.derwegderwoelfe.de\/wp-content\/uploads\/2016\/04\/DSCN3034-500x196.jpg 500w\" sizes=\"auto, (max-width: 800px) 100vw, 800px\" \/><\/a><p id=\"caption-attachment-1083\" class=\"wp-caption-text\">Pause auf der Alm mit Blick auf den Piatra Craiului.<\/p><\/div>\n\r\n\t<div class=\"slideshow_container slideshow_container_style-dark\" style=\"height: 400px; \" data-slideshow-id=\"1156\" data-style-name=\"style-dark\" data-style-version=\"2.3.1\" >\r\n\r\n\t\t\t\t\t<div class=\"slideshow_loading_icon\"><\/div>\r\n\t\t\r\n\t\t<div class=\"slideshow_content\" style=\"display: none;\">\r\n\r\n\t\t\t<div class=\"slideshow_view\">\r\n\t\t\t\t<div class=\"slideshow_slide slideshow_slide_image\">\r\n\t\t\t\t\t\t\t\t\t\t\t<img src=\"https:\/\/wordpress.derwegderwoelfe.de\/wp-content\/uploads\/2016\/04\/DSCN3148.jpg\" alt=\"DSCN3148\" width=\"800\" height=\"600\" \/>\r\n\t\t\t\t\t\t\t\t\t\t<div class=\"slideshow_description_box slideshow_transparent\">\r\n\t\t\t\t\t\t\t\t\t\t\t\t<div class=\"slideshow_description\">In der Pause roch es streng, als der Wind gedreht hat. Die Suche nach der Quelle ergab einen Wolfshaufen.<\/div>\t\t\t\t\t<\/div>\r\n\t\t\t\t<\/div>\r\n\r\n\t\t\t\t\t\t<div style=\"clear: both;\"><\/div><\/div><div class=\"slideshow_view\">\r\n\t\t\t\t<div class=\"slideshow_slide slideshow_slide_image\">\r\n\t\t\t\t\t\t\t\t\t\t\t<img src=\"https:\/\/wordpress.derwegderwoelfe.de\/wp-content\/uploads\/2016\/04\/DSCN3149.jpg\" alt=\"DSCN3149\" width=\"800\" height=\"600\" \/>\r\n\t\t\t\t\t\t\t\t\t\t<div class=\"slideshow_description_box slideshow_transparent\">\r\n\t\t\t\t\t\t\t\t\t\t\t\t<div class=\"slideshow_description\">Bach\u00fcberquerung. Die Steine sind rutschig und das Wasser tief um in den Schuh von oben laufen zu k\u00f6nnen. Shira hat\u2019s leicht.<\/div>\t\t\t\t\t<\/div>\r\n\t\t\t\t<\/div>\r\n\r\n\t\t\t\t\t\t<div style=\"clear: both;\"><\/div><\/div><div class=\"slideshow_view\">\r\n\t\t\t\t<div class=\"slideshow_slide slideshow_slide_image\">\r\n\t\t\t\t\t\t\t\t\t\t\t<img src=\"https:\/\/wordpress.derwegderwoelfe.de\/wp-content\/uploads\/2016\/04\/DSCN3153.jpg\" alt=\"Zur\u00fcck auf dem Forstweg fanden wir dann noch die B\u00e4renspuren.\" width=\"800\" height=\"1307\" \/>\r\n\t\t\t\t\t\t\t\t\t\t<div class=\"slideshow_description_box slideshow_transparent\">\r\n\t\t\t\t\t\t<div class=\"slideshow_title\">Zur\u00fcck auf dem Forstweg fanden wir dann noch die B\u00e4renspuren.<\/div>\t\t\t\t\t\t\t\t\t\t\t<\/div>\r\n\t\t\t\t<\/div>\r\n\r\n\t\t\t\t\t\t<div style=\"clear: both;\"><\/div><\/div><div class=\"slideshow_view\">\r\n\t\t\t\t<div class=\"slideshow_slide slideshow_slide_image\">\r\n\t\t\t\t\t\t\t\t\t\t\t<img src=\"https:\/\/wordpress.derwegderwoelfe.de\/wp-content\/uploads\/2016\/04\/IMG_1519.jpg\" alt=\"IMG_1519\" width=\"800\" height=\"519\" \/>\r\n\t\t\t\t\t\t\t\t\t\t<div class=\"slideshow_description_box slideshow_transparent\">\r\n\t\t\t\t\t\t\t\t\t\t\t\t<div class=\"slideshow_description\">Die Geruchsprobe best\u00e4tigte den Verdacht auf Wolf. Es waren wieder die Haare der Widschweine darin zu finden.<\/div>\t\t\t\t\t<\/div>\r\n\t\t\t\t<\/div>\r\n\r\n\t\t\t\t\t\t<div style=\"clear: both;\"><\/div><\/div><div class=\"slideshow_view\">\r\n\t\t\t\t<div class=\"slideshow_slide slideshow_slide_image\">\r\n\t\t\t\t\t\t\t\t\t\t\t<img src=\"https:\/\/wordpress.derwegderwoelfe.de\/wp-content\/uploads\/2016\/04\/DSCN3058.jpg\" alt=\"B\u00e4renhaare\" width=\"800\" height=\"600\" \/>\r\n\t\t\t\t\t\t\t\t\t\t<div class=\"slideshow_description_box slideshow_transparent\">\r\n\t\t\t\t\t\t<div class=\"slideshow_title\">B\u00e4renhaare<\/div>\t\t\t\t\t\t\t\t\t\t\t<\/div>\r\n\t\t\t\t<\/div>\r\n\r\n\t\t\t\t\t\t<div style=\"clear: both;\"><\/div><\/div><div class=\"slideshow_view\">\r\n\t\t\t\t<div class=\"slideshow_slide slideshow_slide_image\">\r\n\t\t\t\t\t\t\t\t\t\t\t<img src=\"https:\/\/wordpress.derwegderwoelfe.de\/wp-content\/uploads\/2016\/04\/DSCN3062.jpg\" alt=\"Lagerabbau bei Regen\" width=\"800\" height=\"529\" \/>\r\n\t\t\t\t\t\t\t\t\t\t<div class=\"slideshow_description_box slideshow_transparent\">\r\n\t\t\t\t\t\t<div class=\"slideshow_title\">Lagerabbau bei Regen<\/div>\t\t\t\t\t\t\t\t\t\t\t<\/div>\r\n\t\t\t\t<\/div>\r\n\r\n\t\t\t\t\t\t<div style=\"clear: both;\"><\/div><\/div><div class=\"slideshow_view\">\r\n\t\t\t\t<div class=\"slideshow_slide slideshow_slide_image\">\r\n\t\t\t\t\t\t\t\t\t\t\t<img src=\"https:\/\/wordpress.derwegderwoelfe.de\/wp-content\/uploads\/2016\/04\/DSCN3026.jpg\" alt=\"Eine Wolfspur, gute 12cm lang.\" width=\"800\" height=\"539\" \/>\r\n\t\t\t\t\t\t\t\t\t\t<div class=\"slideshow_description_box slideshow_transparent\">\r\n\t\t\t\t\t\t<div class=\"slideshow_title\">Eine Wolfspur, gute 12cm lang.<\/div>\t\t\t\t\t\t\t\t\t\t\t<\/div>\r\n\t\t\t\t<\/div>\r\n\r\n\t\t\t\t\t\t<div style=\"clear: both;\"><\/div><\/div><div class=\"slideshow_view\">\r\n\t\t\t\t<div class=\"slideshow_slide slideshow_slide_image\">\r\n\t\t\t\t\t\t\t\t\t\t\t<img src=\"https:\/\/wordpress.derwegderwoelfe.de\/wp-content\/uploads\/2016\/04\/DSCN3048.jpg\" alt=\"DSCN3048\" width=\"800\" height=\"595\" \/>\r\n\t\t\t\t\t\t\t\t\t\t<div class=\"slideshow_description_box slideshow_transparent\">\r\n\t\t\t\t\t\t<div class=\"slideshow_title\">DSCN3048<\/div>\t\t\t\t\t\t<div class=\"slideshow_description\">Rinder haben meist freien Ausgang. Hier ein Kalb auf der Talstrasse. W\u00f6lfe und B\u00e4ren sind rings herum in den W\u00e4ldern. Offene Weidetierhaltung trotz gro\u00dfer Beutegreifer. Das geht, man muss lernen wie, nat\u00fcrlich nicht frei von Konflikten.<\/div>\t\t\t\t\t<\/div>\r\n\t\t\t\t<\/div>\r\n\r\n\t\t\t\t\t\t<div style=\"clear: both;\"><\/div><\/div><div class=\"slideshow_view\">\r\n\t\t\t\t<div class=\"slideshow_slide slideshow_slide_image\">\r\n\t\t\t\t\t\t\t\t\t\t\t<img src=\"https:\/\/wordpress.derwegderwoelfe.de\/wp-content\/uploads\/2016\/04\/DSCN3086.jpg\" alt=\"Wir hatten sogar Neuschnee runter bis auf etwa 1350m.\" width=\"800\" height=\"334\" \/>\r\n\t\t\t\t\t\t\t\t\t\t<div class=\"slideshow_description_box slideshow_transparent\">\r\n\t\t\t\t\t\t<div class=\"slideshow_title\">Wir hatten sogar Neuschnee runter bis auf etwa 1350m.<\/div>\t\t\t\t\t\t\t\t\t\t\t<\/div>\r\n\t\t\t\t<\/div>\r\n\r\n\t\t\t\t\t\t<div style=\"clear: both;\"><\/div><\/div><div class=\"slideshow_view\">\r\n\t\t\t\t<div class=\"slideshow_slide slideshow_slide_image\">\r\n\t\t\t\t\t\t\t\t\t\t\t<img src=\"https:\/\/wordpress.derwegderwoelfe.de\/wp-content\/uploads\/2016\/04\/IMG_1449.jpg\" alt=\"IMG_1449\" width=\"800\" height=\"659\" \/>\r\n\t\t\t\t\t\t\t\t\t\t<div class=\"slideshow_description_box slideshow_transparent\">\r\n\t\t\t\t\t\t\t\t\t\t\t\t<div class=\"slideshow_description\">Den Rehbock habe ich vom Tarplager aus fotographiert. Es waren drei Rehe die schon in der Nacht um unser Lager herumgelaufen sind.<\/div>\t\t\t\t\t<\/div>\r\n\t\t\t\t<\/div>\r\n\r\n\t\t\t\t\t\t<div style=\"clear: both;\"><\/div><\/div><div class=\"slideshow_view\">\r\n\t\t\t\t<div class=\"slideshow_slide slideshow_slide_image\">\r\n\t\t\t\t\t\t\t\t\t\t\t<img src=\"https:\/\/wordpress.derwegderwoelfe.de\/wp-content\/uploads\/2016\/04\/IMG_1462.jpg\" alt=\"IMG_1462\" width=\"800\" height=\"533\" \/>\r\n\t\t\t\t\t\t\t\t\t\t<div class=\"slideshow_description_box slideshow_transparent\">\r\n\t\t\t\t\t\t\t\t\t\t\t\t<div class=\"slideshow_description\">Es hat in der gesamten Nacht geregnet. Eigentlich war es unterm Tarp trocken, allerdings hatten wir einen ung\u00fcnstigen Platz mit festem Boden am leichten Hang. Dadurch ist das Wasser unter das Tarp und unter die Isomatten geflossen.<\/div>\t\t\t\t\t<\/div>\r\n\t\t\t\t<\/div>\r\n\r\n\t\t\t\t\t\t<div style=\"clear: both;\"><\/div><\/div><div class=\"slideshow_view\">\r\n\t\t\t\t<div class=\"slideshow_slide slideshow_slide_image\">\r\n\t\t\t\t\t\t\t\t\t\t\t<img src=\"https:\/\/wordpress.derwegderwoelfe.de\/wp-content\/uploads\/2016\/04\/DSCN3113.jpg\" alt=\"DSCN3113\" width=\"800\" height=\"600\" \/>\r\n\t\t\t\t\t\t\t\t\t\t<div class=\"slideshow_description_box slideshow_transparent\">\r\n\t\t\t\t\t\t\t\t\t\t\t\t<div class=\"slideshow_description\">Hier sind gerade zwei Hrische vorbeigelaufen. Ich war noch hinten und musste stehen bleiben und hatte wegen dem Schneefall nur meine kleine Kamera zur Hand.<\/div>\t\t\t\t\t<\/div>\r\n\t\t\t\t<\/div>\r\n\r\n\t\t\t\t\t\t<div style=\"clear: both;\"><\/div><\/div><div class=\"slideshow_view\">\t<div style=\"clear: both;\"><\/div><\/div><div class=\"slideshow_view\">\r\n\t\t\t\t<div class=\"slideshow_slide slideshow_slide_image\">\r\n\t\t\t\t\t\t\t\t\t\t\t<img src=\"https:\/\/wordpress.derwegderwoelfe.de\/wp-content\/uploads\/2016\/04\/IMG_1500.jpg\" alt=\"Eichelh\u00e4her im Anflug auf den Stein.\" width=\"640\" height=\"444\" \/>\r\n\t\t\t\t\t\t\t\t\t\t<div class=\"slideshow_description_box slideshow_transparent\">\r\n\t\t\t\t\t\t<div class=\"slideshow_title\">Eichelh\u00e4her im Anflug auf den Stein.<\/div>\t\t\t\t\t\t\t\t\t\t\t<\/div>\r\n\t\t\t\t<\/div>\r\n\r\n\t\t\t\t\t\t<div style=\"clear: both;\"><\/div><\/div><div class=\"slideshow_view\">\r\n\t\t\t\t<div class=\"slideshow_slide slideshow_slide_image\">\r\n\t\t\t\t\t\t\t\t\t\t\t<img src=\"https:\/\/wordpress.derwegderwoelfe.de\/wp-content\/uploads\/2016\/04\/IMG_1512.jpg\" alt=\"Magura, Bauern bei der Feldarbeit.\" width=\"800\" height=\"520\" \/>\r\n\t\t\t\t\t\t\t\t\t\t<div class=\"slideshow_description_box slideshow_transparent\">\r\n\t\t\t\t\t\t<div class=\"slideshow_title\">Magura, Bauern bei der Feldarbeit.<\/div>\t\t\t\t\t\t\t\t\t\t\t<\/div>\r\n\t\t\t\t<\/div>\r\n\r\n\t\t\t\t\t\t<div style=\"clear: both;\"><\/div><\/div><div class=\"slideshow_view\">\r\n\t\t\t\t<div class=\"slideshow_slide slideshow_slide_image\">\r\n\t\t\t\t\t\t\t\t\t\t\t<img src=\"https:\/\/wordpress.derwegderwoelfe.de\/wp-content\/uploads\/2016\/04\/DSCN3118.jpg\" alt=\"DSCN3118  In der Schlucht bei Zarnesti.\" width=\"800\" height=\"1223\" \/>\r\n\t\t\t\t\t\t\t\t\t\t<div class=\"slideshow_description_box slideshow_transparent\">\r\n\t\t\t\t\t\t<div class=\"slideshow_title\">DSCN3118  In der Schlucht bei Zarnesti.<\/div>\t\t\t\t\t\t\t\t\t\t\t<\/div>\r\n\t\t\t\t<\/div>\r\n\r\n\t\t\t\t\t\t<div style=\"clear: both;\"><\/div><\/div><div class=\"slideshow_view\">\r\n\t\t\t\t<div class=\"slideshow_slide slideshow_slide_image\">\r\n\t\t\t\t\t\t\t\t\t\t\t<img src=\"https:\/\/wordpress.derwegderwoelfe.de\/wp-content\/uploads\/2016\/04\/DSCN3127.jpg\" alt=\"Aufstieg zu den Almwiesen. Piatra Craiului Nationalpark.\" width=\"800\" height=\"600\" \/>\r\n\t\t\t\t\t\t\t\t\t\t<div class=\"slideshow_description_box slideshow_transparent\">\r\n\t\t\t\t\t\t<div class=\"slideshow_title\">Aufstieg zu den Almwiesen. Piatra Craiului Nationalpark.<\/div>\t\t\t\t\t\t\t\t\t\t\t<\/div>\r\n\t\t\t\t<\/div>\r\n\r\n\t\t\t\t\t\t<div style=\"clear: both;\"><\/div><\/div><div class=\"slideshow_view\">\r\n\t\t\t\t<div class=\"slideshow_slide slideshow_slide_image\">\r\n\t\t\t\t\t\t\t\t\t\t\t<img src=\"https:\/\/wordpress.derwegderwoelfe.de\/wp-content\/uploads\/2016\/04\/DSCN3134.jpg\" alt=\"DSCN3134\" width=\"800\" height=\"551\" \/>\r\n\t\t\t\t\t\t\t\t\t\t<div class=\"slideshow_description_box slideshow_transparent\">\r\n\t\t\t\t\t\t\t\t\t\t\t\t<div class=\"slideshow_description\">Hier haben wir auf den Almwiesen eine Wolfslosung gefunden mit lauter Haaren der Wildschweine.<\/div>\t\t\t\t\t<\/div>\r\n\t\t\t\t<\/div>\r\n\r\n\t\t\t\t\t\t<div style=\"clear: both;\"><\/div><\/div><div class=\"slideshow_view\">\r\n\t\t\t\t<div class=\"slideshow_slide slideshow_slide_image\">\r\n\t\t\t\t\t\t\t\t\t\t\t<img src=\"https:\/\/wordpress.derwegderwoelfe.de\/wp-content\/uploads\/2016\/04\/DSCN3139.jpg\" alt=\"DSCN3139\" width=\"800\" height=\"577\" \/>\r\n\t\t\t\t\t\t\t\t\t\t<div class=\"slideshow_description_box slideshow_transparent\">\r\n\t\t\t\t\t\t\t\t\t\t\t\t<div class=\"slideshow_description\">Wir sind hier auf dem Weg bei Magura (NLP Piatra Craiului) und haben die Spuren eines B\u00e4ren direkt am Zaun oberhalb der Wiesen und H\u00e4user gefunden. Derzeit sind die meisten Weidetiere noch in Dorfn\u00e4he.<\/div>\t\t\t\t\t<\/div>\r\n\t\t\t\t<\/div>\r\n\r\n\t\t\t\t\t\t<div style=\"clear: both;\"><\/div><\/div><div class=\"slideshow_view\">\r\n\t\t\t\t<div class=\"slideshow_slide slideshow_slide_image\">\r\n\t\t\t\t\t\t\t\t\t\t\t<img src=\"https:\/\/wordpress.derwegderwoelfe.de\/wp-content\/uploads\/2016\/04\/DSCN3140.jpg\" alt=\"DSCN3140\" width=\"800\" height=\"535\" \/>\r\n\t\t\t\t\t\t\t\t\t\t<div class=\"slideshow_description_box slideshow_transparent\">\r\n\t\t\t\t\t\t<div class=\"slideshow_title\">DSCN3140<\/div>\t\t\t\t\t\t<div class=\"slideshow_description\">Eine kleine Rinderherde ohne Zaun trotz der W\u00f6lfe, B\u00e4ren und Luchse die hier leben. Die W\u00f6lfe gehen nur sehr selten an die Rinder, wenn dann an K\u00e4lber die abseits stehen. Sehr selten. Die B\u00e4ren greifen gelegentlich erwchsene Rinder an. In der Nacht sind die Rinder, Schafe und andere Nutztiere im Stall.<\/div>\t\t\t\t\t<\/div>\r\n\t\t\t\t<\/div>\r\n\r\n\t\t\t\t\t\t<div style=\"clear: both;\"><\/div><\/div><div class=\"slideshow_view\">\r\n\t\t\t\t<div class=\"slideshow_slide slideshow_slide_image\">\r\n\t\t\t\t\t\t\t\t\t\t\t<img src=\"https:\/\/wordpress.derwegderwoelfe.de\/wp-content\/uploads\/2016\/04\/DSCN3145.jpg\" alt=\"Zarnesti in der Morgensonne aus dem Zimmer der Pension Elena.\" width=\"800\" height=\"600\" \/>\r\n\t\t\t\t\t\t\t\t\t\t<div class=\"slideshow_description_box slideshow_transparent\">\r\n\t\t\t\t\t\t<div class=\"slideshow_title\">Zarnesti in der Morgensonne aus dem Zimmer der Pension Elena.<\/div>\t\t\t\t\t\t\t\t\t\t\t<\/div>\r\n\t\t\t\t<\/div>\r\n\r\n\t\t\t\t\t\t<div style=\"clear: both;\"><\/div><\/div>\r\n\t\t<\/div>\r\n\r\n\t\t<div class=\"slideshow_controlPanel slideshow_transparent\" style=\"display: none;\"><ul><li class=\"slideshow_togglePlay\" data-play-text=\"Abspielen\" data-pause-text=\"Pause\"><\/li><\/ul><\/div>\r\n\r\n\t\t<div class=\"slideshow_button slideshow_previous slideshow_transparent\" role=\"button\" data-previous-text=\"Zur\u00fcck\" style=\"display: none;\"><\/div>\r\n\t\t<div class=\"slideshow_button slideshow_next slideshow_transparent\" role=\"button\" data-next-text=\"N\u00e4chstes\" style=\"display: none;\"><\/div>\r\n\r\n\t\t<div class=\"slideshow_pagination\" style=\"display: none;\" data-go-to-text=\"Gehe zum Bild\"><div class=\"slideshow_pagination_center\"><\/div><\/div>\r\n\r\n\t\t<!-- WordPress Slideshow Version 2.3.1 -->\r\n\r\n\t\t\t<\/div>\r\n\r\n\n<p>In Rum\u00e4nien haben wir mal wieder in allen drei Wochen ein typischen Aprilwetter erlebt. Von Sonne bis Regen und Schneefall. Wildtierspuren haben wir jeden Tag gefunden. Fast jeden Tag auch Spuren der B\u00e4ren. Die Hinweise der W\u00f6lfe sind da schon nicht mehr st\u00e4ndig zu finden, doch in jeder Woche konnte ich weitere Spuren oder andere Hinweise auf die Anwesenheit der W\u00f6lfe finden. Da hingegen sind die Spuren der Luchse dann wirklich schwer auszumachen. Gleich am ersten Tag hatten wir eine undeutliche Spur die zum Luchs passen k\u00f6nnte. Ansonsten haben wir dank Shira ein paar Markierungen gefunden. Dort hat ein Luchs an Felsen und an einem Baum markiert. Es hat sich auf jeden Fall wieder gelohnt.<\/p>\n<p>&nbsp;<\/p>\n","protected":false},"excerpt":{"rendered":"<p>Ukraine Am 1.Mai bin ich in der Ukraine angekommen. Zun\u00e4chst waren wir im Nationalpark Zacharovanjy Kraj. Mariana vom ukrainischen ESW Team (Euorpean Wilderness Society) war unsere Dolmetscherin und sehr gut Deutsch gesprochen. Eine Woche war ich in der Ukraine unterwegs &hellip; <a class=\"more-link\" href=\"https:\/\/wordpress.derwegderwoelfe.de\/?page_id=1074\">Weiterlesen <span class=\"meta-nav\">&rarr;<\/span><\/a><\/p>\n","protected":false},"author":1,"featured_media":0,"parent":0,"menu_order":0,"comment_status":"closed","ping_status":"closed","template":"","meta":{"footnotes":""},"class_list":["post-1074","page","type-page","status-publish","hentry"],"_links":{"self":[{"href":"https:\/\/wordpress.derwegderwoelfe.de\/index.php?rest_route=\/wp\/v2\/pages\/1074","targetHints":{"allow":["GET"]}}],"collection":[{"href":"https:\/\/wordpress.derwegderwoelfe.de\/index.php?rest_route=\/wp\/v2\/pages"}],"about":[{"href":"https:\/\/wordpress.derwegderwoelfe.de\/index.php?rest_route=\/wp\/v2\/types\/page"}],"author":[{"embeddable":true,"href":"https:\/\/wordpress.derwegderwoelfe.de\/index.php?rest_route=\/wp\/v2\/users\/1"}],"replies":[{"embeddable":true,"href":"https:\/\/wordpress.derwegderwoelfe.de\/index.php?rest_route=%2Fwp%2Fv2%2Fcomments&post=1074"}],"version-history":[{"count":35,"href":"https:\/\/wordpress.derwegderwoelfe.de\/index.php?rest_route=\/wp\/v2\/pages\/1074\/revisions"}],"predecessor-version":[{"id":1161,"href":"https:\/\/wordpress.derwegderwoelfe.de\/index.php?rest_route=\/wp\/v2\/pages\/1074\/revisions\/1161"}],"wp:attachment":[{"href":"https:\/\/wordpress.derwegderwoelfe.de\/index.php?rest_route=%2Fwp%2Fv2%2Fmedia&parent=1074"}],"curies":[{"name":"wp","href":"https:\/\/api.w.org\/{rel}","templated":true}]}}