{"id":1397,"date":"2016-08-12T21:14:27","date_gmt":"2016-08-12T20:14:27","guid":{"rendered":"http:\/\/wordpress.derwegderwoelfe.de\/?page_id=1397"},"modified":"2016-09-02T08:39:10","modified_gmt":"2016-09-02T07:39:10","slug":"tagebuch-expedition-2016","status":"publish","type":"page","link":"https:\/\/wordpress.derwegderwoelfe.de\/?page_id=1397","title":{"rendered":"Tagebuch Expedition 2016"},"content":{"rendered":"<p>Der Weg der W\u00f6lfe Tagebuch 2016 Slowenien\/Kroatien<\/p>\n<h4>Montag 8.August<\/h4>\n<p><a href=\"https:\/\/wordpress.derwegderwoelfe.de\/wp-content\/uploads\/2016\/08\/IMG_1863.jpg\"><img loading=\"lazy\" decoding=\"async\" class=\"size-medium wp-image-1401 alignleft\" src=\"https:\/\/wordpress.derwegderwoelfe.de\/wp-content\/uploads\/2016\/08\/IMG_1863-300x200.jpg\" alt=\"IMG_1863\" width=\"300\" height=\"200\" srcset=\"https:\/\/wordpress.derwegderwoelfe.de\/wp-content\/uploads\/2016\/08\/IMG_1863-300x200.jpg 300w, https:\/\/wordpress.derwegderwoelfe.de\/wp-content\/uploads\/2016\/08\/IMG_1863-450x300.jpg 450w, https:\/\/wordpress.derwegderwoelfe.de\/wp-content\/uploads\/2016\/08\/IMG_1863.jpg 640w\" sizes=\"auto, (max-width: 300px) 100vw, 300px\" \/><\/a> Um 6 Uhr morgens bin ich aufgestanden und hab zun\u00e4chst eine Runde mit Shira gedreht. Das war jetzt die letzte Nacht im eigenen Bett f\u00fcr mindestens 3 Wochen. Eigentlich ist die geplante Expedition sehr kurz mit nur 20 Tagen. Martin und Mona, die wiederum das Backup Team machen sind am Freitag angekommen. Das Auto ist zum gr\u00f6\u00dften Teil schon gepackt im Prinzip fehlen nur noch meine Sachen und die restlichen Lebensmittel aus meiner K\u00fcche. Es wird heute sehr warm werden und wir m\u00fcssen ungef\u00e4hr 710km fahren bis ins erste Zielgebiet. Anfangen m\u00f6chte ich in \u00d6sterreich bei Pockau mit einem Sichtung der Gr\u00fcnbr\u00fccke. Gegen 8:20 waren wie soweit und es ging los. Bis auf einigen k\u00fcrzere Staus war die fahrt relativ normal \u00fcber Autobahnen bis nach Villach. Kurz vor P\u00f6ckau habe ich getankt. Verbrauch etwa 8l\/100km. A<a href=\"https:\/\/wordpress.derwegderwoelfe.de\/wp-content\/uploads\/2016\/08\/IMG_1870.jpg\"><img loading=\"lazy\" decoding=\"async\" class=\"size-medium wp-image-1402 alignright\" src=\"https:\/\/wordpress.derwegderwoelfe.de\/wp-content\/uploads\/2016\/08\/IMG_1870-300x215.jpg\" alt=\"IMG_1870\" width=\"300\" height=\"215\" srcset=\"https:\/\/wordpress.derwegderwoelfe.de\/wp-content\/uploads\/2016\/08\/IMG_1870-300x215.jpg 300w, https:\/\/wordpress.derwegderwoelfe.de\/wp-content\/uploads\/2016\/08\/IMG_1870-419x300.jpg 419w, https:\/\/wordpress.derwegderwoelfe.de\/wp-content\/uploads\/2016\/08\/IMG_1870.jpg 640w\" sizes=\"auto, (max-width: 300px) 100vw, 300px\" \/><\/a>llerdings waren wir erst um etwa 18 Uhr dort. Nach der langen Fahrt haben wir einen kurzen Spaziergang gemacht um einen ersten Eindruck der Wege und des Waldes zwischen der A2 S\u00fcdautobahn und P\u00f6ckau zu bekommen. Dort befindet sich die besagte Gr\u00fcnbr\u00fccke. Weil es schon sp\u00e4t war und wir noch einen Lagerplatz finden mussten mussten wir dann umkehren. Bei der Sichtung einige Optionen haben wir uns f\u00fcr einen alten abgelegenen Parkplatz entschieden. Direkt an der Eisenbahn. In der gesamten Zeit bis es fast dann dunkel war haben wir nur zwei Z\u00fcge gesehen. Ich haben auf dem Autodach geschlafen, Martin und Mona unterm Tarp neben dem Wagen. Kaum im Bett, kam gef\u00fchlt die ganze Nacht lang ein Zug nach dem anderen. Ich musste mir Ohrst\u00f6psel machen.<\/p>\n<h4>Dienstag 9.August<\/h4>\n<p><a href=\"https:\/\/wordpress.derwegderwoelfe.de\/wp-content\/uploads\/2016\/08\/DSCN3412.jpg\"><img loading=\"lazy\" decoding=\"async\" class=\"size-medium wp-image-1404 alignleft\" src=\"https:\/\/wordpress.derwegderwoelfe.de\/wp-content\/uploads\/2016\/08\/DSCN3412-300x225.jpg\" alt=\"DSCN3412\" width=\"300\" height=\"225\" srcset=\"https:\/\/wordpress.derwegderwoelfe.de\/wp-content\/uploads\/2016\/08\/DSCN3412-300x225.jpg 300w, https:\/\/wordpress.derwegderwoelfe.de\/wp-content\/uploads\/2016\/08\/DSCN3412-400x300.jpg 400w, https:\/\/wordpress.derwegderwoelfe.de\/wp-content\/uploads\/2016\/08\/DSCN3412.jpg 640w\" sizes=\"auto, (max-width: 300px) 100vw, 300px\" \/><\/a> Um 6 Uhr bin ich aufgestanden und mit der Shira bis zur Gr\u00fcnbr\u00fccke gelaufen. Das waren insgesamt hin und zur\u00fcck etwa 6km. Ich konnte zwar einige Wildwechsel erkennen, auch auf der Gr\u00fcnbr\u00fccke aber ansonsten nicht viel mehr. Um 7:30 war ich zur\u00fcck. Nach dem Fr\u00fchst\u00fcck sind wir noch eben ein paar Kleinigkeiten einkaufen gegangen und dann \u00fcber den Wurzenpass nach Slowenien gefahren. Gegen\u00fcber vom Triglav Nationalpark, zur Grenze hin sind wir in ein kleines Dorf hoch gefahren. Von dort habe ich dann meine ersten Erkundungstouren begonnen. Zun\u00e4chst bis auf etwa 1500m hoch entlang des Alpen\/Adria Wanderwegs. Dann noch eine kurze Tour ohne Shira zu einem Gebirgsbach. Am Parkplatz selber standen gleich mehrere M\u00fcllcontainer, und auf den Weiden einige Rinder und Ziegen. Am Bach habe ich ein paar Spuren von Hirschen gefunden und unterwegs eine Futterraufe. Die gesamte Region ist f\u00fcr Wolf, B\u00e4r und Luchs geeignet. <a href=\"https:\/\/wordpress.derwegderwoelfe.de\/wp-content\/uploads\/2016\/08\/DSCN3414.jpg\"><img loading=\"lazy\" decoding=\"async\" class=\"size-medium wp-image-1405 alignright\" src=\"https:\/\/wordpress.derwegderwoelfe.de\/wp-content\/uploads\/2016\/08\/DSCN3414-300x195.jpg\" alt=\"DSCN3414\" width=\"300\" height=\"195\" srcset=\"https:\/\/wordpress.derwegderwoelfe.de\/wp-content\/uploads\/2016\/08\/DSCN3414-300x195.jpg 300w, https:\/\/wordpress.derwegderwoelfe.de\/wp-content\/uploads\/2016\/08\/DSCN3414-462x300.jpg 462w, https:\/\/wordpress.derwegderwoelfe.de\/wp-content\/uploads\/2016\/08\/DSCN3414.jpg 640w\" sizes=\"auto, (max-width: 300px) 100vw, 300px\" \/><\/a>Ich habe zwar keine Spuren gefunden aber ein Hinweisschild zu den B\u00e4ren. Auch im Nationalpark wird auf B\u00e4r und Luchs hingewiesen. Am Nachmittag zog es zu und es begann zu regnen, eine weitere kurze Tour konnte ich noch machen bevor der Regen kam. Und er kam sehr kr\u00e4ftig. Wir haben uns dann entschieden weiter nach S\u00fcden zu fahren praktisch um den Nationalpark herum. Schwierig war es dann in der Umgebung einen Lagerplatz zu finden. Auf einer kleinen Nebenstrasse hat uns der F\u00f6rster gesagt, dass man hier nirgendwo \u00fcbernachten darf. Der Weg scheint bekannt zu sein. Als wir rausgefahren sind kam noch die Polizei mit drei Fahrzeugen. Wir sind dann durch Bohinj durch und nach S\u00fcden. Dort habe ich dann im Halbdunkeln einen kleinen Platz gefunden. Wir haben dann schnell das Zelt f\u00fcr Mona und Martin aufgebaut und ich mir einen Tarpkonstruktion \u00fcber das Autodach um dort zu schlafen. Um 22Uhr fing es an zu regnen, wieder kr\u00e4ftig mit Gewitter.<\/p>\n<h4>Mittwoch 10.August<\/h4>\n<p><a href=\"https:\/\/wordpress.derwegderwoelfe.de\/wp-content\/uploads\/2016\/08\/DSCN3432.jpg\"><img loading=\"lazy\" decoding=\"async\" class=\"size-medium wp-image-1407 alignleft\" src=\"https:\/\/wordpress.derwegderwoelfe.de\/wp-content\/uploads\/2016\/08\/DSCN3432-300x233.jpg\" alt=\"DSCN3432\" width=\"300\" height=\"233\" srcset=\"https:\/\/wordpress.derwegderwoelfe.de\/wp-content\/uploads\/2016\/08\/DSCN3432-300x233.jpg 300w, https:\/\/wordpress.derwegderwoelfe.de\/wp-content\/uploads\/2016\/08\/DSCN3432-386x300.jpg 386w, https:\/\/wordpress.derwegderwoelfe.de\/wp-content\/uploads\/2016\/08\/DSCN3432.jpg 640w\" sizes=\"auto, (max-width: 300px) 100vw, 300px\" \/><\/a> Es regnete die gesamte Nacht, erst gegen Morgen gab es eine Pause. Martin war gerade dabei den Kaffee zu machen, als es wieder zu regnen begann. Wir bauten schnell das Tarp vom Dach an die Seite um, damit wir im trockenen Fr\u00fchst\u00fccken konnten. Mona geht es nicht gut. Krank. Martin und Mona entscheiden bis zum Samstag fr\u00fch ein Zimmer zu mieten und aus der Expedition auszusteigen um zun\u00e4chst wieder gesund zu werden. In der kurzen Regenpausen gelingt es uns das Lager Stufenweise abzubauen und fahren dann nach nach Cerkno. Im dortigen Hotel lade ich bei ab und fahre dann alleine weiter in das n\u00e4chste Zielgebiet zwischen Idrija und Ajdovscina. Jetzt muss ich ein wenig umplanen und werde mehrere k\u00fcrzere oder l\u00e4ngere Tagestouren bis Samstag unternehmen und am Auto \u00fcbernachten. Bei der ersten Tour stand ich im Regen pl\u00f6tzlich neben einem Rehbock. Der hat mich auch nicht bemerkt,so konnte ich selbst mit der kleinen Kamera ein Bild machen. <a href=\"https:\/\/wordpress.derwegderwoelfe.de\/wp-content\/uploads\/2016\/08\/IMG_1891.jpg\"><img loading=\"lazy\" decoding=\"async\" class=\"size-medium wp-image-1408 alignright\" src=\"https:\/\/wordpress.derwegderwoelfe.de\/wp-content\/uploads\/2016\/08\/IMG_1891-300x179.jpg\" alt=\"IMG_1891\" width=\"300\" height=\"179\" srcset=\"https:\/\/wordpress.derwegderwoelfe.de\/wp-content\/uploads\/2016\/08\/IMG_1891-300x179.jpg 300w, https:\/\/wordpress.derwegderwoelfe.de\/wp-content\/uploads\/2016\/08\/IMG_1891-500x298.jpg 500w, https:\/\/wordpress.derwegderwoelfe.de\/wp-content\/uploads\/2016\/08\/IMG_1891.jpg 640w\" sizes=\"auto, (max-width: 300px) 100vw, 300px\" \/><\/a>Shira ist wegen den st\u00e4ndigen Gewittern im Auto geblieben. Meine zweite Station heute war bei einem Naturschutzgebiet bei Idrija fast oben auf dem Berg auf einem alten R\u00fcckeweg mit Aussicht. Dort ist mir ein Marder entgegen gekommen. Den Marder habe ich dann mehrfach gesehen. Er war recht neugierig und lebte praktisch neben meinem Nachtlager im Unterholz.<\/p>\n<h4>11.August Donnerstag<\/h4>\n<p><a href=\"https:\/\/wordpress.derwegderwoelfe.de\/wp-content\/uploads\/2016\/08\/IMG_1924.jpg\"><img loading=\"lazy\" decoding=\"async\" class=\"size-medium wp-image-1410 alignleft\" src=\"https:\/\/wordpress.derwegderwoelfe.de\/wp-content\/uploads\/2016\/08\/IMG_1924-300x290.jpg\" alt=\"IMG_1924\" width=\"300\" height=\"290\" srcset=\"https:\/\/wordpress.derwegderwoelfe.de\/wp-content\/uploads\/2016\/08\/IMG_1924-300x290.jpg 300w, https:\/\/wordpress.derwegderwoelfe.de\/wp-content\/uploads\/2016\/08\/IMG_1924-311x300.jpg 311w, https:\/\/wordpress.derwegderwoelfe.de\/wp-content\/uploads\/2016\/08\/IMG_1924.jpg 640w\" sizes=\"auto, (max-width: 300px) 100vw, 300px\" \/><\/a> In der Nacht hat es nicht weiter geregnet. Es ist bis auf etwa 7\u00b0C abgek\u00fchlt. Auf der Wildtierkamera die ich aufgestellt hatte unweit vom Lager war der Marder und ein Fuchs zur erkennen. Heute bin ich von hier oben losgewandert im Prinzip um das Tal herum aber auf den H\u00f6henwegen. Spuren konnte ich von Rehen, Rotwild, Gamswild vom Fuchs und Marder finden. Es wurde immer sonniger, sehr sch\u00f6n. Mitten auf dem Weg kam mir schon wieder wie gestern ein Marder entgegen. Die Shira hat ihn dann verbellt. Doch er ist eigentlich nur zur Seite und hat hinter einem Ast zu uns geschaut. Dann ist er durch das Gras und Gestr\u00fcpp seitlich davon. Shira war insgesamt sehr aufmerksam. So peilte sie an in einen Hang und siehe da, eine Gams sprang dann aus dem hohen Gras raus. Sie war etwas unterhalb von mir und die Spuren habe ich schon vorher bemerkt an einer feuchten Stelle auf dem Schotterweg. Irgendwann endete der Weg, bzw. die geschotterte Stra\u00dfe. Eigentlich sollte ein Pfad nach unten f\u00fchren. Doch dort wo einer sein sollte war nur noch dichtes Gestr\u00fcpp. Gleichzeitig wurde es jetzt sehr warm, und ich darf ja nie vergessen, dass Shira jetzt auch schon 13 Jahre als ist. Die Strecke war eh schon recht lang. Ein St\u00fcck weiter habe ich ein Hinweisschild nach Bela gefunden. Aber der Weg h\u00f6rte im Prinzip ab Abhang auf, zumindest war dort kein Pfad mehr zu erkennen. Insgesamt habe ich fast eine Stunde und mehrere Versuche gebraucht um den eigentlichen alten Pfad auf meiner Karte oder einen anderen Abstieg zu finden<a href=\"https:\/\/wordpress.derwegderwoelfe.de\/wp-content\/uploads\/2016\/08\/IMG_1939.jpg\"><img loading=\"lazy\" decoding=\"async\" class=\"size-medium wp-image-1411 alignright\" src=\"https:\/\/wordpress.derwegderwoelfe.de\/wp-content\/uploads\/2016\/08\/IMG_1939-300x240.jpg\" alt=\"IMG_1939\" width=\"300\" height=\"240\" srcset=\"https:\/\/wordpress.derwegderwoelfe.de\/wp-content\/uploads\/2016\/08\/IMG_1939-300x240.jpg 300w, https:\/\/wordpress.derwegderwoelfe.de\/wp-content\/uploads\/2016\/08\/IMG_1939-375x300.jpg 375w, https:\/\/wordpress.derwegderwoelfe.de\/wp-content\/uploads\/2016\/08\/IMG_1939.jpg 640w\" sizes=\"auto, (max-width: 300px) 100vw, 300px\" \/><\/a>. Die einzige Alternative, alles zur\u00fcckgehen w\u00e4re sehr lang. Am Ende habe ich versuche dem Bela Schild zu folgen. Irgendwo am Hang fand ich dann den Pfad. Allerdings kaum sichtbar. Unten angekommen mussten wir dann wieder bis zum Auto hoch. Das stand ja oben auf einem Vorsprung. 7 Stunden waren wir unterwegs und genie\u00dfen die Abendsonne am Auto.<\/p>\n<h4>12.August Freitag<\/h4>\n<p><a href=\"https:\/\/wordpress.derwegderwoelfe.de\/wp-content\/uploads\/2016\/08\/IMG_1942.jpg\"><img loading=\"lazy\" decoding=\"async\" class=\"size-medium wp-image-1414 alignleft\" src=\"https:\/\/wordpress.derwegderwoelfe.de\/wp-content\/uploads\/2016\/08\/IMG_1942-300x200.jpg\" alt=\"IMG_1942\" width=\"300\" height=\"200\" srcset=\"https:\/\/wordpress.derwegderwoelfe.de\/wp-content\/uploads\/2016\/08\/IMG_1942-300x200.jpg 300w, https:\/\/wordpress.derwegderwoelfe.de\/wp-content\/uploads\/2016\/08\/IMG_1942-450x300.jpg 450w, https:\/\/wordpress.derwegderwoelfe.de\/wp-content\/uploads\/2016\/08\/IMG_1942.jpg 640w\" sizes=\"auto, (max-width: 300px) 100vw, 300px\" \/><\/a> <a href=\"https:\/\/wordpress.derwegderwoelfe.de\/wp-content\/uploads\/2016\/08\/DSCN3466.jpg\"><img loading=\"lazy\" decoding=\"async\" class=\"size-medium wp-image-1413 alignright\" src=\"https:\/\/wordpress.derwegderwoelfe.de\/wp-content\/uploads\/2016\/08\/DSCN3466-300x266.jpg\" alt=\"DSCN3466\" width=\"300\" height=\"266\" srcset=\"https:\/\/wordpress.derwegderwoelfe.de\/wp-content\/uploads\/2016\/08\/DSCN3466-300x266.jpg 300w, https:\/\/wordpress.derwegderwoelfe.de\/wp-content\/uploads\/2016\/08\/DSCN3466-339x300.jpg 339w, https:\/\/wordpress.derwegderwoelfe.de\/wp-content\/uploads\/2016\/08\/DSCN3466.jpg 640w\" sizes=\"auto, (max-width: 300px) 100vw, 300px\" \/><\/a><a href=\"https:\/\/wordpress.derwegderwoelfe.de\/wp-content\/uploads\/2016\/08\/IMG_1952.jpg\"><img loading=\"lazy\" decoding=\"async\" class=\"size-medium wp-image-1415 alignleft\" src=\"https:\/\/wordpress.derwegderwoelfe.de\/wp-content\/uploads\/2016\/08\/IMG_1952-300x201.jpg\" alt=\"IMG_1952\" width=\"300\" height=\"201\" srcset=\"https:\/\/wordpress.derwegderwoelfe.de\/wp-content\/uploads\/2016\/08\/IMG_1952-300x201.jpg 300w, https:\/\/wordpress.derwegderwoelfe.de\/wp-content\/uploads\/2016\/08\/IMG_1952-448x300.jpg 448w, https:\/\/wordpress.derwegderwoelfe.de\/wp-content\/uploads\/2016\/08\/IMG_1952.jpg 640w\" sizes=\"auto, (max-width: 300px) 100vw, 300px\" \/><\/a>Die Nacht war fast Sternenklar und zum morgen hin k\u00fchlte es wieder deutlich ab. Diese Nacht habe ich auf dem Autodach schlafen k\u00f6nnen. Mit dem Biwaksack blieb trotz dem Morgentau alles wichtige trocken. Heute bin ich \u00fcber Zadlog bis nach Kovg gefahren. Unterwegs habe ich an mehreren Stellen angehalten um k\u00fcrzere oder l\u00e4ngere Wanderungen durch den Wald zu machen. Eine Tour ging \u00fcber 7km. Auf einer alten Forststra\u00dfe mit weichem Boden habe ich nur knapp 500m vom Auto viele verschiedenen Spuren gefunden. Reh, Hirsch, Dachs und B\u00e4r. Dazu gab es noch ein paar Trittsiegel die auch von einem Wolf stammen k\u00f6nnten. \u00dcber 10cm lang und im Schlamm gespreizt auch etwa so breit. Es kann sich allerdings auch um einen sehr gro\u00dfen Hund gehandelt haben. Das Tier stand nur am Rand der Pf\u00fctze\/Schlammloch. Ein Spurenverlauf war nicht weiter erkennbar. Ich bin dann zun\u00e4chst der guten Kiesstra\u00dfe gefolgt und wollte \u00fcber einen anderen Weg zur\u00fcck. Doch der entpuppte sich als kaum genutzter Forstweg und es gab noch etliche Verzweigungen die auf meiner Karte nicht eingezeichnet waren. Der Wald mit den vielen Dolinen ist f\u00fcr mich sehr ungew\u00f6hnlich und eine normale Richtung wie ich es aus den Alpen oder den Karpaten einzuhalten oder festzustellen war hier kaum m\u00f6glich. Es gibt nur extrem viele Kurven. Das war mir dann doch zu riskant hier herauszufinden welcher der richtige Weg ist. Es ist zum Teil schon sehr trocken, die Buchen sehr an einigen Stellen wie gerupft aus. Fast alle Spitzen sind abgebrochen und \u00fcberall liegen Felsen und Steine herum. Gegen 14 Uhr habe ich mich dann auf dem Weg gemacht zur\u00fcck bis kurz vor Cerknov. Eigentlich wollte ich auf einen Campingplatz um zu duschen und Internetzugang zu haben. Doch es gibt hier in der gr\u00f6\u00dferen Umgebung von Idrija und Cerknov keinen Campingplatz.<\/p>\n<h4>Samstag 13.August<\/h4>\n<p><a href=\"https:\/\/wordpress.derwegderwoelfe.de\/wp-content\/uploads\/2016\/08\/IMG_1963.jpg\"><img loading=\"lazy\" decoding=\"async\" class=\"size-medium wp-image-1421 alignleft\" src=\"https:\/\/wordpress.derwegderwoelfe.de\/wp-content\/uploads\/2016\/08\/IMG_1963-300x200.jpg\" alt=\"IMG_1963\" width=\"300\" height=\"200\" srcset=\"https:\/\/wordpress.derwegderwoelfe.de\/wp-content\/uploads\/2016\/08\/IMG_1963-300x200.jpg 300w, https:\/\/wordpress.derwegderwoelfe.de\/wp-content\/uploads\/2016\/08\/IMG_1963-450x300.jpg 450w, https:\/\/wordpress.derwegderwoelfe.de\/wp-content\/uploads\/2016\/08\/IMG_1963.jpg 640w\" sizes=\"auto, (max-width: 300px) 100vw, 300px\" \/><\/a> <a href=\"https:\/\/wordpress.derwegderwoelfe.de\/wp-content\/uploads\/2016\/08\/IMG_1961.jpg\"><img loading=\"lazy\" decoding=\"async\" class=\"size-medium wp-image-1422 alignright\" src=\"https:\/\/wordpress.derwegderwoelfe.de\/wp-content\/uploads\/2016\/08\/IMG_1961-300x166.jpg\" alt=\"IMG_1961\" width=\"300\" height=\"166\" srcset=\"https:\/\/wordpress.derwegderwoelfe.de\/wp-content\/uploads\/2016\/08\/IMG_1961-300x166.jpg 300w, https:\/\/wordpress.derwegderwoelfe.de\/wp-content\/uploads\/2016\/08\/IMG_1961-500x277.jpg 500w, https:\/\/wordpress.derwegderwoelfe.de\/wp-content\/uploads\/2016\/08\/IMG_1961.jpg 640w\" sizes=\"auto, (max-width: 300px) 100vw, 300px\" \/><\/a>Gestern Abend auf der Suche nach einem Nachtplatz bin ich dann zuf\u00e4llig an einem Schild mit einem Campingzelt vorbeigefahren. Da war tats\u00e4chlich ein kleiner Campingplatz, mit Stellplatz f\u00fcr Wohnmobile und einer Pension. F\u00fcr eine Nacht durfte ich mich irgendwo hinstellen nur nicht auf den Zeltplatz mit Auto. Also habe ich mich zwischen die beiden Wohnmobile gestellt und mein Tarp seitlich so abgespannt, dass man nicht hineinschauen kann, wie ein Zelt. Neben wir war einen holl\u00e4ndische Familie und auf der anderen Seite eine \u00e4lteres Paar aus der Schweiz.<\/p>\n<p>Heute morgen dann bin ih zum Hotel, habe Mona und Martin abgeholt. Mona konnte sich wieder erholen. Dann sind wir gem\u00fctlich etwa 80km zum Flughafen n\u00f6rdlich von Triest gefahren. Es wurde sehr warm. Ignacio kam p\u00fcnktlich an ganz unkompliziert und fand es gut, dass er einen Hund zum kuscheln neben sich auf der R\u00fcckbank hat. Wir sind dann etwa 70km ins n\u00e4chste Zielgebiet gefahren. Wir sind jetzt westlich von Postojna und n\u00f6rdlich von der Autobahn am Waldrand. Etwa 1km vom Dorf Smihel habe wir direkt am Waldrand einen sch\u00f6nen Lagerplatz gefunden. Der einzige markierte Wanderweg f\u00fchrt direkt dran vorbei. Zwei Rehe waren am Waldrand und in der N\u00e4he gibt es einen kleinen Bach im Wald versteckt. Es ist etwa 18 Uhr, wunderbar warm und wir k\u00f6nnen den morgigen Tag planen. F\u00fcr die Nacht baue ich zwei Tarps auf wie ein gro\u00dfes hohes Zelt mit Aussicht noch vorne und hinter uns steht der Land Rover.<\/p>\n<h4>Sonntag 14.August<\/h4>\n<p><a href=\"https:\/\/wordpress.derwegderwoelfe.de\/wp-content\/uploads\/2016\/08\/DSCN3476.jpg\"><img loading=\"lazy\" decoding=\"async\" class=\"size-medium wp-image-1423 alignleft\" src=\"https:\/\/wordpress.derwegderwoelfe.de\/wp-content\/uploads\/2016\/08\/DSCN3476-300x225.jpg\" alt=\"DSCN3476\" width=\"300\" height=\"225\" srcset=\"https:\/\/wordpress.derwegderwoelfe.de\/wp-content\/uploads\/2016\/08\/DSCN3476-300x225.jpg 300w, https:\/\/wordpress.derwegderwoelfe.de\/wp-content\/uploads\/2016\/08\/DSCN3476-400x300.jpg 400w, https:\/\/wordpress.derwegderwoelfe.de\/wp-content\/uploads\/2016\/08\/DSCN3476.jpg 640w\" sizes=\"auto, (max-width: 300px) 100vw, 300px\" \/><\/a> <a href=\"https:\/\/wordpress.derwegderwoelfe.de\/wp-content\/uploads\/2016\/08\/DSCN3474.jpg\"><img loading=\"lazy\" decoding=\"async\" class=\"size-medium wp-image-1424 alignright\" src=\"https:\/\/wordpress.derwegderwoelfe.de\/wp-content\/uploads\/2016\/08\/DSCN3474-300x225.jpg\" alt=\"DSCN3474\" width=\"300\" height=\"225\" srcset=\"https:\/\/wordpress.derwegderwoelfe.de\/wp-content\/uploads\/2016\/08\/DSCN3474-300x225.jpg 300w, https:\/\/wordpress.derwegderwoelfe.de\/wp-content\/uploads\/2016\/08\/DSCN3474-400x300.jpg 400w, https:\/\/wordpress.derwegderwoelfe.de\/wp-content\/uploads\/2016\/08\/DSCN3474.jpg 640w\" sizes=\"auto, (max-width: 300px) 100vw, 300px\" \/><\/a>Am fr\u00fchen morgen raschelt es neben uns und sp\u00e4ter h\u00f6ren wir die Warnrufe von Rehen. Ignacio und ich wandern heute in die bewaldeten H\u00fcgel n\u00f6rdlich von uns um nach Wildtierspuren zu suchen. Martin und Mona folgen dem markierten Wanderweg bis zu einer Burg im \u00fcbern\u00e4chsten Dorf Predjama. Wir wandern zun\u00e4chst ins Dorf und entdecken mehrere Bienenh\u00e4uschen die ungesichert sind. Auf dem Forstweg in den Wald finde ich eine Spur die theoretisch zu einem Goldschakal passen k\u00f6nnte. Zu erkennen war, dass die beiden vorderen Zehenballen am Ansatz zusammengewachsen waren und die Pfote hatte eine deutlich gestrecke Form. Die Spur war etwas gr\u00f6\u00dfer als von der Shira. Ansonsten sehe ich Spuren von Rehen und von Ziegen. Spuren von F\u00fcchsen oder Mardern notiere ich nicht mehr. Die gibt es fast \u00fcberall zu entdecken. Es ist nicht mehr ganz so trocken und felsig wie am Donnerstag und Freitag. Hier im unteren Bereich auf etwa 600m H\u00f6he. Trotzdem m\u00fcssen wir praktisch jeden Seiten weg ein St\u00fcck reingehen runter von der harten Forststra\u00dfe und in jede Schlammkuhle schauen ob man dort interessante Spuren entdeckt. So kommt man nur langsam voran. Nach etwa 1,5 Stunden haben wir einen Seitenweg gefunden der noch recht feucht und erdig war. Tats\u00e4chlich eine B\u00e4renspur, neben diversen anderen Spuren und einer Hundespur. Der B\u00e4r war auch ziemlich gro\u00df. Hier konnte ich Ignacio zeigen wie schwer selbst diese Spuren zu finden sind und man braucht auch etwas Gl\u00fcck. Es war nur ein einziger Abdruck deutlich zu erkennen. Wir haben dann nach einigem Suchen noch andere L\u00f6cher im Boden gefunden, die von der Gr\u00f6\u00dfe und Form zu dem B\u00e4ren geh\u00f6rt haben. Aber als solche nur noch zu erkennen waren weil wir die sichere Best\u00e4tigung des einen Abdrucks hatten. Hier ist der B\u00e4r in den noch feuchten Boden getreten, mit nur der rechten vorderen Tatze. Wir sind dann noch bis auf 900m H\u00f6he gewandert. Dort oben war es dann wieder so karstig, trocken und steinig, dass wir hier oben praktisch keine weiteren Spuren finden konnten. Auf dem R\u00fcckweg, als wir wieder weiter unten waren, unterhalb der Felskante waren wieder Spuren sichtbar und es war etwas feuchter am Boden.<\/p>\n<p>Kurz nach 16Uhr waren wir wieder am Auto. Wir haben uns dann entschieden noch eine Nacht hier zu bleiben. Morgen werden wir etwa 20km weiter s\u00fcdlich den Wald durchforsten.<\/p>\n<h4>Montag 15.August<\/h4>\n<p><a href=\"https:\/\/wordpress.derwegderwoelfe.de\/wp-content\/uploads\/2016\/08\/DSCN3503.jpg\"><img loading=\"lazy\" decoding=\"async\" class=\"size-medium wp-image-1426 alignleft\" src=\"https:\/\/wordpress.derwegderwoelfe.de\/wp-content\/uploads\/2016\/08\/DSCN3503-300x225.jpg\" alt=\"DSCN3503\" width=\"300\" height=\"225\" srcset=\"https:\/\/wordpress.derwegderwoelfe.de\/wp-content\/uploads\/2016\/08\/DSCN3503-300x225.jpg 300w, https:\/\/wordpress.derwegderwoelfe.de\/wp-content\/uploads\/2016\/08\/DSCN3503-400x300.jpg 400w, https:\/\/wordpress.derwegderwoelfe.de\/wp-content\/uploads\/2016\/08\/DSCN3503.jpg 640w\" sizes=\"auto, (max-width: 300px) 100vw, 300px\" \/><\/a> <a href=\"https:\/\/wordpress.derwegderwoelfe.de\/wp-content\/uploads\/2016\/08\/DSCN3491.jpg\"><img loading=\"lazy\" decoding=\"async\" class=\"size-medium wp-image-1427 alignright\" src=\"https:\/\/wordpress.derwegderwoelfe.de\/wp-content\/uploads\/2016\/08\/DSCN3491-300x225.jpg\" alt=\"DSCN3491\" width=\"300\" height=\"225\" srcset=\"https:\/\/wordpress.derwegderwoelfe.de\/wp-content\/uploads\/2016\/08\/DSCN3491-300x225.jpg 300w, https:\/\/wordpress.derwegderwoelfe.de\/wp-content\/uploads\/2016\/08\/DSCN3491-400x300.jpg 400w, https:\/\/wordpress.derwegderwoelfe.de\/wp-content\/uploads\/2016\/08\/DSCN3491.jpg 640w\" sizes=\"auto, (max-width: 300px) 100vw, 300px\" \/><\/a>Nachdem wir unser Lager zusammengepackt haben sind wir ins n\u00e4chste Zielgebiet gefahren. Wir sind heute von Laze bis nach Slavina gewandert, etwa 8km. H\u00f6rt sich nicht sehr weit an, war es eigentlich auch nicht. Doch Ignacio und ich haben daf\u00fcr fast 5 Stunden gebraucht. Der Grund, die Suche nach Spuren. Insbesondere auf der ersten H\u00e4lfte gab es immer wieder den Hauptweg rechts oder links in den Wald zu verlassen. Es gab zudem noch einige feuchte oder fast ausgetrocknete Schlamml\u00f6cher und Pf\u00fctzen. Wir wandern auf etwa 700m H\u00f6he. Es ist aber so trocken, dass es hier oben kaum Wasserl\u00f6cher geben wird, weil es schnell in dem por\u00f6sen Kalkgestein unter der Erdschicht versickern wird. An einem sehr staubigen Seitenweg habe ich dann die ersten Spuren eines B\u00e4ren gefunden. Kaum sichtbar. Doch wir sind dem Weg weiter gefolgt und haben dann etwas deutlichere Spuren gefunden. Die Spur kam von einer Wiese und neben der Wiese stand ein Hochstand. Auf der Wiese, die gem\u00e4ht war gab es zwei flache Steinhaufen. Dazwischen habe ich dann die Maisk\u00f6rner gefunden. Zur\u00fcck auf dem Hauptweg konnten wir sp\u00e4ter noch weitere deutlichere Spuren von B\u00e4ren finden. Ich vermute, dass es sich um den selben B\u00e4ren gehandelt hat, es k\u00f6nnte aber ein zweiter B\u00e4r in \u00e4hnlicher Gr\u00f6\u00dfe gewesen sein. Gegen 14:15 waren wir am Auto. Martin hat den Wagen im Schatten an einer Wiese geparkt und es gab Wassermelonen. Shira hat sich in den k\u00fchlen Wagen gelegt. Kurz vor 16 Uhr sind wir dann noch ein St\u00fcck weiter s\u00fcdlich in den Wald gefahren auf einen H\u00f6henzug. Hier wollten wir irgendwo ein Lagerplatz finden und dann entlang eines Wanderweges nochmals nach Spuren schauen. Oben auf der Kuppe gab es fast keinen Wald. Beim fahren sehe ich aus dem Augenwinkel etwas f\u00fcr mich auff\u00e4lliges am Wegrand liegen. Wolfskot! Nicht nur ein Haufen, sondern mehrere entlang der gesamten Forststra\u00dfe. Allerdings sind alle schon \u00e4lter zum Teil ganz alt. Wir haben hier oben dann auf einer kleinen halbwegs offenen Stelle einen Lagerplatz gefunden.<\/p>\n<h4>Dienstag 16.August<\/h4>\n<p><a href=\"https:\/\/wordpress.derwegderwoelfe.de\/wp-content\/uploads\/2016\/08\/DSCN3510.jpg\"><img loading=\"lazy\" decoding=\"async\" class=\"size-medium wp-image-1430 alignleft\" src=\"https:\/\/wordpress.derwegderwoelfe.de\/wp-content\/uploads\/2016\/08\/DSCN3510-300x248.jpg\" alt=\"DSCN3510\" width=\"300\" height=\"248\" srcset=\"https:\/\/wordpress.derwegderwoelfe.de\/wp-content\/uploads\/2016\/08\/DSCN3510-300x248.jpg 300w, https:\/\/wordpress.derwegderwoelfe.de\/wp-content\/uploads\/2016\/08\/DSCN3510-364x300.jpg 364w, https:\/\/wordpress.derwegderwoelfe.de\/wp-content\/uploads\/2016\/08\/DSCN3510.jpg 640w\" sizes=\"auto, (max-width: 300px) 100vw, 300px\" \/><\/a>Ich habe mal wieder auf dem Dachtr\u00e4ger geschlafen. Diesmal war es keine so gute Idee. Der Wind war kr\u00e4ftig, es hat mehrfach in der Nacht geregnet was zwar st\u00f6rend war aber noch st\u00f6render war der L\u00e4rm der Stra\u00dfe und Eisenbahn. In der Nacht h\u00f6rte es sich extrem laut an. Das h\u00e4tte ich nicht gedacht, denn wir sind doch einige Kilometer von den Stra\u00dfen entfernt. Jedenfalls konnte ich nur sehr schlecht schlafen. Mein Biwaksack h\u00e4lt jedenfalls auch nach so vielen Jahren noch dicht.<\/p>\n<p>Heute sind wir weiter nach Osten gefahren von dem Dorf Jurisce sind wir noch bis zum Waldrand gefahren. Ignazio und ich sind dann gegen 11:15 aufgebrochen. Shira hat heute Pause. Schon nach wenigen 100Metern finden wir die ersten Spuren von einem B\u00e4r auf einem Seitenweg. Au\u00dferdem die ersten Spuren von Wildschweinen. Die aber den Boden nicht so tief umgraben wie ich es von zuhause kenne. Daf\u00fcr ist der Boden dann wohl doch zu steinig und zu hart. Ein St\u00fcck weiter finden wir eine gr\u00f6\u00dfere Pf\u00fctze neben gelagerten <a href=\"https:\/\/wordpress.derwegderwoelfe.de\/wp-content\/uploads\/2016\/08\/DSCN3520.jpg\"><img loading=\"lazy\" decoding=\"async\" class=\"size-medium wp-image-1429 alignright\" src=\"https:\/\/wordpress.derwegderwoelfe.de\/wp-content\/uploads\/2016\/08\/DSCN3520-300x255.jpg\" alt=\"DSCN3520\" width=\"300\" height=\"255\" srcset=\"https:\/\/wordpress.derwegderwoelfe.de\/wp-content\/uploads\/2016\/08\/DSCN3520-300x255.jpg 300w, https:\/\/wordpress.derwegderwoelfe.de\/wp-content\/uploads\/2016\/08\/DSCN3520-352x300.jpg 352w, https:\/\/wordpress.derwegderwoelfe.de\/wp-content\/uploads\/2016\/08\/DSCN3520.jpg 640w\" sizes=\"auto, (max-width: 300px) 100vw, 300px\" \/><\/a>Baumst\u00e4mmen. Zuerst sehen wir nur die kleine B\u00e4renspur, dann finden wir noch die der Mutter, die nicht mitten durch den Schlamm gelaufen ist. Eine B\u00e4rin mit ihrem Jungtier. Ich habe daraufhin Martin angerufen und ihn informiert, dass es in der Umgebung vom Auto eine B\u00e4rin mit Babyb\u00e4r geben k\u00f6nnte. Wir sind dann noch weiter gewandert bis etwa 13 Uhr. Unterwegs haben wir noch etliche weitere Wildtierspuren gefunden und einen Hochstand der wohl auch f\u00fcr die B\u00e4renjagd genutzt wird.<\/p>\n<p>Ignazio und ich haben dann festgestellt, dass wir in den 2 Stunden gerade mal 4-5km gewandert sind. Jetzt hatten wir die Alternative in einem 14km langen Bogen zum Auto zur\u00fcckzuwandern, oder den selben Weg zur\u00fcckzugehen um dann noch Zeit zu haben um zu einem tempor\u00e4ren See zu fahren der sich n\u00f6rdlich von Palcje befindet. Bei dem Schneckentempo das wir bei der Spurensuche haben entschieden wir uns f\u00fcr die zweite Variante.<a href=\"https:\/\/wordpress.derwegderwoelfe.de\/wp-content\/uploads\/2016\/08\/IMG_2003.jpg\"><img loading=\"lazy\" decoding=\"async\" class=\"size-medium wp-image-1428 alignleft\" src=\"https:\/\/wordpress.derwegderwoelfe.de\/wp-content\/uploads\/2016\/08\/IMG_2003-300x252.jpg\" alt=\"IMG_2003\" width=\"300\" height=\"252\" srcset=\"https:\/\/wordpress.derwegderwoelfe.de\/wp-content\/uploads\/2016\/08\/IMG_2003-300x252.jpg 300w, https:\/\/wordpress.derwegderwoelfe.de\/wp-content\/uploads\/2016\/08\/IMG_2003-358x300.jpg 358w, https:\/\/wordpress.derwegderwoelfe.de\/wp-content\/uploads\/2016\/08\/IMG_2003.jpg 640w\" sizes=\"auto, (max-width: 300px) 100vw, 300px\" \/><\/a><\/p>\n<p>Bei dem See, den es nur zu Regenzeiten zu sehen gibt haben wir dann ebenfalls Spuren von Rehen, recht vielen Hirschen gefunden. Kot vom B\u00e4r und Wolf ebenfalls. Wir haben auf einer gem\u00e4hten Wiese unser Lager aufgeschlagen. Am Abend kam noch ein Fuchs den Weg entlang geschlendert.<\/p>\n<p>&nbsp;<\/p>\n<p>&nbsp;<\/p>\n<h4>Mittwoch 17.August<\/h4>\n<p><a href=\"https:\/\/wordpress.derwegderwoelfe.de\/wp-content\/uploads\/2016\/08\/DSCN3536.jpg\"><img loading=\"lazy\" decoding=\"async\" class=\"size-medium wp-image-1434 alignleft\" src=\"https:\/\/wordpress.derwegderwoelfe.de\/wp-content\/uploads\/2016\/08\/DSCN3536-300x195.jpg\" alt=\"DSCN3536\" width=\"300\" height=\"195\" srcset=\"https:\/\/wordpress.derwegderwoelfe.de\/wp-content\/uploads\/2016\/08\/DSCN3536-300x195.jpg 300w, https:\/\/wordpress.derwegderwoelfe.de\/wp-content\/uploads\/2016\/08\/DSCN3536-463x300.jpg 463w, https:\/\/wordpress.derwegderwoelfe.de\/wp-content\/uploads\/2016\/08\/DSCN3536.jpg 640w\" sizes=\"auto, (max-width: 300px) 100vw, 300px\" \/><\/a><a href=\"https:\/\/wordpress.derwegderwoelfe.de\/wp-content\/uploads\/2016\/08\/DSCN3544.jpg\"><img loading=\"lazy\" decoding=\"async\" class=\"size-medium wp-image-1433 alignright\" src=\"https:\/\/wordpress.derwegderwoelfe.de\/wp-content\/uploads\/2016\/08\/DSCN3544-291x300.jpg\" alt=\"DSCN3544\" width=\"291\" height=\"300\" srcset=\"https:\/\/wordpress.derwegderwoelfe.de\/wp-content\/uploads\/2016\/08\/DSCN3544-291x300.jpg 291w, https:\/\/wordpress.derwegderwoelfe.de\/wp-content\/uploads\/2016\/08\/DSCN3544.jpg 640w\" sizes=\"auto, (max-width: 291px) 100vw, 291px\" \/><\/a>Gestern Abend bin ich richtig fr\u00fch ins Bett, in den Schlafsack gekrochen. Es war noch vor 21Uhr. Ich war schon am Nachmittag derart m\u00fcde, dass ich kaum noch Autofahren konnte.<\/p>\n<p>In der Nacht hat es gelegentlich leicht geregnet. Auf jeden Fall war ich heute fr\u00fch wieder frisch und wach, und es blieb so den ganzen Tag. Wir mussten zun\u00e4chst nach Ilirska Bistracia fahren. Ich wollte in ein Cafe um Internetzugang zu bekommen und wir m\u00fcssen nach weiteren Wanderkarten suchen. Martin und Mona waren recht erfolglos auf der Suche. Im Tourismusb\u00fcro gab es auch keine Wanderkarten von dem angrenzenden Wandergebiet Sneznja. Daf\u00fcr hat die Dame dort gemeint, dass wir bei der Suche nach B\u00e4renspuren gleich im unten an den D\u00f6rfen bleiben k\u00f6nnten. Die B\u00e4ren sind hier in den Obstb\u00e4umen bei den D\u00f6rfern und H\u00e4usern. Sie hat es erz\u00e4hlt als ob es die allergr\u00f6\u00dfte Selbstverst\u00e4ndlichkeit w\u00e4re. Die Tatsache, dass die B\u00e4ren in den Obstb\u00e4umen sind, wenn das Obst reif ist, kenne ich ja aus allen anderen L\u00e4ndern. F\u00fcr mich war interessant, wie normal die Leute drauf reagieren ohne Angst, nicht mal eine Art warnende Information an fremde Touristen. Wir sind dann auf \u00fcber 1200m H\u00f6he gefahren in die h\u00f6chste Region in der Umgebung. Der Gipfel liegt bei fast 1800m. Mich interessiert der Unterschied zu den bisherigen Gebieten in einem Wandergebiet. Ignazio und ich wandern los auf einem Rundewanderweg etwa 16km lang. Unterwegs treffen wir eine rum\u00e4nische Familie, die gerade beim Picknick ist, ein paar Fahrzeuge fahren vorbei. Einer h\u00e4lt an und fragt ob wir Hilfe ben\u00f6tigen und erkl\u00e4rt, dass sich schon viele <a href=\"https:\/\/wordpress.derwegderwoelfe.de\/wp-content\/uploads\/2016\/08\/DSCN3528.jpg\"><img loading=\"lazy\" decoding=\"async\" class=\"size-medium wp-image-1435 alignleft\" src=\"https:\/\/wordpress.derwegderwoelfe.de\/wp-content\/uploads\/2016\/08\/DSCN3528-300x225.jpg\" alt=\"DSCN3528\" width=\"300\" height=\"225\" srcset=\"https:\/\/wordpress.derwegderwoelfe.de\/wp-content\/uploads\/2016\/08\/DSCN3528-300x225.jpg 300w, https:\/\/wordpress.derwegderwoelfe.de\/wp-content\/uploads\/2016\/08\/DSCN3528-400x300.jpg 400w, https:\/\/wordpress.derwegderwoelfe.de\/wp-content\/uploads\/2016\/08\/DSCN3528.jpg 640w\" sizes=\"auto, (max-width: 300px) 100vw, 300px\" \/><\/a>Wanderer hier verlaufen haben. Wir finden eine frische B\u00e4renspur und einigen Spuren vom Hirsch und von der Gams im oberen sehr steinigen Bereich. Als ich den Mann auf B\u00e4ren anspreche best\u00e4tigt er diese und findet es unproblematisch. Der erste Teil der Wanderung entlang der Strasse ist wenig spannend. Der zweite Teil folgt dem Wanderweg E6 und wird sehr sch\u00f6n, zum Teil direkt steil durch den Wald zu den h\u00f6her gelegenen Forststra\u00dfen. Dort finden wir auch noch eine ganz alte Wolfslosung, vermutlich von zwei Tieren. Das Gewitter, dass schon seit dem Mittag zu h\u00f6ren ist kommt n\u00e4her. Dann treffen wir eine deutsche Familie mit drei Kindern aus Bayern. Wir haben uns l\u00e4nger unterhalten und die Kinder haben ihre B\u00e4ren aus dem Rucksack geholt. Ein ganz klares Ja zu B\u00e4r, Wolf und Luchs. Die Kinder sagten sehr spontan, je weniger Wildtiere im Wald sind um so langweiliger sei es und um so schlechter k\u00f6nnte man sich erholen. Diese Aussage wird im Kern sogar wissenschaftlich durch mehrere Untersuchungen best\u00e4tigt.<\/p>\n<p>Zur\u00fcck am Auto erz\u00e4hlt Martin, dass er sich mit einer \u00e4lteren Frau die hier bei dem kleinen Touridorf wohnt unterhalten hat. Die hat gesagt, dass die B\u00e4ren fr\u00fcher auch zwischen den H\u00e4usern herumgelaufen sind, erst seit dem es die M\u00fclltrennung gibt, es sehr sauber ist und die Container st\u00e4ndig gelehrt werden kommen keine B\u00e4ren mehr in die Siedlung. Mittlerweile regnet es stark und wir finden einen alten Hof mit einem offenen Schuppen unter dem wir lagern k\u00f6nnen.<\/p>\n<h4>Donnerstag 18.August<\/h4>\n<p><a href=\"https:\/\/wordpress.derwegderwoelfe.de\/wp-content\/uploads\/2016\/08\/DSCN3548.jpg\"><img loading=\"lazy\" decoding=\"async\" class=\"size-medium wp-image-1436 alignleft\" src=\"https:\/\/wordpress.derwegderwoelfe.de\/wp-content\/uploads\/2016\/08\/DSCN3548-300x194.jpg\" alt=\"DSCN3548\" width=\"300\" height=\"194\" srcset=\"https:\/\/wordpress.derwegderwoelfe.de\/wp-content\/uploads\/2016\/08\/DSCN3548-300x194.jpg 300w, https:\/\/wordpress.derwegderwoelfe.de\/wp-content\/uploads\/2016\/08\/DSCN3548-465x300.jpg 465w, https:\/\/wordpress.derwegderwoelfe.de\/wp-content\/uploads\/2016\/08\/DSCN3548.jpg 640w\" sizes=\"auto, (max-width: 300px) 100vw, 300px\" \/><\/a> <a href=\"https:\/\/wordpress.derwegderwoelfe.de\/wp-content\/uploads\/2016\/08\/IMG_2037.jpg\"><img loading=\"lazy\" decoding=\"async\" class=\"size-medium wp-image-1437 alignright\" src=\"https:\/\/wordpress.derwegderwoelfe.de\/wp-content\/uploads\/2016\/08\/IMG_2037-300x200.jpg\" alt=\"IMG_2037\" width=\"300\" height=\"200\" srcset=\"https:\/\/wordpress.derwegderwoelfe.de\/wp-content\/uploads\/2016\/08\/IMG_2037-300x200.jpg 300w, https:\/\/wordpress.derwegderwoelfe.de\/wp-content\/uploads\/2016\/08\/IMG_2037-450x300.jpg 450w, https:\/\/wordpress.derwegderwoelfe.de\/wp-content\/uploads\/2016\/08\/IMG_2037.jpg 640w\" sizes=\"auto, (max-width: 300px) 100vw, 300px\" \/><\/a>Es ist nebelig am morgen aber es regnet nicht. Unser heutiges Ziel ist Kroatien, die W\u00e4lder und Regionen s\u00fcdlich der Grenze. Bisher konnten wir noch keine Wanderkarte bekommen. Die Passkontrolle an der Grenze war unproblematisch. Mein bevorzugtest Gebiet liegt zwischen der Grenze und dem Nationalpark Risnjak. Wir halten Gerovo und versuchen einen Weg in den Wald zu finden. Eine Karte konnten wir nicht auftreiben. Also lade ich mir eine Karte auf mein Handy runter. Wie auf meinem Navi soll von hier ein Forstweg entlang einem Tal in den Wald f\u00fchren. Wir wandern los und treffen einen alten Mann der uns gestenreich erkl\u00e4rt, dass es hier B\u00e4ren gibt und dass es einen Weg hoch in der Berge gibt und hier vor uns durch das Tal. Alles richtig, allerdings mussten wir den Weg erst wirklich suchen. Er war fast v\u00f6llig zugewuchert neben einer Wiese und einem Hochstand. Das war mal ein Forstweg, wir haben versucht ihm ein St\u00fcck zu folgen, doch der war so dicht, dass es f\u00fcr mich keinen Sinn machte hier weiterzugehen. Man kann zwar Wildtierspuren sehen anhand der L\u00f6cher im Laub oder den heruntergedr\u00fccktem Grass. Das reicht mir aber nicht und der Weg wurde immer dichter. Also zur\u00fcck zum Auto und einen anderen Waldweg suchen. Das wurde nicht leicht. Wir sind noch einer anderen Forststra\u00dfe gefolgt und haben die Seitenwege abgesucht. Das ist aber zu wenig. Wir sind dann auf die andere Seite gefahren um den Nationalpark bis nach Klana. Es wird immer sp\u00e4ter und wir finden keine gute M\u00f6glichkeiten tiefer in die W\u00e4lder einzudringen. Bei Klana sind wir dann noch einer geschotterten Forststra\u00dfe gefolgt. Auf einem kleinen Kamm angekommen sind Ignazio und ich nochmals losgelaufen. Wir konnten nur wenige Trittsiegel <a href=\"https:\/\/wordpress.derwegderwoelfe.de\/wp-content\/uploads\/2016\/08\/IMG_2043.jpg\"><img loading=\"lazy\" decoding=\"async\" class=\"size-medium wp-image-1438 alignleft\" src=\"https:\/\/wordpress.derwegderwoelfe.de\/wp-content\/uploads\/2016\/08\/IMG_2043-300x200.jpg\" alt=\"IMG_2043\" width=\"300\" height=\"200\" srcset=\"https:\/\/wordpress.derwegderwoelfe.de\/wp-content\/uploads\/2016\/08\/IMG_2043-300x200.jpg 300w, https:\/\/wordpress.derwegderwoelfe.de\/wp-content\/uploads\/2016\/08\/IMG_2043-450x300.jpg 450w, https:\/\/wordpress.derwegderwoelfe.de\/wp-content\/uploads\/2016\/08\/IMG_2043.jpg 640w\" sizes=\"auto, (max-width: 300px) 100vw, 300px\" \/><\/a>Hirschen finden. Weil wir uns jetzt schon um einen Lagerplatz bem\u00fchen mussten sind wir noch ein St\u00fcck weiter gefahren und haben eine gro\u00dfe Wiese gefunden auf der Picknickstellen eingerichtet waren und offensichtlich des \u00f6fteren Pferde stehen. Es fing leicht an zu regnen. Also haben wir schnell die Tarps aufgebaut, bevor der Boden nass wird. Auch hier in der Umgebung konnte ich abgesehen von Fuchs und Hirschspuren nichts weiter finden. Diese Tag war eher frustrierend. Ich erkenne, dass ich mir insbesondere f\u00fcr Kroatien doch Karten aus dem Internet besorgen muss. Aber auch in Slowenien ist die Kartenausbeute schwierig.<\/p>\n<h4>Freitag 19.August<\/h4>\n<p><a href=\"https:\/\/wordpress.derwegderwoelfe.de\/wp-content\/uploads\/2016\/08\/DSCN3565.jpg\"><img loading=\"lazy\" decoding=\"async\" class=\"size-medium wp-image-1439 alignleft\" src=\"https:\/\/wordpress.derwegderwoelfe.de\/wp-content\/uploads\/2016\/08\/DSCN3565-300x225.jpg\" alt=\"DSCN3565\" width=\"300\" height=\"225\" srcset=\"https:\/\/wordpress.derwegderwoelfe.de\/wp-content\/uploads\/2016\/08\/DSCN3565-300x225.jpg 300w, https:\/\/wordpress.derwegderwoelfe.de\/wp-content\/uploads\/2016\/08\/DSCN3565-400x300.jpg 400w, https:\/\/wordpress.derwegderwoelfe.de\/wp-content\/uploads\/2016\/08\/DSCN3565.jpg 640w\" sizes=\"auto, (max-width: 300px) 100vw, 300px\" \/><\/a> <a href=\"https:\/\/wordpress.derwegderwoelfe.de\/wp-content\/uploads\/2016\/08\/DSCN3556.jpg\"><img loading=\"lazy\" decoding=\"async\" class=\"size-medium wp-image-1440 alignright\" src=\"https:\/\/wordpress.derwegderwoelfe.de\/wp-content\/uploads\/2016\/08\/DSCN3556-300x225.jpg\" alt=\"DSCN3556\" width=\"300\" height=\"225\" srcset=\"https:\/\/wordpress.derwegderwoelfe.de\/wp-content\/uploads\/2016\/08\/DSCN3556-300x225.jpg 300w, https:\/\/wordpress.derwegderwoelfe.de\/wp-content\/uploads\/2016\/08\/DSCN3556-400x300.jpg 400w, https:\/\/wordpress.derwegderwoelfe.de\/wp-content\/uploads\/2016\/08\/DSCN3556.jpg 640w\" sizes=\"auto, (max-width: 300px) 100vw, 300px\" \/><\/a>In der Nacht habe ich wenig geschlafen. Eigentlich wollte am Samstag die Gudrun Pfl\u00fcger zu uns kommen. Doch bisher habe ich keine Nachricht erhalten. Gudrun geht es nicht gut und ich entscheide mich dazu, sie anzurufen und zu fragen ob es ihr gefallen w\u00fcrde, wenn ich zu ihr komme um dann in \u00d6sterreich ein paar Tage mit ihr die Expedition fortzusetzen, je nach ihren M\u00f6glichkeiten. Gudrun Pfl\u00fcger war schon seit 2010 gelegentlich auf meinen Alpenexpeditionen dabei und hat W\u00f6lfe viele Jahre in Canada erforscht. Zugleich bin ich zu der Entscheidung gekommen, dass ich in Slowenien schon viel gesehen habe aber ohne bessere Karten es wenig Sinn macht noch weiter zu arbeiten. Gudrun begr\u00fc\u00dft die Idee, so nochmals die Gelegenheit zu haben mitzumachen. Die Reise nach Slowenien w\u00e4re ihr zu anstrengend gewesen. Das bedeutet, ich werde im Prinzip die Expedition ab Sonntag \u00e4ndern bzw. beenden und mir Kroatien zu einem sp\u00e4teren Zeitpunkt vornehmen.<\/p>\n<p>Wir sind dann zur\u00fcckgefahren nach Slowenien und ich habe mit Ignazio noch eine Wanderung von Susak aus bis an die Grenze nach Kroatien unternommen. Das waren insgesamt etwa 8km. Erstmals sind wir die ganze Zeit entlang von B\u00e4chen mit Wasser gewandert. Wir mussten etwa 1,5km \u00fcber ganz alte Waldwege durch den Wald. Dabei haben wir zwei Hirsche gesehen. Weil es am fr\u00fchen morgen nochmals sehr heftig geregnet hatte waren die Chancen auf Spuren eher gering. So blieb es auch nur bei den Spuren von Hirschen. Heute ist der letzte Tag vom Ignazio, bevor er morgen wieder nach Spanien fliegen muss. Wir haben deshalb einen Campingplatz gesucht und waren gegen 17Uhr auf dem Campingplatz bei Skoflie angekommen. Es ist gar nicht einfach in Slowenien Campingpl\u00e4tze zu finden.<\/p>\n<h4>Samstag 20.August<\/h4>\n<p><a href=\"https:\/\/wordpress.derwegderwoelfe.de\/wp-content\/uploads\/2016\/08\/DSCN3572.jpg\"><img loading=\"lazy\" decoding=\"async\" class=\"size-medium wp-image-1441 alignleft\" src=\"https:\/\/wordpress.derwegderwoelfe.de\/wp-content\/uploads\/2016\/08\/DSCN3572-300x191.jpg\" alt=\"DSCN3572\" width=\"300\" height=\"191\" srcset=\"https:\/\/wordpress.derwegderwoelfe.de\/wp-content\/uploads\/2016\/08\/DSCN3572-300x191.jpg 300w, https:\/\/wordpress.derwegderwoelfe.de\/wp-content\/uploads\/2016\/08\/DSCN3572-472x300.jpg 472w, https:\/\/wordpress.derwegderwoelfe.de\/wp-content\/uploads\/2016\/08\/DSCN3572.jpg 640w\" sizes=\"auto, (max-width: 300px) 100vw, 300px\" \/><\/a> <a href=\"https:\/\/wordpress.derwegderwoelfe.de\/wp-content\/uploads\/2016\/08\/DSCN3567.jpg\"><img loading=\"lazy\" decoding=\"async\" class=\"size-medium wp-image-1442 alignright\" src=\"https:\/\/wordpress.derwegderwoelfe.de\/wp-content\/uploads\/2016\/08\/DSCN3567-300x225.jpg\" alt=\"DSCN3567\" width=\"300\" height=\"225\" srcset=\"https:\/\/wordpress.derwegderwoelfe.de\/wp-content\/uploads\/2016\/08\/DSCN3567-300x225.jpg 300w, https:\/\/wordpress.derwegderwoelfe.de\/wp-content\/uploads\/2016\/08\/DSCN3567-400x300.jpg 400w, https:\/\/wordpress.derwegderwoelfe.de\/wp-content\/uploads\/2016\/08\/DSCN3567.jpg 640w\" sizes=\"auto, (max-width: 300px) 100vw, 300px\" \/><\/a>Der Campingplatz war soweit sauber und ok. Nachdem wir gefr\u00fchst\u00fcckt hatten und die Zelte halbwegs trocken waren ging es \u00fcber Triest zum Flughafen. In Triest wollten Inganzio, Mona und Martin eine Pause einlegen um sich die Stadt anzuschauen. Wir hatten Gl\u00fcck und fast im Zentrum ohne zu suchen einen Parkplatz gefunden. F\u00fcr mich sind St\u00e4dte nicht besonders spannend, deswegen bin ich am Auto geblieben, mit der Shira. Gegen 12 Uhr waren alle zur\u00fcck und wir sind zum Flughafen. Nachdem Ignazio zum Check-in ist haben wir uns entschlossen heute noch bis in die Karawanken zu fahren. Das waren zwar nur knapp 160km, aber es ging praktisch nur \u00fcber kurvenreiche zum Teil enge Bergstra\u00dfen rauf und runter. Wir haben dann im Wald auf fast 1000m H\u00f6he einen Platz f\u00fcr ein Lager an der Forststra\u00dfe gefunden und haben das gro\u00dfe Tarp aufgebaut. Als Abendessen gab es nur eine schnelle Nudelsuppe mit belegten Broten. Es war schon sp\u00e4t und es wurde dunkel.<\/p>\n<h4>Sonntag 21.August letzter Tag<\/h4>\n<p><a href=\"https:\/\/wordpress.derwegderwoelfe.de\/wp-content\/uploads\/2016\/08\/IMG_2071.jpg\"><img loading=\"lazy\" decoding=\"async\" class=\"size-medium wp-image-1445 alignleft\" src=\"https:\/\/wordpress.derwegderwoelfe.de\/wp-content\/uploads\/2016\/08\/IMG_2071-300x200.jpg\" alt=\"IMG_2071\" width=\"300\" height=\"200\" srcset=\"https:\/\/wordpress.derwegderwoelfe.de\/wp-content\/uploads\/2016\/08\/IMG_2071-300x200.jpg 300w, https:\/\/wordpress.derwegderwoelfe.de\/wp-content\/uploads\/2016\/08\/IMG_2071-450x300.jpg 450w, https:\/\/wordpress.derwegderwoelfe.de\/wp-content\/uploads\/2016\/08\/IMG_2071.jpg 640w\" sizes=\"auto, (max-width: 300px) 100vw, 300px\" \/><\/a> <a href=\"https:\/\/wordpress.derwegderwoelfe.de\/wp-content\/uploads\/2016\/08\/IMG_2061.jpg\"><img loading=\"lazy\" decoding=\"async\" class=\"size-medium wp-image-1446 alignright\" src=\"https:\/\/wordpress.derwegderwoelfe.de\/wp-content\/uploads\/2016\/08\/IMG_2061-300x200.jpg\" alt=\"IMG_2061\" width=\"300\" height=\"200\" srcset=\"https:\/\/wordpress.derwegderwoelfe.de\/wp-content\/uploads\/2016\/08\/IMG_2061-300x200.jpg 300w, https:\/\/wordpress.derwegderwoelfe.de\/wp-content\/uploads\/2016\/08\/IMG_2061-450x300.jpg 450w, https:\/\/wordpress.derwegderwoelfe.de\/wp-content\/uploads\/2016\/08\/IMG_2061.jpg 640w\" sizes=\"auto, (max-width: 300px) 100vw, 300px\" \/><\/a>In der Nacht fing es an zu regnen, gegen fr\u00fchen morgen so um 4 Uhr herum soga<a href=\"https:\/\/wordpress.derwegderwoelfe.de\/wp-content\/uploads\/2016\/08\/IMG_2075.jpg\"><img loading=\"lazy\" decoding=\"async\" class=\"size-medium wp-image-1444 alignleft\" src=\"https:\/\/wordpress.derwegderwoelfe.de\/wp-content\/uploads\/2016\/08\/IMG_2075-300x200.jpg\" alt=\"IMG_2075\" width=\"300\" height=\"200\" srcset=\"https:\/\/wordpress.derwegderwoelfe.de\/wp-content\/uploads\/2016\/08\/IMG_2075-300x200.jpg 300w, https:\/\/wordpress.derwegderwoelfe.de\/wp-content\/uploads\/2016\/08\/IMG_2075-451x300.jpg 451w, https:\/\/wordpress.derwegderwoelfe.de\/wp-content\/uploads\/2016\/08\/IMG_2075.jpg 640w\" sizes=\"auto, (max-width: 300px) 100vw, 300px\" \/><\/a>r kr\u00e4ftig. Der Boden, auf dem die Heringe befestigt waren, war aufgesch\u00fcttet und wurde weich. Das hatte zur Folge, dass die Heringe des Tarp keinen Halt mehr fanden und das halbe Tarp \u00fcber uns zusammenfiel. Martin und ich mussten dann aufstehen und im Regen zun\u00e4chst das Tarp halten, die Heringe suchen und alles neu abspannen. Ich hatte zwar meinen Regenschirm schon neben meinen Schlafplatz gelegt und Martin seine Regenjacke angezogen, es wurde trotzdem feucht. Das bl\u00f6de war, der Boden war nur unter dem Tarp trocken und fest und bei jedem Druck oder Zug flogen die gerade reingedr\u00fcckten Heringe wieder raus. Ich bin dann los und habe noch schwere Steine gesucht und auf die Heringe gelegt. Dann hielt endlich alles. Daf\u00fcr hatte mein Schlafsack jetzt schon eine Ladung Regen abbekommen. Der ist zum Gl\u00fcck impr\u00e4gniert und die Daunen wurden nicht nass. Weil eine Seite vom Tarp recht hoch war, lief dort ein Teil des Regens auf der Innenseite herunter und tropfte auf unsere K\u00f6pfe. Die letzten Stunden bis zum Morgen haben wir dann versucht so trocken wie m\u00f6glich zu \u00fcberstehen. Am morgen h\u00f6rte es dann endlich auf zu regnen und wir konnten die Nacht als ein weiteres letztes Abenteuer der Expedition einordnen. In alles Gem\u00fctlichkeit haben wir das Tarp abtrocknen lassen und gefr\u00fchst\u00fcckt. Gegen 10 Uhr wollten wir aufbrechen. Wurden aber an der n\u00e4chsten Kreuzung der Forststra\u00dfe angehalten. Wir konnten nicht weiter, denn es fand ein Berglauf statt. So wurden wir zu den letzten Zuschauer des Rennens. Um 11 Uhr konnten wir weiter und sind nach Radstadt zur Gudrun Pfl\u00fcger gefahren.<\/p>\n<h4>Zusammenfassung:<\/h4>\n<p><a href=\"https:\/\/wordpress.derwegderwoelfe.de\/wp-content\/uploads\/2016\/08\/Exped-2016-Karte-mit-Spuren02.jpg\"><img loading=\"lazy\" decoding=\"async\" class=\"size-medium wp-image-1449 alignleft\" src=\"https:\/\/wordpress.derwegderwoelfe.de\/wp-content\/uploads\/2016\/08\/Exped-2016-Karte-mit-Spuren02-300x225.jpg\" alt=\"Exped 2016 Karte mit Spuren02\" width=\"300\" height=\"225\" srcset=\"https:\/\/wordpress.derwegderwoelfe.de\/wp-content\/uploads\/2016\/08\/Exped-2016-Karte-mit-Spuren02-300x225.jpg 300w, https:\/\/wordpress.derwegderwoelfe.de\/wp-content\/uploads\/2016\/08\/Exped-2016-Karte-mit-Spuren02-768x576.jpg 768w, https:\/\/wordpress.derwegderwoelfe.de\/wp-content\/uploads\/2016\/08\/Exped-2016-Karte-mit-Spuren02-400x300.jpg 400w, https:\/\/wordpress.derwegderwoelfe.de\/wp-content\/uploads\/2016\/08\/Exped-2016-Karte-mit-Spuren02.jpg 800w\" sizes=\"auto, (max-width: 300px) 100vw, 300px\" \/><\/a> Der Versuch mir entlang einer gedachten Strecke kleinere Gebiete anzuschauen um dort gezielt nach Wildtierspuren zu suchen hat funktioniert. Auf der Karte habe ich jetzt die f\u00fcr mich relevant erscheinenden Wildtierspuren und Hinweise die ich gefunden habe dargestellt. Die Bedingungen um Wildtierspuren sind in den sehr trockenen Jahreszeiten sehr schwierig zudem waren die Wege \u00fcberwiegend geschottert und es gab nur wenige weiche Bodenstrukturen. Die gro\u00dfen Beutetiere f\u00fcr Luchs und Wolf (Reh, Gams, Rot- und Schwarzwald) konnte ich trotzdem in allen Regionen finden. Ich habe mehr Spuren von Braunb\u00e4ren entdeckt als erwartet. Sie weichen den wenigen Pf\u00fctzen oder schlammigen Bodenstrukturen nicht unbedingt aus. von der lokalen Bev\u00f6lkerung haben wir Informationen erhalten, dass die B\u00e4ren derzeit \u00f6fter in Siedlungsn\u00e4he sind, weil das Obst reif sei. Das hat aber ganz offensichtlich niemanden besonders gek\u00fcmmert. Auff\u00e4llig ist, der wenige M\u00fcll den man findet oder riecht, die M\u00fclltrennung und die Sauberkeit bei den H\u00e4usern und im Wald. Seit der konsequenten \u00c4nderung des M\u00fcllmanagements tauchen die B\u00e4ren kaum noch in den Siedlungen auf, abgesehen von dem Besuch der Obstb\u00e4ume. Die meisten Obstb\u00e4ume stehen aber in der Umgebung der Siedlungen oder Einzelh\u00f6fen, nicht mitten drin. Interessant war, dass die Bienenh\u00e4user im oder am Wald mit einem Elektrozaun gesch\u00fctzt waren und die Bienen in direkter Haus oder Dorfn\u00e4he nicht. Im Verh\u00e4ltnis zu anderen L\u00e4ndern habe ich eher weniger Schafe oder Ziegen gesehen. Die waren aber zum gro\u00dfen Teil doch eher recht nachl\u00e4ssig gesch\u00fctzt. Von der Lokalbev\u00f6lkerung habe wir eher geh\u00f6rt, dass es zu viele W\u00f6lfe geben w\u00fcrde, denn es g\u00e4be zu viele Sch\u00e4den. Als Informationsquelle wurden zuerst die J\u00e4ger genannt. Die offiziellen Zahlen aus der Wildtierforschung der W\u00f6lfe in Slowenien liegen deutlich unter 100 W\u00f6lfe. Diese doch eher sehr kleine Wolfspopulation konzentrieren sich auf die s\u00fcdlichen Gebiete nach Kroatien angrenzend. Der Lebensraum den gro\u00dfe Beutegreifer in Slowenien nutzten k\u00f6nnten ist riesig. Nahrung gibt es ausreichend, allerdings zum Teil in schwierigem Gel\u00e4nde. Obwohl die Konfliktfelder mit Braunb\u00e4ren sehr vielf\u00e4ltig und gr\u00f6\u00dfer sind als mit Wolf und Luchs, wird der B\u00e4r ganz offensichtlich besser akzeptiert als Wolf oder Luchs. Die Situation um den Luchs in Slowenien kann man nur als katastrophal bezeichnen. Um allerdings eine Chance zu haben Spuren und Hinweise vom Luchs zu finden, muss ich in einer anderen Jahreszeit suchen, oder sehr viel Gl\u00fcck haben. Die zuk\u00fcnftigen Expeditionen werde ich nach \u00e4hnlicher Methode durchf\u00fchren, in verschiedenen Jahreszeiten. Im Winter allerdings mit der Nutzung von Pensionen.<\/p>\n","protected":false},"excerpt":{"rendered":"<p>Der Weg der W\u00f6lfe Tagebuch 2016 Slowenien\/Kroatien Montag 8.August Um 6 Uhr morgens bin ich aufgestanden und hab zun\u00e4chst eine Runde mit Shira gedreht. Das war jetzt die letzte Nacht im eigenen Bett f\u00fcr mindestens 3 Wochen. Eigentlich ist die &hellip; <a class=\"more-link\" href=\"https:\/\/wordpress.derwegderwoelfe.de\/?page_id=1397\">Weiterlesen <span class=\"meta-nav\">&rarr;<\/span><\/a><\/p>\n","protected":false},"author":1,"featured_media":0,"parent":0,"menu_order":0,"comment_status":"closed","ping_status":"closed","template":"","meta":{"footnotes":""},"class_list":["post-1397","page","type-page","status-publish","hentry"],"_links":{"self":[{"href":"https:\/\/wordpress.derwegderwoelfe.de\/index.php?rest_route=\/wp\/v2\/pages\/1397","targetHints":{"allow":["GET"]}}],"collection":[{"href":"https:\/\/wordpress.derwegderwoelfe.de\/index.php?rest_route=\/wp\/v2\/pages"}],"about":[{"href":"https:\/\/wordpress.derwegderwoelfe.de\/index.php?rest_route=\/wp\/v2\/types\/page"}],"author":[{"embeddable":true,"href":"https:\/\/wordpress.derwegderwoelfe.de\/index.php?rest_route=\/wp\/v2\/users\/1"}],"replies":[{"embeddable":true,"href":"https:\/\/wordpress.derwegderwoelfe.de\/index.php?rest_route=%2Fwp%2Fv2%2Fcomments&post=1397"}],"version-history":[{"count":12,"href":"https:\/\/wordpress.derwegderwoelfe.de\/index.php?rest_route=\/wp\/v2\/pages\/1397\/revisions"}],"predecessor-version":[{"id":1451,"href":"https:\/\/wordpress.derwegderwoelfe.de\/index.php?rest_route=\/wp\/v2\/pages\/1397\/revisions\/1451"}],"wp:attachment":[{"href":"https:\/\/wordpress.derwegderwoelfe.de\/index.php?rest_route=%2Fwp%2Fv2%2Fmedia&parent=1397"}],"curies":[{"name":"wp","href":"https:\/\/api.w.org\/{rel}","templated":true}]}}