{"id":38,"date":"2013-08-04T10:24:46","date_gmt":"2013-08-04T10:24:46","guid":{"rendered":"http:\/\/wordpress.derwegderwoelfe.de\/?page_id=38"},"modified":"2023-01-13T12:46:22","modified_gmt":"2023-01-13T11:46:22","slug":"expeditionen","status":"publish","type":"page","link":"https:\/\/wordpress.derwegderwoelfe.de\/?page_id=38","title":{"rendered":"Expeditionen"},"content":{"rendered":"<h2 style=\"text-align: left;\"><a href=\"https:\/\/wordpress.derwegderwoelfe.de\/?page_id=1239\"><span style=\"color: #ff6600;\">Expedition 2023: weitere Infos hier klicken&#8230;. <\/span><\/a><\/h2>\n<p>Meine n\u00e4chste lange Expedition ist nachdem ich sie jetzt merhfach verschieben musste im Sp\u00e4tsommer\/Herbst 2023 geplant. Von Portugal bis in die Pyren\u00e4en und 2024 von den Pyren\u00e4en bis in den Schwarzwald. Nach vielen \u00dcberlegungen habe ich mich dazu entschieden mein Expeditionsfahrzeug mitzunehmen. Entlang der geplanten Strecke plane ich etwa alle 60-100km ein kleines Expeditionsgebiet. Dort parke ich den Wagen und erwandere die Umgebung f\u00fcr mehrere Tage. Dann geht es mit dem Fahrzeug zum n\u00e4chsten Gebiet.<\/p>\n<p>Vorteil: Ich kann die Regionen intensiver entdecken und kann die gesammelten Daten sofort am Auto verarbeiten. Au\u00dferdem bin ich lokal flexibler in der Ortsauswahl und \u00fcbrigens auch bei Waldbrandgefahr.<\/p>\n<p>Die blaue Strecke von Portugal, Spanien, Frankreich bis Deutschland zeigt den ungef\u00e4hren Verlauf der Expedition. Ihr seht \u00fcbrigens auch schon die vorgesehene Italienexpedition, die ich im Kopf habe.<\/p>\n<p>Die roten Linien sind die alten Expeditionen von 2005-2016.<\/p>\n<p><a href=\"https:\/\/wordpress.derwegderwoelfe.de\/wp-content\/uploads\/2019\/09\/Der-Weg-der-W\u00f6lfe-Expeditionsstrecken-2019.jpg\"><img loading=\"lazy\" decoding=\"async\" class=\"aligncenter size-large wp-image-2527\" src=\"https:\/\/wordpress.derwegderwoelfe.de\/wp-content\/uploads\/2019\/09\/Der-Weg-der-W\u00f6lfe-Expeditionsstrecken-2019-1024x727.jpg\" alt=\"\" width=\"940\" height=\"667\" srcset=\"https:\/\/wordpress.derwegderwoelfe.de\/wp-content\/uploads\/2019\/09\/Der-Weg-der-W\u00f6lfe-Expeditionsstrecken-2019-1024x727.jpg 1024w, https:\/\/wordpress.derwegderwoelfe.de\/wp-content\/uploads\/2019\/09\/Der-Weg-der-W\u00f6lfe-Expeditionsstrecken-2019-300x213.jpg 300w, https:\/\/wordpress.derwegderwoelfe.de\/wp-content\/uploads\/2019\/09\/Der-Weg-der-W\u00f6lfe-Expeditionsstrecken-2019-768x545.jpg 768w, https:\/\/wordpress.derwegderwoelfe.de\/wp-content\/uploads\/2019\/09\/Der-Weg-der-W\u00f6lfe-Expeditionsstrecken-2019-422x300.jpg 422w\" sizes=\"auto, (max-width: 940px) 100vw, 940px\" \/><\/a><\/p>\n<h2><span style=\"color: #008000;\">Expeditionen 2005-2016<\/span><\/h2>\n<div id=\"attachment_1457\" style=\"width: 660px\" class=\"wp-caption aligncenter\"><a href=\"https:\/\/wordpress.derwegderwoelfe.de\/?page_id=1397\"><img loading=\"lazy\" decoding=\"async\" aria-describedby=\"caption-attachment-1457\" class=\"wp-image-1457 size-full\" src=\"https:\/\/wordpress.derwegderwoelfe.de\/wp-content\/uploads\/2016\/09\/DSCN3491.jpg\" alt=\"DSCN3491\" width=\"650\" height=\"196\" srcset=\"https:\/\/wordpress.derwegderwoelfe.de\/wp-content\/uploads\/2016\/09\/DSCN3491.jpg 650w, https:\/\/wordpress.derwegderwoelfe.de\/wp-content\/uploads\/2016\/09\/DSCN3491-300x90.jpg 300w, https:\/\/wordpress.derwegderwoelfe.de\/wp-content\/uploads\/2016\/09\/DSCN3491-500x151.jpg 500w\" sizes=\"auto, (max-width: 650px) 100vw, 650px\" \/><\/a><p id=\"caption-attachment-1457\" class=\"wp-caption-text\">2016 Expedition: \u00d6sterreich-Kroatien 8.- 28.August 2016, mehr&#8230;.<\/p><\/div>\n<div id=\"attachment_981\" style=\"width: 660px\" class=\"wp-caption aligncenter\"><a href=\"https:\/\/wordpress.derwegderwoelfe.de\/wp-content\/uploads\/2015\/07\/IMG_0736.jpg\"><img loading=\"lazy\" decoding=\"async\" aria-describedby=\"caption-attachment-981\" class=\"wp-image-981\" src=\"https:\/\/wordpress.derwegderwoelfe.de\/wp-content\/uploads\/2015\/07\/IMG_0736-e1465293046983-300x79.jpg\" alt=\"IMG_0736\" width=\"650\" height=\"172\" srcset=\"https:\/\/wordpress.derwegderwoelfe.de\/wp-content\/uploads\/2015\/07\/IMG_0736-e1465293046983-300x79.jpg 300w, https:\/\/wordpress.derwegderwoelfe.de\/wp-content\/uploads\/2015\/07\/IMG_0736-e1465293046983-500x132.jpg 500w, https:\/\/wordpress.derwegderwoelfe.de\/wp-content\/uploads\/2015\/07\/IMG_0736-e1465293046983.jpg 640w\" sizes=\"auto, (max-width: 650px) 100vw, 650px\" \/><\/a><p id=\"caption-attachment-981\" class=\"wp-caption-text\">2015 Expedition: Spessart &#8211; S\u00fcdvogesen, mehr&#8230;<\/p><\/div>\n<div id=\"attachment_750\" style=\"width: 660px\" class=\"wp-caption aligncenter\"><a href=\"https:\/\/wordpress.derwegderwoelfe.de\/?page_id=496\"><img loading=\"lazy\" decoding=\"async\" aria-describedby=\"caption-attachment-750\" class=\"wp-image-750\" src=\"https:\/\/wordpress.derwegderwoelfe.de\/wp-content\/uploads\/2014\/08\/IMG_9687-e1465292485723-300x75.jpg\" alt=\"IMG_9687\" width=\"650\" height=\"163\" srcset=\"https:\/\/wordpress.derwegderwoelfe.de\/wp-content\/uploads\/2014\/08\/IMG_9687-e1465292485723-300x75.jpg 300w, https:\/\/wordpress.derwegderwoelfe.de\/wp-content\/uploads\/2014\/08\/IMG_9687-e1465292485723-500x125.jpg 500w, https:\/\/wordpress.derwegderwoelfe.de\/wp-content\/uploads\/2014\/08\/IMG_9687-e1465292485723.jpg 640w\" sizes=\"auto, (max-width: 650px) 100vw, 650px\" \/><\/a><p id=\"caption-attachment-750\" class=\"wp-caption-text\">2013\/14 Deutschlandexpeditionen: Rietschen &#8211; Pforzheim, mehr&#8230;.<\/p><\/div>\n<div id=\"attachment_1200\" style=\"width: 660px\" class=\"wp-caption aligncenter\"><a href=\"https:\/\/wordpress.derwegderwoelfe.de\/?page_id=2361\"><img loading=\"lazy\" decoding=\"async\" aria-describedby=\"caption-attachment-1200\" class=\"wp-image-1200 size-full\" src=\"https:\/\/wordpress.derwegderwoelfe.de\/wp-content\/uploads\/2016\/06\/Expedition-Mittelgebirge.jpg\" alt=\"Expedition Mittelgebirge\" width=\"650\" height=\"213\" srcset=\"https:\/\/wordpress.derwegderwoelfe.de\/wp-content\/uploads\/2016\/06\/Expedition-Mittelgebirge.jpg 650w, https:\/\/wordpress.derwegderwoelfe.de\/wp-content\/uploads\/2016\/06\/Expedition-Mittelgebirge-300x98.jpg 300w, https:\/\/wordpress.derwegderwoelfe.de\/wp-content\/uploads\/2016\/06\/Expedition-Mittelgebirge-500x164.jpg 500w\" sizes=\"auto, (max-width: 650px) 100vw, 650px\" \/><\/a><p id=\"caption-attachment-1200\" class=\"wp-caption-text\">2012 Alpenexpedition: Lago Maggiore &#8211; Pforzheim, mehr..<\/p><\/div>\n<div id=\"attachment_1199\" style=\"width: 660px\" class=\"wp-caption aligncenter\"><a href=\"https:\/\/wordpress.derwegderwoelfe.de\/?page_id=2356\"><img loading=\"lazy\" decoding=\"async\" aria-describedby=\"caption-attachment-1199\" class=\"wp-image-1199 size-full\" src=\"https:\/\/wordpress.derwegderwoelfe.de\/wp-content\/uploads\/2016\/06\/IMG_1445-e1465293106841.jpg\" alt=\"IMG_1445\" width=\"650\" height=\"183\" srcset=\"https:\/\/wordpress.derwegderwoelfe.de\/wp-content\/uploads\/2016\/06\/IMG_1445-e1465293106841.jpg 650w, https:\/\/wordpress.derwegderwoelfe.de\/wp-content\/uploads\/2016\/06\/IMG_1445-e1465293106841-300x84.jpg 300w, https:\/\/wordpress.derwegderwoelfe.de\/wp-content\/uploads\/2016\/06\/IMG_1445-e1465293106841-500x141.jpg 500w\" sizes=\"auto, (max-width: 650px) 100vw, 650px\" \/><\/a><p id=\"caption-attachment-1199\" class=\"wp-caption-text\">2011 Alpenexpedition: Scuol &#8211; Menton, mehr&#8230;.<\/p><\/div>\n<div id=\"attachment_912\" style=\"width: 660px\" class=\"wp-caption aligncenter\"><a href=\"https:\/\/wordpress.derwegderwoelfe.de\/?page_id=859\"><img loading=\"lazy\" decoding=\"async\" aria-describedby=\"caption-attachment-912\" class=\"wp-image-912\" src=\"https:\/\/wordpress.derwegderwoelfe.de\/wp-content\/uploads\/2015\/07\/DSCN2620-e1465292589485-300x70.jpg\" alt=\"DSCN2620\" width=\"650\" height=\"152\" srcset=\"https:\/\/wordpress.derwegderwoelfe.de\/wp-content\/uploads\/2015\/07\/DSCN2620-e1465292589485-300x70.jpg 300w, https:\/\/wordpress.derwegderwoelfe.de\/wp-content\/uploads\/2015\/07\/DSCN2620-e1465292589485-500x117.jpg 500w, https:\/\/wordpress.derwegderwoelfe.de\/wp-content\/uploads\/2015\/07\/DSCN2620-e1465292589485.jpg 640w\" sizes=\"auto, (max-width: 650px) 100vw, 650px\" \/><\/a><p id=\"caption-attachment-912\" class=\"wp-caption-text\">2010 Alpenexpedition: Mariazell &#8211; Scuol, mehr&#8230;.<\/p><\/div>\n<div id=\"attachment_419\" style=\"width: 660px\" class=\"wp-caption aligncenter\"><a href=\"https:\/\/wordpress.derwegderwoelfe.de\/?page_id=856\"><img loading=\"lazy\" decoding=\"async\" aria-describedby=\"caption-attachment-419\" class=\"wp-image-419\" src=\"https:\/\/wordpress.derwegderwoelfe.de\/wp-content\/uploads\/2013\/12\/cropped-exped05-300x60.jpg\" alt=\"cropped-exped05.jpg\" width=\"650\" height=\"130\" srcset=\"https:\/\/wordpress.derwegderwoelfe.de\/wp-content\/uploads\/2013\/12\/cropped-exped05-300x60.jpg 300w, https:\/\/wordpress.derwegderwoelfe.de\/wp-content\/uploads\/2013\/12\/cropped-exped05-500x100.jpg 500w, https:\/\/wordpress.derwegderwoelfe.de\/wp-content\/uploads\/2013\/12\/cropped-exped05.jpg 925w\" sizes=\"auto, (max-width: 650px) 100vw, 650px\" \/><\/a><p id=\"caption-attachment-419\" class=\"wp-caption-text\">2008 Tschechienexpedition: Beskiden &#8211; Bayerischer Wald, mehr&#8230;<\/p><\/div>\n<div id=\"attachment_415\" style=\"width: 660px\" class=\"wp-caption aligncenter\"><a href=\"https:\/\/wordpress.derwegderwoelfe.de\/?page_id=851\"><img loading=\"lazy\" decoding=\"async\" aria-describedby=\"caption-attachment-415\" class=\"wp-image-415\" src=\"https:\/\/wordpress.derwegderwoelfe.de\/wp-content\/uploads\/2013\/12\/cropped-Exped02-300x60.jpg\" alt=\"cropped-Exped02.jpg\" width=\"650\" height=\"130\" srcset=\"https:\/\/wordpress.derwegderwoelfe.de\/wp-content\/uploads\/2013\/12\/cropped-Exped02-300x60.jpg 300w, https:\/\/wordpress.derwegderwoelfe.de\/wp-content\/uploads\/2013\/12\/cropped-Exped02-500x100.jpg 500w, https:\/\/wordpress.derwegderwoelfe.de\/wp-content\/uploads\/2013\/12\/cropped-Exped02.jpg 940w\" sizes=\"auto, (max-width: 650px) 100vw, 650px\" \/><\/a><p id=\"caption-attachment-415\" class=\"wp-caption-text\">2006 West-S\u00fcd Karpatenexpedition Rum\u00e4nien: Apuseni &#8211; Piatra Craiului<\/p><\/div>\n<div id=\"attachment_416\" style=\"width: 660px\" class=\"wp-caption aligncenter\"><a href=\"https:\/\/wordpress.derwegderwoelfe.de\/?page_id=851\"><img loading=\"lazy\" decoding=\"async\" aria-describedby=\"caption-attachment-416\" class=\"wp-image-416\" src=\"https:\/\/wordpress.derwegderwoelfe.de\/wp-content\/uploads\/2013\/12\/cropped-March-300x60.jpg\" alt=\"cropped-March.jpg\" width=\"650\" height=\"130\" srcset=\"https:\/\/wordpress.derwegderwoelfe.de\/wp-content\/uploads\/2013\/12\/cropped-March-300x60.jpg 300w, https:\/\/wordpress.derwegderwoelfe.de\/wp-content\/uploads\/2013\/12\/cropped-March-500x100.jpg 500w, https:\/\/wordpress.derwegderwoelfe.de\/wp-content\/uploads\/2013\/12\/cropped-March.jpg 940w\" sizes=\"auto, (max-width: 650px) 100vw, 650px\" \/><\/a><p id=\"caption-attachment-416\" class=\"wp-caption-text\">2006 Karpaten-Alpenexpeditionen Slowakei-\u00d6sterreich: Hohe Tatra &#8211; Mariazell<\/p><\/div>\n<h4><\/h4>\n<div id=\"attachment_422\" style=\"width: 660px\" class=\"wp-caption aligncenter\"><a href=\"https:\/\/wordpress.derwegderwoelfe.de\/?page_id=845\"><img loading=\"lazy\" decoding=\"async\" aria-describedby=\"caption-attachment-422\" class=\"wp-image-422\" src=\"https:\/\/wordpress.derwegderwoelfe.de\/wp-content\/uploads\/2013\/12\/cropped-exped04-300x60.jpg\" alt=\"cropped-exped04.jpg\" width=\"650\" height=\"130\" srcset=\"https:\/\/wordpress.derwegderwoelfe.de\/wp-content\/uploads\/2013\/12\/cropped-exped04-300x60.jpg 300w, https:\/\/wordpress.derwegderwoelfe.de\/wp-content\/uploads\/2013\/12\/cropped-exped04-500x100.jpg 500w, https:\/\/wordpress.derwegderwoelfe.de\/wp-content\/uploads\/2013\/12\/cropped-exped04.jpg 940w\" sizes=\"auto, (max-width: 650px) 100vw, 650px\" \/><\/a><p id=\"caption-attachment-422\" class=\"wp-caption-text\">2005 erste Expedition,\u00a0 Rum\u00e4nien &#8211; Deutschland: Piatra Craiului &#8211; Rietschen &gt;2200km, mehr&#8230;<\/p><\/div>\n","protected":false},"excerpt":{"rendered":"<p>Expedition 2023: weitere Infos hier klicken&#8230;. Meine n\u00e4chste lange Expedition ist nachdem ich sie jetzt merhfach verschieben musste im Sp\u00e4tsommer\/Herbst 2023 geplant. Von Portugal bis in die Pyren\u00e4en und 2024 von den Pyren\u00e4en bis in den Schwarzwald. Nach vielen \u00dcberlegungen &hellip; <a class=\"more-link\" href=\"https:\/\/wordpress.derwegderwoelfe.de\/?page_id=38\">Weiterlesen <span class=\"meta-nav\">&rarr;<\/span><\/a><\/p>\n","protected":false},"author":1,"featured_media":0,"parent":0,"menu_order":0,"comment_status":"closed","ping_status":"closed","template":"","meta":{"footnotes":""},"class_list":["post-38","page","type-page","status-publish","hentry"],"_links":{"self":[{"href":"https:\/\/wordpress.derwegderwoelfe.de\/index.php?rest_route=\/wp\/v2\/pages\/38","targetHints":{"allow":["GET"]}}],"collection":[{"href":"https:\/\/wordpress.derwegderwoelfe.de\/index.php?rest_route=\/wp\/v2\/pages"}],"about":[{"href":"https:\/\/wordpress.derwegderwoelfe.de\/index.php?rest_route=\/wp\/v2\/types\/page"}],"author":[{"embeddable":true,"href":"https:\/\/wordpress.derwegderwoelfe.de\/index.php?rest_route=\/wp\/v2\/users\/1"}],"replies":[{"embeddable":true,"href":"https:\/\/wordpress.derwegderwoelfe.de\/index.php?rest_route=%2Fwp%2Fv2%2Fcomments&post=38"}],"version-history":[{"count":104,"href":"https:\/\/wordpress.derwegderwoelfe.de\/index.php?rest_route=\/wp\/v2\/pages\/38\/revisions"}],"predecessor-version":[{"id":3280,"href":"https:\/\/wordpress.derwegderwoelfe.de\/index.php?rest_route=\/wp\/v2\/pages\/38\/revisions\/3280"}],"wp:attachment":[{"href":"https:\/\/wordpress.derwegderwoelfe.de\/index.php?rest_route=%2Fwp%2Fv2%2Fmedia&parent=38"}],"curies":[{"name":"wp","href":"https:\/\/api.w.org\/{rel}","templated":true}]}}