{"id":44,"date":"2013-08-04T10:38:31","date_gmt":"2013-08-04T10:38:31","guid":{"rendered":"http:\/\/wordpress.derwegderwoelfe.de\/?page_id=44"},"modified":"2024-01-28T12:41:31","modified_gmt":"2024-01-28T11:41:31","slug":"exkursionen","status":"publish","type":"page","link":"https:\/\/wordpress.derwegderwoelfe.de\/?page_id=44","title":{"rendered":"Exkursionen Rum\u00e4nien"},"content":{"rendered":"<h1 style=\"text-align: center;\"><strong>&#8222;Wild Life on Tour&#8220; <\/strong><\/h1>\n<h1 style=\"text-align: center;\"><strong>gef\u00fchrte Wanderungen in den Karpaten<br \/>\n<\/strong><\/h1>\n<h2><a href=\"https:\/\/wordpress.derwegderwoelfe.de\/?p=3243\"><span style=\"color: #ff6600;\"><strong>Aktuell gibt es noch keine neuen Termine f\u00fcr meine Erlebnis- und Bildungswanderungen<br \/>\n<\/strong><\/span><\/a><\/h2>\n<p>Meine Exkursionstermine stehen jetzt auch schon f\u00fcr 2024 fest. Anders als bisher plane ich von Ostern bis Pfingsten in Rum\u00e4nien zu bleiben und biete deswegen viele Termine an. Wenn es sich so bew\u00e4hrt, werde ich zuk\u00fcnftig bei dem Zeitfenster von Ostern bis Pfingsten f\u00fcr meine Exkursioinen in den Karpaten bleiben.<\/p>\n<p><span style=\"color: #ff6600;\"><strong> <a href=\"https:\/\/www.perlenfaenger.com\/reiseziele\/rumaenien\"><img loading=\"lazy\" decoding=\"async\" class=\"wp-image-1502 alignright\" src=\"https:\/\/wordpress.derwegderwoelfe.de\/wp-content\/uploads\/2013\/08\/Logo-Perlenf\u00e4nger-schwarz.jpg\" width=\"200\" height=\"131\" \/><\/a><\/strong><\/span><\/p>\n<ul>\n<li><strong>die typische Gruppengr\u00f6\u00dfe liegt bei 1-3 Teilnehmer pro Woche. <\/strong><\/li>\n<li><strong>gr\u00f6\u00dfere Gruppen sind m\u00f6glich f\u00fcr Verb\u00e4nde, Organisationen oder Unternehmen.\u00a0<\/strong> <strong>Ansprechpartner: <a href=\"https:\/\/www.perlenfaenger.com\/reiseziele\/rumaenien\">Perlenf\u00e4nger Sabine Bengtsson<\/a><\/strong><\/li>\n<li><strong>Individualtouren:<\/strong> Alles erfolgt in pers\u00f6nlicher Absprache mit mir.<\/li>\n<li><strong>Praktikum\/Fortbildung als Campingtour mit Fahrzeug bis zu 3 Teilnehmer: <\/strong>speziell vorgesehen f\u00fcr Studenten, Schulpraktikanten, Auszubildende, F\u00d6Jler, Bufdis. Anmeldungen direkt bei mir<br \/>\n<h3><a href=\"https:\/\/wordpress.derwegderwoelfe.de\/?page_id=2\">Kontaktdaten siehe Impressum.<\/a><\/h3>\n<\/li>\n<\/ul>\n<h3>Neu: virtuelle Exkursionen f\u00fcr die Menschen die nicht in der Lage sind an einer meiner gef\u00fchrten Exkursionen teilzunehmen.<\/h3>\n<p>Seit 1994 besch\u00e4ftigt ich mich mit W\u00f6lfen, B\u00e4ren und Luchsen und den Menschen in einem gemeinsam und vielf\u00e4ltig genutzten Lebensraum. Studiert habe ich angefangen mit Biologie und habe dann gewechselt zum internationalen Studiengang &#8222;Animal Managment&#8220;, oder besser &#8222;Human-Wildlife-Management&#8220;. Dabei geht es kurz gesagt und das die Coexsistenz von Menschen und Widltieren in einem gemeinsam genutzen Lebensraum.<\/p>\n<p>Nach vielen Jahren der Forschungsarbeit mit den gro\u00dfen Beutegreifer und deren Anpassungsf\u00e4higkeiten an Kulturlandschaften habe ich heutzutage den Schwerpunkt auf der Bildungsarbeit verlagert. Neben vielen Vortr\u00e4gen und Schulprojekten intensiviere ich nun wieder meine Angebote f\u00fcr gr\u00f6\u00dfere und kleine sehr spezielle Reisegruppen. <a href=\"https:\/\/wordpress.derwegderwoelfe.de\/wp-content\/uploads\/2013\/08\/IMG_3391.jpg\"><img loading=\"lazy\" decoding=\"async\" class=\"alignleft wp-image-54\" src=\"https:\/\/wordpress.derwegderwoelfe.de\/wp-content\/uploads\/2013\/08\/IMG_3391-300x199.jpg\" alt=\"IMG_3391\" width=\"650\" height=\"433\" srcset=\"https:\/\/wordpress.derwegderwoelfe.de\/wp-content\/uploads\/2013\/08\/IMG_3391-300x199.jpg 300w, https:\/\/wordpress.derwegderwoelfe.de\/wp-content\/uploads\/2013\/08\/IMG_3391-450x300.jpg 450w, https:\/\/wordpress.derwegderwoelfe.de\/wp-content\/uploads\/2013\/08\/IMG_3391.jpg 800w\" sizes=\"auto, (max-width: 650px) 100vw, 650px\" \/><\/a>Die Touren sind stets eine spannende Mischung aus Abenteuer, Erlebnissen mit Wildtieren, den Menschen und ihrer Kultur und Vermittlung von Erfahrungen mit allen Fragen zum Umgang mit W\u00f6lfen, Luchsen und B\u00e4ren. Eine Woche wandern wir in Tagesexkursionen durch die aufregenden W\u00e4lder und den abwechslungsreichen Kulturlandschaften der rum\u00e4nischen Karpaten, meinem ehemaligem Einsatzgebiet f\u00fcr die Forschungsarbeiten.\u00a0In Deutschland, \u00d6sterreich und der Schweiz werden wir noch \u00fcber Jahre lernen m\u00fcssen wie man den Lebensraum mit W\u00f6lfen teilt und wie man Konflikte vermeiden oder reduzieren kann. Rum\u00e4nien hat davon alles und reichlich mit allen m\u00f6glichen und unm\u00f6glichen Situationen, dazu noch viel Kultur und Natur. Ein Fundus an Abenteuern und praktischen Erfahrungen im Umgang mit Wolf, B\u00e4r und Luchs. Ein Land das zwischen Vergangenheit und Zukunft steht.<\/p>\n<h2>Impressionen Karpaten Fr\u00fchjahr \r\n\t<div class=\"slideshow_container slideshow_container_style-dark\" style=\"height: 300px; \" data-slideshow-id=\"1535\" data-style-name=\"style-dark\" data-style-version=\"2.3.1\" >\r\n\r\n\t\t\t\t\t<div class=\"slideshow_loading_icon\"><\/div>\r\n\t\t\r\n\t\t<div class=\"slideshow_content\" style=\"display: none;\">\r\n\r\n\t\t\t<div class=\"slideshow_view\">\r\n\t\t\t\t<div class=\"slideshow_slide slideshow_slide_image\">\r\n\t\t\t\t\t\t\t\t\t\t\t<img src=\"https:\/\/wordpress.derwegderwoelfe.de\/wp-content\/uploads\/2017\/05\/DSCN4240.jpg\" alt=\"Pause am Piatra Craiului\" width=\"500\" height=\"284\" \/>\r\n\t\t\t\t\t\t\t\t\t\t<div class=\"slideshow_description_box slideshow_transparent\">\r\n\t\t\t\t\t\t<div class=\"slideshow_title\">Pause am Piatra Craiului<\/div>\t\t\t\t\t\t\t\t\t\t\t<\/div>\r\n\t\t\t\t<\/div>\r\n\r\n\t\t\t\t\t\t<div style=\"clear: both;\"><\/div><\/div><div class=\"slideshow_view\">\r\n\t\t\t\t<div class=\"slideshow_slide slideshow_slide_image\">\r\n\t\t\t\t\t\t\t\t\t\t\t<img src=\"https:\/\/wordpress.derwegderwoelfe.de\/wp-content\/uploads\/2017\/05\/DSCN4233.jpg\" alt=\"B\u00e4renspuren\" width=\"375\" height=\"500\" \/>\r\n\t\t\t\t\t\t\t\t\t\t<div class=\"slideshow_description_box slideshow_transparent\">\r\n\t\t\t\t\t\t<div class=\"slideshow_title\">B\u00e4renspuren<\/div>\t\t\t\t\t\t\t\t\t\t\t<\/div>\r\n\t\t\t\t<\/div>\r\n\r\n\t\t\t\t\t\t<div style=\"clear: both;\"><\/div><\/div><div class=\"slideshow_view\">\r\n\t\t\t\t<div class=\"slideshow_slide slideshow_slide_image\">\r\n\t\t\t\t\t\t\t\t\t\t\t<img src=\"https:\/\/wordpress.derwegderwoelfe.de\/wp-content\/uploads\/2017\/05\/IMG_2694.jpg\" alt=\"Froschperspektive\" width=\"500\" height=\"332\" \/>\r\n\t\t\t\t\t\t\t\t\t\t<div class=\"slideshow_description_box slideshow_transparent\">\r\n\t\t\t\t\t\t<div class=\"slideshow_title\">Froschperspektive<\/div>\t\t\t\t\t\t\t\t\t\t\t<\/div>\r\n\t\t\t\t<\/div>\r\n\r\n\t\t\t\t\t\t<div style=\"clear: both;\"><\/div><\/div><div class=\"slideshow_view\">\r\n\t\t\t\t<div class=\"slideshow_slide slideshow_slide_image\">\r\n\t\t\t\t\t\t\t\t\t\t\t<img src=\"https:\/\/wordpress.derwegderwoelfe.de\/wp-content\/uploads\/2017\/05\/DSCN4226.jpg\" alt=\"Haare am Baum? B\u00e4r\" width=\"500\" height=\"426\" \/>\r\n\t\t\t\t\t\t\t\t\t\t<div class=\"slideshow_description_box slideshow_transparent\">\r\n\t\t\t\t\t\t<div class=\"slideshow_title\">Haare am Baum? B\u00e4r<\/div>\t\t\t\t\t\t\t\t\t\t\t<\/div>\r\n\t\t\t\t<\/div>\r\n\r\n\t\t\t\t\t\t<div style=\"clear: both;\"><\/div><\/div><div class=\"slideshow_view\">\r\n\t\t\t\t<div class=\"slideshow_slide slideshow_slide_image\">\r\n\t\t\t\t\t\t\t\t\t\t\t<img src=\"https:\/\/wordpress.derwegderwoelfe.de\/wp-content\/uploads\/2017\/05\/IMAG0029.AVI_snapshot_00.05_2017.04.27_06.49.37.jpg\" alt=\"Wildtierkamera\" width=\"640\" height=\"480\" \/>\r\n\t\t\t\t\t\t\t\t\t\t<div class=\"slideshow_description_box slideshow_transparent\">\r\n\t\t\t\t\t\t<div class=\"slideshow_title\">Wildtierkamera<\/div>\t\t\t\t\t\t\t\t\t\t\t<\/div>\r\n\t\t\t\t<\/div>\r\n\r\n\t\t\t\t\t\t<div style=\"clear: both;\"><\/div><\/div><div class=\"slideshow_view\">\r\n\t\t\t\t<div class=\"slideshow_slide slideshow_slide_image\">\r\n\t\t\t\t\t\t\t\t\t\t\t<img src=\"https:\/\/wordpress.derwegderwoelfe.de\/wp-content\/uploads\/2017\/05\/IMG_2679.jpg\" alt=\"B\u00e4renbegegnung\" width=\"500\" height=\"411\" \/>\r\n\t\t\t\t\t\t\t\t\t\t<div class=\"slideshow_description_box slideshow_transparent\">\r\n\t\t\t\t\t\t<div class=\"slideshow_title\">B\u00e4renbegegnung<\/div>\t\t\t\t\t\t\t\t\t\t\t<\/div>\r\n\t\t\t\t<\/div>\r\n\r\n\t\t\t\t\t\t<div style=\"clear: both;\"><\/div><\/div><div class=\"slideshow_view\">\r\n\t\t\t\t<div class=\"slideshow_slide slideshow_slide_image\">\r\n\t\t\t\t\t\t\t\t\t\t\t<img src=\"https:\/\/wordpress.derwegderwoelfe.de\/wp-content\/uploads\/2017\/05\/IMG_2660.jpg\" alt=\"Rehbegegnung\" width=\"500\" height=\"322\" \/>\r\n\t\t\t\t\t\t\t\t\t\t<div class=\"slideshow_description_box slideshow_transparent\">\r\n\t\t\t\t\t\t<div class=\"slideshow_title\">Rehbegegnung<\/div>\t\t\t\t\t\t\t\t\t\t\t<\/div>\r\n\t\t\t\t<\/div>\r\n\r\n\t\t\t\t\t\t<div style=\"clear: both;\"><\/div><\/div><div class=\"slideshow_view\">\r\n\t\t\t\t<div class=\"slideshow_slide slideshow_slide_image\">\r\n\t\t\t\t\t\t\t\t\t\t\t<img src=\"https:\/\/wordpress.derwegderwoelfe.de\/wp-content\/uploads\/2017\/05\/DSCN4195.jpg\" alt=\"Luchsspur\" width=\"500\" height=\"498\" \/>\r\n\t\t\t\t\t\t\t\t\t\t<div class=\"slideshow_description_box slideshow_transparent\">\r\n\t\t\t\t\t\t<div class=\"slideshow_title\">Luchsspur<\/div>\t\t\t\t\t\t\t\t\t\t\t<\/div>\r\n\t\t\t\t<\/div>\r\n\r\n\t\t\t\t\t\t<div style=\"clear: both;\"><\/div><\/div><div class=\"slideshow_view\">\r\n\t\t\t\t<div class=\"slideshow_slide slideshow_slide_image\">\r\n\t\t\t\t\t\t\t\t\t\t\t<img src=\"https:\/\/wordpress.derwegderwoelfe.de\/wp-content\/uploads\/2017\/05\/PICT0089.jpg\" alt=\"Wintercamp Cafe\" width=\"640\" height=\"239\" \/>\r\n\t\t\t\t\t\t\t\t\t\t<div class=\"slideshow_description_box slideshow_transparent\">\r\n\t\t\t\t\t\t<div class=\"slideshow_title\">Wintercamp Cafe<\/div>\t\t\t\t\t\t\t\t\t\t\t<\/div>\r\n\t\t\t\t<\/div>\r\n\r\n\t\t\t\t\t\t<div style=\"clear: both;\"><\/div><\/div><div class=\"slideshow_view\">\r\n\t\t\t\t<div class=\"slideshow_slide slideshow_slide_image\">\r\n\t\t\t\t\t\t\t\t\t\t\t<img src=\"https:\/\/wordpress.derwegderwoelfe.de\/wp-content\/uploads\/2017\/05\/DSCN4190.jpg\" alt=\"Wintercamp morgens\" width=\"500\" height=\"375\" \/>\r\n\t\t\t\t\t\t\t\t\t\t<div class=\"slideshow_description_box slideshow_transparent\">\r\n\t\t\t\t\t\t<div class=\"slideshow_title\">Wintercamp morgens<\/div>\t\t\t\t\t\t\t\t\t\t\t<\/div>\r\n\t\t\t\t<\/div>\r\n\r\n\t\t\t\t\t\t<div style=\"clear: both;\"><\/div><\/div><div class=\"slideshow_view\">\r\n\t\t\t\t<div class=\"slideshow_slide slideshow_slide_image\">\r\n\t\t\t\t\t\t\t\t\t\t\t<img src=\"https:\/\/wordpress.derwegderwoelfe.de\/wp-content\/uploads\/2017\/05\/PICT0068.jpg\" alt=\"Schneestrum Wintercamp\" width=\"500\" height=\"375\" \/>\r\n\t\t\t\t\t\t\t\t\t\t<div class=\"slideshow_description_box slideshow_transparent\">\r\n\t\t\t\t\t\t<div class=\"slideshow_title\">Schneestrum Wintercamp<\/div>\t\t\t\t\t\t\t\t\t\t\t<\/div>\r\n\t\t\t\t<\/div>\r\n\r\n\t\t\t\t\t\t<div style=\"clear: both;\"><\/div><\/div><div class=\"slideshow_view\">\r\n\t\t\t\t<div class=\"slideshow_slide slideshow_slide_image\">\r\n\t\t\t\t\t\t\t\t\t\t\t<img src=\"https:\/\/wordpress.derwegderwoelfe.de\/wp-content\/uploads\/2017\/05\/DSCN4185.jpg\" alt=\"Tarplager im Schnee\" width=\"500\" height=\"375\" \/>\r\n\t\t\t\t\t\t\t\t\t\t<div class=\"slideshow_description_box slideshow_transparent\">\r\n\t\t\t\t\t\t<div class=\"slideshow_title\">Tarplager im Schnee<\/div>\t\t\t\t\t\t\t\t\t\t\t<\/div>\r\n\t\t\t\t<\/div>\r\n\r\n\t\t\t\t\t\t<div style=\"clear: both;\"><\/div><\/div><div class=\"slideshow_view\">\r\n\t\t\t\t<div class=\"slideshow_slide slideshow_slide_image\">\r\n\t\t\t\t\t\t\t\t\t\t\t<img src=\"https:\/\/wordpress.derwegderwoelfe.de\/wp-content\/uploads\/2017\/05\/DSCN4176.jpg\" alt=\"Tarplager vor Schneesturm\" width=\"500\" height=\"375\" \/>\r\n\t\t\t\t\t\t\t\t\t\t<div class=\"slideshow_description_box slideshow_transparent\">\r\n\t\t\t\t\t\t<div class=\"slideshow_title\">Tarplager vor Schneesturm<\/div>\t\t\t\t\t\t\t\t\t\t\t<\/div>\r\n\t\t\t\t<\/div>\r\n\r\n\t\t\t\t\t\t<div style=\"clear: both;\"><\/div><\/div><div class=\"slideshow_view\">\r\n\t\t\t\t<div class=\"slideshow_slide slideshow_slide_image\">\r\n\t\t\t\t\t\t\t\t\t\t\t<img src=\"https:\/\/wordpress.derwegderwoelfe.de\/wp-content\/uploads\/2017\/04\/IMG_2606-1.jpg\" alt=\"Mauerl\u00e4ufer\" width=\"500\" height=\"289\" \/>\r\n\t\t\t\t\t\t\t\t\t\t<div class=\"slideshow_description_box slideshow_transparent\">\r\n\t\t\t\t\t\t<div class=\"slideshow_title\">Mauerl\u00e4ufer<\/div>\t\t\t\t\t\t\t\t\t\t\t<\/div>\r\n\t\t\t\t<\/div>\r\n\r\n\t\t\t\t\t\t<div style=\"clear: both;\"><\/div><\/div><div class=\"slideshow_view\">\r\n\t\t\t\t<div class=\"slideshow_slide slideshow_slide_image\">\r\n\t\t\t\t\t\t\t\t\t\t\t<img src=\"https:\/\/wordpress.derwegderwoelfe.de\/wp-content\/uploads\/2017\/04\/DSCN4113-1.jpg\" alt=\"Wildtierkamera im Baum\" width=\"500\" height=\"375\" \/>\r\n\t\t\t\t\t\t\t\t\t\t<div class=\"slideshow_description_box slideshow_transparent\">\r\n\t\t\t\t\t\t<div class=\"slideshow_title\">Wildtierkamera im Baum<\/div>\t\t\t\t\t\t\t\t\t\t\t<\/div>\r\n\t\t\t\t<\/div>\r\n\r\n\t\t\t\t\t\t<div style=\"clear: both;\"><\/div><\/div><div class=\"slideshow_view\">\r\n\t\t\t\t<div class=\"slideshow_slide slideshow_slide_image\">\r\n\t\t\t\t\t\t\t\t\t\t\t<img src=\"https:\/\/wordpress.derwegderwoelfe.de\/wp-content\/uploads\/2017\/04\/DSC08681.jpg\" alt=\"Abschleppen\" width=\"500\" height=\"282\" \/>\r\n\t\t\t\t\t\t\t\t\t\t<div class=\"slideshow_description_box slideshow_transparent\">\r\n\t\t\t\t\t\t<div class=\"slideshow_title\">Abschleppen<\/div>\t\t\t\t\t\t\t\t\t\t\t<\/div>\r\n\t\t\t\t<\/div>\r\n\r\n\t\t\t\t\t\t<div style=\"clear: both;\"><\/div><\/div><div class=\"slideshow_view\">\r\n\t\t\t\t<div class=\"slideshow_slide slideshow_slide_image\">\r\n\t\t\t\t\t\t\t\t\t\t\t<img src=\"https:\/\/wordpress.derwegderwoelfe.de\/wp-content\/uploads\/2017\/04\/DSC08679.jpg\" alt=\"Schneeschmierseife Ende\" width=\"500\" height=\"336\" \/>\r\n\t\t\t\t\t\t\t\t\t\t<div class=\"slideshow_description_box slideshow_transparent\">\r\n\t\t\t\t\t\t<div class=\"slideshow_title\">Schneeschmierseife Ende<\/div>\t\t\t\t\t\t\t\t\t\t\t<\/div>\r\n\t\t\t\t<\/div>\r\n\r\n\t\t\t\t\t\t<div style=\"clear: both;\"><\/div><\/div><div class=\"slideshow_view\">\r\n\t\t\t\t<div class=\"slideshow_slide slideshow_slide_image\">\r\n\t\t\t\t\t\t\t\t\t\t\t<img src=\"https:\/\/wordpress.derwegderwoelfe.de\/wp-content\/uploads\/2017\/04\/DSCN4195.jpg\" alt=\"DSCN4195.jpg\" width=\"500\" height=\"498\" \/>\r\n\t\t\t\t\t\t\t\t\t\t<div class=\"slideshow_description_box slideshow_transparent\">\r\n\t\t\t\t\t\t<div class=\"slideshow_title\">DSCN4195.jpg<\/div>\t\t\t\t\t\t\t\t\t\t\t<\/div>\r\n\t\t\t\t<\/div>\r\n\r\n\t\t\t\t\t\t<div style=\"clear: both;\"><\/div><\/div><div class=\"slideshow_view\">\r\n\t\t\t\t<div class=\"slideshow_slide slideshow_slide_image\">\r\n\t\t\t\t\t\t\t\t\t\t\t<img src=\"https:\/\/wordpress.derwegderwoelfe.de\/wp-content\/uploads\/2017\/04\/IMG_2584.jpg\" alt=\"ist das ein Wildschwein?\" width=\"400\" height=\"305\" \/>\r\n\t\t\t\t\t\t\t\t\t\t<div class=\"slideshow_description_box slideshow_transparent\">\r\n\t\t\t\t\t\t<div class=\"slideshow_title\">ist das ein Wildschwein?<\/div>\t\t\t\t\t\t\t\t\t\t\t<\/div>\r\n\t\t\t\t<\/div>\r\n\r\n\t\t\t\t\t\t<div style=\"clear: both;\"><\/div><\/div><div class=\"slideshow_view\">\r\n\t\t\t\t<div class=\"slideshow_slide slideshow_slide_image\">\r\n\t\t\t\t\t\t\t\t\t\t\t<img src=\"https:\/\/wordpress.derwegderwoelfe.de\/wp-content\/uploads\/2017\/04\/IMG_2606.jpg\" alt=\"Mauerl\u00e4ufer\" width=\"500\" height=\"289\" \/>\r\n\t\t\t\t\t\t\t\t\t\t<div class=\"slideshow_description_box slideshow_transparent\">\r\n\t\t\t\t\t\t<div class=\"slideshow_title\">Mauerl\u00e4ufer<\/div>\t\t\t\t\t\t\t\t\t\t\t<\/div>\r\n\t\t\t\t<\/div>\r\n\r\n\t\t\t\t\t\t<div style=\"clear: both;\"><\/div><\/div><div class=\"slideshow_view\">\r\n\t\t\t\t<div class=\"slideshow_slide slideshow_slide_image\">\r\n\t\t\t\t\t\t\t\t\t\t\t<img src=\"https:\/\/wordpress.derwegderwoelfe.de\/wp-content\/uploads\/2017\/04\/IMG_2559.jpg\" alt=\"Lagerplatz\" width=\"640\" height=\"208\" \/>\r\n\t\t\t\t\t\t\t\t\t\t<div class=\"slideshow_description_box slideshow_transparent\">\r\n\t\t\t\t\t\t<div class=\"slideshow_title\">Lagerplatz<\/div>\t\t\t\t\t\t\t\t\t\t\t<\/div>\r\n\t\t\t\t<\/div>\r\n\r\n\t\t\t\t\t\t<div style=\"clear: both;\"><\/div><\/div><div class=\"slideshow_view\">\r\n\t\t\t\t<div class=\"slideshow_slide slideshow_slide_image\">\r\n\t\t\t\t\t\t\t\t\t\t\t<img src=\"https:\/\/wordpress.derwegderwoelfe.de\/wp-content\/uploads\/2017\/04\/IMG_2554.jpg\" alt=\"Dachsspur\" width=\"640\" height=\"589\" \/>\r\n\t\t\t\t\t\t\t\t\t\t<div class=\"slideshow_description_box slideshow_transparent\">\r\n\t\t\t\t\t\t<div class=\"slideshow_title\">Dachsspur<\/div>\t\t\t\t\t\t\t\t\t\t\t<\/div>\r\n\t\t\t\t<\/div>\r\n\r\n\t\t\t\t\t\t<div style=\"clear: both;\"><\/div><\/div><div class=\"slideshow_view\">\r\n\t\t\t\t<div class=\"slideshow_slide slideshow_slide_image\">\r\n\t\t\t\t\t\t\t\t\t\t\t<img src=\"https:\/\/wordpress.derwegderwoelfe.de\/wp-content\/uploads\/2017\/04\/IMG_2532.jpg\" alt=\"Mondaufgang\" width=\"640\" height=\"482\" \/>\r\n\t\t\t\t\t\t\t\t\t\t<div class=\"slideshow_description_box slideshow_transparent\">\r\n\t\t\t\t\t\t<div class=\"slideshow_title\">Mondaufgang<\/div>\t\t\t\t\t\t\t\t\t\t\t<\/div>\r\n\t\t\t\t<\/div>\r\n\r\n\t\t\t\t\t\t<div style=\"clear: both;\"><\/div><\/div><div class=\"slideshow_view\">\r\n\t\t\t\t<div class=\"slideshow_slide slideshow_slide_image\">\r\n\t\t\t\t\t\t\t\t\t\t\t<img src=\"https:\/\/wordpress.derwegderwoelfe.de\/wp-content\/uploads\/2017\/04\/DSCN4081.jpg\" alt=\"vereistes Tarp\" width=\"640\" height=\"480\" \/>\r\n\t\t\t\t\t\t\t\t\t\t<div class=\"slideshow_description_box slideshow_transparent\">\r\n\t\t\t\t\t\t<div class=\"slideshow_title\">vereistes Tarp<\/div>\t\t\t\t\t\t\t\t\t\t\t<\/div>\r\n\t\t\t\t<\/div>\r\n\r\n\t\t\t\t\t\t<div style=\"clear: both;\"><\/div><\/div><div class=\"slideshow_view\">\r\n\t\t\t\t<div class=\"slideshow_slide slideshow_slide_image\">\r\n\t\t\t\t\t\t\t\t\t\t\t<img src=\"https:\/\/wordpress.derwegderwoelfe.de\/wp-content\/uploads\/2017\/04\/DSCN4059.jpg\" alt=\"B\u00e4rentrail\" width=\"640\" height=\"697\" \/>\r\n\t\t\t\t\t\t\t\t\t\t<div class=\"slideshow_description_box slideshow_transparent\">\r\n\t\t\t\t\t\t<div class=\"slideshow_title\">B\u00e4rentrail<\/div>\t\t\t\t\t\t\t\t\t\t\t<\/div>\r\n\t\t\t\t<\/div>\r\n\r\n\t\t\t\t\t\t<div style=\"clear: both;\"><\/div><\/div><div class=\"slideshow_view\">\r\n\t\t\t\t<div class=\"slideshow_slide slideshow_slide_image\">\r\n\t\t\t\t\t\t\t\t\t\t\t<img src=\"https:\/\/wordpress.derwegderwoelfe.de\/wp-content\/uploads\/2017\/04\/DSCN4053.jpg\" alt=\"Krokus am Piatra Craiului\" width=\"640\" height=\"459\" \/>\r\n\t\t\t\t\t\t\t\t\t\t<div class=\"slideshow_description_box slideshow_transparent\">\r\n\t\t\t\t\t\t<div class=\"slideshow_title\">Krokus am Piatra Craiului<\/div>\t\t\t\t\t\t\t\t\t\t\t<\/div>\r\n\t\t\t\t<\/div>\r\n\r\n\t\t\t\t\t\t<div style=\"clear: both;\"><\/div><\/div><div class=\"slideshow_view\">\r\n\t\t\t\t<div class=\"slideshow_slide slideshow_slide_image\">\r\n\t\t\t\t\t\t\t\t\t\t\t<img src=\"https:\/\/wordpress.derwegderwoelfe.de\/wp-content\/uploads\/2017\/04\/DSCN4038.jpg\" alt=\"Im Baum um die Fotofalle aufzuh\u00e4ngen\" width=\"640\" height=\"1188\" \/>\r\n\t\t\t\t\t\t\t\t\t\t<div class=\"slideshow_description_box slideshow_transparent\">\r\n\t\t\t\t\t\t<div class=\"slideshow_title\">Im Baum um die Fotofalle aufzuh\u00e4ngen<\/div>\t\t\t\t\t\t\t\t\t\t\t<\/div>\r\n\t\t\t\t<\/div>\r\n\r\n\t\t\t\t\t\t<div style=\"clear: both;\"><\/div><\/div><div class=\"slideshow_view\">\r\n\t\t\t\t<div class=\"slideshow_slide slideshow_slide_image\">\r\n\t\t\t\t\t\t\t\t\t\t\t<img src=\"https:\/\/wordpress.derwegderwoelfe.de\/wp-content\/uploads\/2017\/04\/DSCN4034.jpg\" alt=\"Wolfskot mit gro\u00dfer Kralle\" width=\"640\" height=\"659\" \/>\r\n\t\t\t\t\t\t\t\t\t\t<div class=\"slideshow_description_box slideshow_transparent\">\r\n\t\t\t\t\t\t<div class=\"slideshow_title\">Wolfskot mit gro\u00dfer Kralle<\/div>\t\t\t\t\t\t\t\t\t\t\t<\/div>\r\n\t\t\t\t<\/div>\r\n\r\n\t\t\t\t\t\t<div style=\"clear: both;\"><\/div><\/div><div class=\"slideshow_view\">\r\n\t\t\t\t<div class=\"slideshow_slide slideshow_slide_image\">\r\n\t\t\t\t\t\t\t\t\t\t\t<img src=\"https:\/\/wordpress.derwegderwoelfe.de\/wp-content\/uploads\/2017\/04\/1491640882979.jpg\" alt=\"Aussicht\" width=\"177\" height=\"300\" \/>\r\n\t\t\t\t\t\t\t\t\t\t<div class=\"slideshow_description_box slideshow_transparent\">\r\n\t\t\t\t\t\t<div class=\"slideshow_title\">Aussicht<\/div>\t\t\t\t\t\t\t\t\t\t\t<\/div>\r\n\t\t\t\t<\/div>\r\n\r\n\t\t\t\t\t\t<div style=\"clear: both;\"><\/div><\/div><div class=\"slideshow_view\">\r\n\t\t\t\t<div class=\"slideshow_slide slideshow_slide_image\">\r\n\t\t\t\t\t\t\t\t\t\t\t<img src=\"https:\/\/wordpress.derwegderwoelfe.de\/wp-content\/uploads\/2017\/04\/DSCN3983.jpg\" alt=\"Forstweg zugeschneit\" width=\"640\" height=\"427\" \/>\r\n\t\t\t\t\t\t\t\t\t\t<div class=\"slideshow_description_box slideshow_transparent\">\r\n\t\t\t\t\t\t<div class=\"slideshow_title\">Forstweg zugeschneit<\/div>\t\t\t\t\t\t\t\t\t\t\t<\/div>\r\n\t\t\t\t<\/div>\r\n\r\n\t\t\t\t\t\t<div style=\"clear: both;\"><\/div><\/div><div class=\"slideshow_view\">\r\n\t\t\t\t<div class=\"slideshow_slide slideshow_slide_image\">\r\n\t\t\t\t\t\t\t\t\t\t\t<img src=\"https:\/\/wordpress.derwegderwoelfe.de\/wp-content\/uploads\/2017\/04\/DSCN3974.jpg\" alt=\"Fr\u00fchst\u00fcck im Schnee\" width=\"640\" height=\"369\" \/>\r\n\t\t\t\t\t\t\t\t\t\t<div class=\"slideshow_description_box slideshow_transparent\">\r\n\t\t\t\t\t\t<div class=\"slideshow_title\">Fr\u00fchst\u00fcck im Schnee<\/div>\t\t\t\t\t\t\t\t\t\t\t<\/div>\r\n\t\t\t\t<\/div>\r\n\r\n\t\t\t\t\t\t<div style=\"clear: both;\"><\/div><\/div><div class=\"slideshow_view\">\r\n\t\t\t\t<div class=\"slideshow_slide slideshow_slide_image\">\r\n\t\t\t\t\t\t\t\t\t\t\t<img src=\"https:\/\/wordpress.derwegderwoelfe.de\/wp-content\/uploads\/2017\/04\/IMG_24872.jpg\" alt=\"Buchfink im Schnee\" width=\"1337\" height=\"933\" \/>\r\n\t\t\t\t\t\t\t\t\t\t<div class=\"slideshow_description_box slideshow_transparent\">\r\n\t\t\t\t\t\t<div class=\"slideshow_title\">Buchfink im Schnee<\/div>\t\t\t\t\t\t\t\t\t\t\t<\/div>\r\n\t\t\t\t<\/div>\r\n\r\n\t\t\t\t\t\t<div style=\"clear: both;\"><\/div><\/div><div class=\"slideshow_view\">\r\n\t\t\t\t<div class=\"slideshow_slide slideshow_slide_image\">\r\n\t\t\t\t\t\t\t\t\t\t\t<img src=\"https:\/\/wordpress.derwegderwoelfe.de\/wp-content\/uploads\/2017\/04\/IMG_2565.jpg\" alt=\"Wildschwein\" width=\"640\" height=\"337\" \/>\r\n\t\t\t\t\t\t\t\t\t\t<div class=\"slideshow_description_box slideshow_transparent\">\r\n\t\t\t\t\t\t<div class=\"slideshow_title\">Wildschwein<\/div>\t\t\t\t\t\t\t\t\t\t\t<\/div>\r\n\t\t\t\t<\/div>\r\n\r\n\t\t\t\t\t\t<div style=\"clear: both;\"><\/div><\/div><div class=\"slideshow_view\">\r\n\t\t\t\t<div class=\"slideshow_slide slideshow_slide_image\">\r\n\t\t\t\t\t\t\t\t\t\t\t<img src=\"https:\/\/wordpress.derwegderwoelfe.de\/wp-content\/uploads\/2017\/04\/DSCN3979.jpg\" alt=\"hier wollte ich \u00fcbernachten\" width=\"640\" height=\"480\" \/>\r\n\t\t\t\t\t\t\t\t\t\t<div class=\"slideshow_description_box slideshow_transparent\">\r\n\t\t\t\t\t\t<div class=\"slideshow_title\">hier wollte ich \u00fcbernachten<\/div>\t\t\t\t\t\t\t\t\t\t\t<\/div>\r\n\t\t\t\t<\/div>\r\n\r\n\t\t\t\t\t\t<div style=\"clear: both;\"><\/div><\/div><div class=\"slideshow_view\">\r\n\t\t\t\t<div class=\"slideshow_slide slideshow_slide_image\">\r\n\t\t\t\t\t\t\t\t\t\t\t<img src=\"https:\/\/wordpress.derwegderwoelfe.de\/wp-content\/uploads\/2017\/04\/1491640882416.jpg\" alt=\"Krokus\" width=\"416\" height=\"300\" \/>\r\n\t\t\t\t\t\t\t\t\t\t<div class=\"slideshow_description_box slideshow_transparent\">\r\n\t\t\t\t\t\t<div class=\"slideshow_title\">Krokus<\/div>\t\t\t\t\t\t\t\t\t\t\t<\/div>\r\n\t\t\t\t<\/div>\r\n\r\n\t\t\t\t\t\t<div style=\"clear: both;\"><\/div><\/div><div class=\"slideshow_view\">\r\n\t\t\t\t<div class=\"slideshow_slide slideshow_slide_image\">\r\n\t\t\t\t\t\t\t\t\t\t\t<img src=\"https:\/\/wordpress.derwegderwoelfe.de\/wp-content\/uploads\/2017\/04\/IMG_2504.jpg\" alt=\"Junge Eidechse\" width=\"640\" height=\"458\" \/>\r\n\t\t\t\t\t\t\t\t\t\t<div class=\"slideshow_description_box slideshow_transparent\">\r\n\t\t\t\t\t\t<div class=\"slideshow_title\">Junge Eidechse<\/div>\t\t\t\t\t\t\t\t\t\t\t<\/div>\r\n\t\t\t\t<\/div>\r\n\r\n\t\t\t\t\t\t<div style=\"clear: both;\"><\/div><\/div><div class=\"slideshow_view\">\r\n\t\t\t\t<div class=\"slideshow_slide slideshow_slide_image\">\r\n\t\t\t\t\t\t\t\t\t\t\t<img src=\"https:\/\/wordpress.derwegderwoelfe.de\/wp-content\/uploads\/2017\/04\/DSCN4022.jpg\" alt=\"Lageraufbau\" width=\"640\" height=\"480\" \/>\r\n\t\t\t\t\t\t\t\t\t\t<div class=\"slideshow_description_box slideshow_transparent\">\r\n\t\t\t\t\t\t<div class=\"slideshow_title\">Lageraufbau<\/div>\t\t\t\t\t\t\t\t\t\t\t<\/div>\r\n\t\t\t\t<\/div>\r\n\r\n\t\t\t\t\t\t<div style=\"clear: both;\"><\/div><\/div><div class=\"slideshow_view\">\r\n\t\t\t\t<div class=\"slideshow_slide slideshow_slide_image\">\r\n\t\t\t\t\t\t\t\t\t\t\t<img src=\"https:\/\/wordpress.derwegderwoelfe.de\/wp-content\/uploads\/2017\/04\/DSCN3993.jpg\" alt=\"Spurenanalyse\" width=\"640\" height=\"480\" \/>\r\n\t\t\t\t\t\t\t\t\t\t<div class=\"slideshow_description_box slideshow_transparent\">\r\n\t\t\t\t\t\t<div class=\"slideshow_title\">Spurenanalyse<\/div>\t\t\t\t\t\t\t\t\t\t\t<\/div>\r\n\t\t\t\t<\/div>\r\n\r\n\t\t\t\t\t\t<div style=\"clear: both;\"><\/div><\/div><div class=\"slideshow_view\">\r\n\t\t\t\t<div class=\"slideshow_slide slideshow_slide_image\">\r\n\t\t\t\t\t\t\t\t\t\t\t<img src=\"https:\/\/wordpress.derwegderwoelfe.de\/wp-content\/uploads\/2017\/04\/RAEU0044.jpg\" alt=\"Wildlife\" width=\"640\" height=\"480\" \/>\r\n\t\t\t\t\t\t\t\t\t\t<div class=\"slideshow_description_box slideshow_transparent\">\r\n\t\t\t\t\t\t<div class=\"slideshow_title\">Wildlife<\/div>\t\t\t\t\t\t\t\t\t\t\t<\/div>\r\n\t\t\t\t<\/div>\r\n\r\n\t\t\t\t\t\t<div style=\"clear: both;\"><\/div><\/div><div class=\"slideshow_view\">\r\n\t\t\t\t<div class=\"slideshow_slide slideshow_slide_image\">\r\n\t\t\t\t\t\t\t\t\t\t\t<img src=\"https:\/\/wordpress.derwegderwoelfe.de\/wp-content\/uploads\/2017\/04\/IMG_2445.jpg\" alt=\"Sch\u00e4fer\" width=\"640\" height=\"313\" \/>\r\n\t\t\t\t\t\t\t\t\t\t<div class=\"slideshow_description_box slideshow_transparent\">\r\n\t\t\t\t\t\t<div class=\"slideshow_title\">Sch\u00e4fer<\/div>\t\t\t\t\t\t\t\t\t\t\t<\/div>\r\n\t\t\t\t<\/div>\r\n\r\n\t\t\t\t\t\t<div style=\"clear: both;\"><\/div><\/div><div class=\"slideshow_view\">\r\n\t\t\t\t<div class=\"slideshow_slide slideshow_slide_image\">\r\n\t\t\t\t\t\t\t\t\t\t\t<img src=\"https:\/\/wordpress.derwegderwoelfe.de\/wp-content\/uploads\/2017\/04\/IMG_2436.jpg\" alt=\"Sumpfdotterblumen, neben dem Schlafplatz.\" width=\"640\" height=\"434\" \/>\r\n\t\t\t\t\t\t\t\t\t\t<div class=\"slideshow_description_box slideshow_transparent\">\r\n\t\t\t\t\t\t<div class=\"slideshow_title\">Sumpfdotterblumen, neben dem Schlafplatz.<\/div>\t\t\t\t\t\t\t\t\t\t\t<\/div>\r\n\t\t\t\t<\/div>\r\n\r\n\t\t\t\t\t\t<div style=\"clear: both;\"><\/div><\/div><div class=\"slideshow_view\">\r\n\t\t\t\t<div class=\"slideshow_slide slideshow_slide_image\">\r\n\t\t\t\t\t\t\t\t\t\t\t<img src=\"https:\/\/wordpress.derwegderwoelfe.de\/wp-content\/uploads\/2017\/04\/IMG_2433.jpg\" alt=\"Abends\" width=\"640\" height=\"961\" \/>\r\n\t\t\t\t\t\t\t\t\t\t<div class=\"slideshow_description_box slideshow_transparent\">\r\n\t\t\t\t\t\t<div class=\"slideshow_title\">Abends<\/div>\t\t\t\t\t\t\t\t\t\t\t<\/div>\r\n\t\t\t\t<\/div>\r\n\r\n\t\t\t\t\t\t<div style=\"clear: both;\"><\/div><\/div><div class=\"slideshow_view\">\r\n\t\t\t\t<div class=\"slideshow_slide slideshow_slide_image\">\r\n\t\t\t\t\t\t\t\t\t\t\t<img src=\"https:\/\/wordpress.derwegderwoelfe.de\/wp-content\/uploads\/2017\/04\/DSCN3962.jpg\" alt=\"Spuren\" width=\"640\" height=\"545\" \/>\r\n\t\t\t\t\t\t\t\t\t\t<div class=\"slideshow_description_box slideshow_transparent\">\r\n\t\t\t\t\t\t<div class=\"slideshow_title\">Spuren<\/div>\t\t\t\t\t\t\t\t\t\t\t<\/div>\r\n\t\t\t\t<\/div>\r\n\r\n\t\t\t\t\t\t<div style=\"clear: both;\"><\/div><\/div><div class=\"slideshow_view\">\r\n\t\t\t\t<div class=\"slideshow_slide slideshow_slide_image\">\r\n\t\t\t\t\t\t\t\t\t\t\t<img src=\"https:\/\/wordpress.derwegderwoelfe.de\/wp-content\/uploads\/2017\/04\/DSCN3957.jpg\" alt=\"Regenwanderung\" width=\"640\" height=\"480\" \/>\r\n\t\t\t\t\t\t\t\t\t\t<div class=\"slideshow_description_box slideshow_transparent\">\r\n\t\t\t\t\t\t<div class=\"slideshow_title\">Regenwanderung<\/div>\t\t\t\t\t\t\t\t\t\t\t<\/div>\r\n\t\t\t\t<\/div>\r\n\r\n\t\t\t\t\t\t<div style=\"clear: both;\"><\/div><\/div><div class=\"slideshow_view\">\r\n\t\t\t\t<div class=\"slideshow_slide slideshow_slide_image\">\r\n\t\t\t\t\t\t\t\t\t\t\t<img src=\"https:\/\/wordpress.derwegderwoelfe.de\/wp-content\/uploads\/2017\/04\/DSCN3955.jpg\" alt=\"Ankunft\" width=\"640\" height=\"364\" \/>\r\n\t\t\t\t\t\t\t\t\t\t<div class=\"slideshow_description_box slideshow_transparent\">\r\n\t\t\t\t\t\t<div class=\"slideshow_title\">Ankunft<\/div>\t\t\t\t\t\t\t\t\t\t\t<\/div>\r\n\t\t\t\t<\/div>\r\n\r\n\t\t\t\t\t\t<div style=\"clear: both;\"><\/div><\/div>\r\n\t\t<\/div>\r\n\r\n\t\t<div class=\"slideshow_controlPanel slideshow_transparent\" style=\"display: none;\"><ul><li class=\"slideshow_togglePlay\" data-play-text=\"Abspielen\" data-pause-text=\"Pause\"><\/li><\/ul><\/div>\r\n\r\n\t\t<div class=\"slideshow_button slideshow_previous slideshow_transparent\" role=\"button\" data-previous-text=\"Zur\u00fcck\" style=\"display: none;\"><\/div>\r\n\t\t<div class=\"slideshow_button slideshow_next slideshow_transparent\" role=\"button\" data-next-text=\"N\u00e4chstes\" style=\"display: none;\"><\/div>\r\n\r\n\t\t<div class=\"slideshow_pagination\" style=\"display: none;\" data-go-to-text=\"Gehe zum Bild\"><div class=\"slideshow_pagination_center\"><\/div><\/div>\r\n\r\n\t\t<!-- WordPress Slideshow Version 2.3.1 -->\r\n\r\n\t\t\t<\/div>\r\n\r\n<\/h2>\n<p><strong>Region:<\/strong> Ellenbogen der Karpaten, Gro\u00dfraum Brasov (Kronstadt), die Pensionen liegen in der N\u00e4he des Nationalpark Piatra Craiului (K\u00f6nigstein).<\/p>\n<p><strong>Ablauf:<\/strong> An- und Abreise sind jeweils am Samstag geplant. Von Sonntag bis Freitag sind jeweils Wanderungen (Exkursionen) in unterschiedliche Gebiete in der gesamten Region geplant. Das genaue Tagesprogramm wird t\u00e4glich mit mir besprochen und sowohl an das Wetter als auch an aktuelle Besonderheiten angepasst.<\/p>\n<h4><span style=\"color: #ff9900;\">Neu: Man kann auch nur einzelne Tage innerhalb einer Woche buchen.<\/span><\/h4>\n<p>Weil ich unendliche viele weitere spannende Wandertouren kenne, sind jederzeit \u00c4nderungen sowohl der Zielgebiete als auch in der Reihenfolge m\u00f6glich. Das wird aber immer gemeinsam vor Ort besprochen.<\/p>\n<p>Die Lage der Pensionen gibt jedem die M\u00f6glichkeit schon fr\u00fch vor dem Fr\u00fchst\u00fcck einen Spaziergang zu machen oder einfach nur den V\u00f6geln zu lauschen oder dem Treiben der Menschen zuzuschauen.<\/p>\n<p>Bei Fortbildungsreisen k\u00f6nnen zus\u00e4tzlich weitere Variationen die Tagesprogramme ab\u00e4ndern, wie zum Beispiel der Besuch der Nationalparkverwaltung oder eine thematisch spezielle F\u00fchrung durch einen lokalen Experten, oder Ranger.<\/p>\n<p><a href=\"https:\/\/wordpress.derwegderwoelfe.de\/wp-content\/uploads\/2015\/05\/DSCN23381.jpg\"><img loading=\"lazy\" decoding=\"async\" class=\"wp-image-834 alignleft\" src=\"https:\/\/wordpress.derwegderwoelfe.de\/wp-content\/uploads\/2015\/05\/DSCN23381-176x300.jpg\" alt=\"DSCN2338\" width=\"265\" height=\"450\" srcset=\"https:\/\/wordpress.derwegderwoelfe.de\/wp-content\/uploads\/2015\/05\/DSCN23381-176x300.jpg 176w, https:\/\/wordpress.derwegderwoelfe.de\/wp-content\/uploads\/2015\/05\/DSCN23381-602x1024.jpg 602w, https:\/\/wordpress.derwegderwoelfe.de\/wp-content\/uploads\/2015\/05\/DSCN23381.jpg 643w\" sizes=\"auto, (max-width: 265px) 100vw, 265px\" \/><\/a>Von Wildnis \u00fcber touristisch genutzte Regionen, d\u00f6rfliche Siedlungsgebiete bis hin zu Ballungszentren. In kaum einer anderen Region Europas, leben in dieser intensiven Form Menschen mit den gro\u00dfen Beutegreifern in Koexistenz, wie im Gro\u00dfraum um Brasov.<\/p>\n<p>Jede einzelne besuchte Region ist unterschiedlich gestaltet und von Menschen genutzt. Sie bieten vielf\u00e4ltige und interessante M\u00f6glichkeiten. \u00dcberall leben W\u00f6lfe, B\u00e4ren, Luchse und Hirsche, Rehe sowie Wildschweine, die drei wichtigsten Beutetiere f\u00fcr den Wolf.<\/p>\n<p><strong><a href=\"https:\/\/wordpress.derwegderwoelfe.de\/wp-content\/uploads\/2013\/09\/IMG_7903.jpg\"><img loading=\"lazy\" decoding=\"async\" class=\"wp-image-173 alignleft\" src=\"https:\/\/wordpress.derwegderwoelfe.de\/wp-content\/uploads\/2013\/09\/IMG_7903-300x200.jpg\" alt=\"IMG_7903\" width=\"529\" height=\"353\" srcset=\"https:\/\/wordpress.derwegderwoelfe.de\/wp-content\/uploads\/2013\/09\/IMG_7903-300x200.jpg 300w, https:\/\/wordpress.derwegderwoelfe.de\/wp-content\/uploads\/2013\/09\/IMG_7903-449x300.jpg 449w, https:\/\/wordpress.derwegderwoelfe.de\/wp-content\/uploads\/2013\/09\/IMG_7903.jpg 640w\" sizes=\"auto, (max-width: 529px) 100vw, 529px\" \/><\/a><\/strong><\/p>\n<p style=\"text-align: left;\">Wir sind insbesondere auf Spurensuchen der W\u00f6lfe, B\u00e4ren,\u00a0Luchse und vielen anderen Wildtieren. Manchmal begegnen wir diesen auch. Grunds\u00e4tzlich besuchen wir keine Hochst\u00e4nde oder Einrichtungen an denen die Wildtiere extra angef\u00fcttert werden. So verlockend das auch sein mag.<\/p>\n<h2><a href=\"https:\/\/wordpress.derwegderwoelfe.de\/?page_id=1074\"><span style=\"color: #ff6600;\"><strong><span style=\"color: #0000ff;\">Zu den Impressionen Karpaten Fr\u00fchjahr 2016&#8230;.<\/span> <\/strong><\/span><\/a><\/h2>\n<h2 style=\"text-align: left;\"><a href=\"https:\/\/wordpress.derwegderwoelfe.de\/?page_id=797\">Zur Bildergallerie der Exkursionen 2015<\/a><\/h2>\n<h2 style=\"text-align: left;\"><a title=\"Rum\u00e4nien 2013\" href=\"https:\/\/wordpress.derwegderwoelfe.de\/?page_id=122\">Zur Bildergallerie der Exkursionen 2013<\/a><\/h2>\n<h2 style=\"text-align: left;\"><a title=\"Exkursion 2012\" href=\"https:\/\/wordpress.derwegderwoelfe.de\/?page_id=117\">Impressionen aus den verschiedenen Exkursionen <\/a><\/h2>\n","protected":false},"excerpt":{"rendered":"<p>&#8222;Wild Life on Tour&#8220; gef\u00fchrte Wanderungen in den Karpaten Aktuell gibt es noch keine neuen Termine f\u00fcr meine Erlebnis- und Bildungswanderungen Meine Exkursionstermine stehen jetzt auch schon f\u00fcr 2024 fest. Anders als bisher plane ich von Ostern bis Pfingsten in &hellip; <a class=\"more-link\" href=\"https:\/\/wordpress.derwegderwoelfe.de\/?page_id=44\">Weiterlesen <span class=\"meta-nav\">&rarr;<\/span><\/a><\/p>\n","protected":false},"author":1,"featured_media":0,"parent":0,"menu_order":0,"comment_status":"closed","ping_status":"closed","template":"","meta":{"footnotes":""},"class_list":["post-44","page","type-page","status-publish","hentry"],"_links":{"self":[{"href":"https:\/\/wordpress.derwegderwoelfe.de\/index.php?rest_route=\/wp\/v2\/pages\/44","targetHints":{"allow":["GET"]}}],"collection":[{"href":"https:\/\/wordpress.derwegderwoelfe.de\/index.php?rest_route=\/wp\/v2\/pages"}],"about":[{"href":"https:\/\/wordpress.derwegderwoelfe.de\/index.php?rest_route=\/wp\/v2\/types\/page"}],"author":[{"embeddable":true,"href":"https:\/\/wordpress.derwegderwoelfe.de\/index.php?rest_route=\/wp\/v2\/users\/1"}],"replies":[{"embeddable":true,"href":"https:\/\/wordpress.derwegderwoelfe.de\/index.php?rest_route=%2Fwp%2Fv2%2Fcomments&post=44"}],"version-history":[{"count":171,"href":"https:\/\/wordpress.derwegderwoelfe.de\/index.php?rest_route=\/wp\/v2\/pages\/44\/revisions"}],"predecessor-version":[{"id":3714,"href":"https:\/\/wordpress.derwegderwoelfe.de\/index.php?rest_route=\/wp\/v2\/pages\/44\/revisions\/3714"}],"wp:attachment":[{"href":"https:\/\/wordpress.derwegderwoelfe.de\/index.php?rest_route=%2Fwp%2Fv2%2Fmedia&parent=44"}],"curies":[{"name":"wp","href":"https:\/\/api.w.org\/{rel}","templated":true}]}}