{"id":851,"date":"2015-06-06T09:04:34","date_gmt":"2015-06-06T08:04:34","guid":{"rendered":"http:\/\/wordpress.derwegderwoelfe.de\/?page_id=851"},"modified":"2019-08-07T21:22:07","modified_gmt":"2019-08-07T20:22:07","slug":"expeditionstagebuecher-2006","status":"publish","type":"page","link":"https:\/\/wordpress.derwegderwoelfe.de\/?page_id=851","title":{"rendered":"Expeditionen 2006"},"content":{"rendered":"<h2 style=\"text-align: center;\">2006 habe ich zwei Expeditionen unternommen.<\/h2>\n<h4><a href=\"https:\/\/wordpress.derwegderwoelfe.de\/?page_id=2110\">Mai\/Juni: Karpaten-Alpen-Korridor, Slowakei-\u00d6sterreich<\/a><\/h4>\n<p><a href=\"https:\/\/wordpress.derwegderwoelfe.de\/wp-content\/uploads\/2019\/08\/March\u00fcberquerung.jpg\"><img loading=\"lazy\" decoding=\"async\" class=\"aligncenter wp-image-2101 size-large\" src=\"https:\/\/wordpress.derwegderwoelfe.de\/wp-content\/uploads\/2019\/08\/March\u00fcberquerung-e1565164568174-1024x372.jpg\" alt=\"\" width=\"940\" height=\"341\" srcset=\"https:\/\/wordpress.derwegderwoelfe.de\/wp-content\/uploads\/2019\/08\/March\u00fcberquerung-e1565164568174-1024x372.jpg 1024w, https:\/\/wordpress.derwegderwoelfe.de\/wp-content\/uploads\/2019\/08\/March\u00fcberquerung-e1565164568174-300x109.jpg 300w, https:\/\/wordpress.derwegderwoelfe.de\/wp-content\/uploads\/2019\/08\/March\u00fcberquerung-e1565164568174-768x279.jpg 768w, https:\/\/wordpress.derwegderwoelfe.de\/wp-content\/uploads\/2019\/08\/March\u00fcberquerung-e1565164568174-500x182.jpg 500w, https:\/\/wordpress.derwegderwoelfe.de\/wp-content\/uploads\/2019\/08\/March\u00fcberquerung-e1565164568174.jpg 2023w\" sizes=\"auto, (max-width: 940px) 100vw, 940px\" \/><\/a><\/p>\n<h4><a href=\"https:\/\/wordpress.derwegderwoelfe.de\/?page_id=2190\">September\/Oktober: Rum\u00e4nien West- S\u00fcdkarpaten<\/a><\/h4>\n<p><a href=\"https:\/\/wordpress.derwegderwoelfe.de\/wp-content\/uploads\/2019\/08\/MG_4542-J\u00fcrgen-Sauer-e1565165067252.jpg\"><img loading=\"lazy\" decoding=\"async\" class=\"aligncenter size-large wp-image-2103\" src=\"https:\/\/wordpress.derwegderwoelfe.de\/wp-content\/uploads\/2019\/08\/MG_4542-J\u00fcrgen-Sauer-1024x683.jpg\" alt=\"\" width=\"940\" height=\"627\" \/><\/a><\/p>\n<p>Auch diese beiden Tageb\u00fccher muss ich an das Format hier erst anpassen oder als PDF Datei entwickeln.<\/p>\n","protected":false},"excerpt":{"rendered":"<p>2006 habe ich zwei Expeditionen unternommen. Mai\/Juni: Karpaten-Alpen-Korridor, Slowakei-\u00d6sterreich September\/Oktober: Rum\u00e4nien West- S\u00fcdkarpaten Auch diese beiden Tageb\u00fccher muss ich an das Format hier erst anpassen oder als PDF Datei entwickeln. &hellip; <a class=\"more-link\" href=\"https:\/\/wordpress.derwegderwoelfe.de\/?page_id=851\">Weiterlesen <span class=\"meta-nav\">&rarr;<\/span><\/a><\/p>\n","protected":false},"author":1,"featured_media":0,"parent":0,"menu_order":0,"comment_status":"closed","ping_status":"closed","template":"","meta":{"footnotes":""},"class_list":["post-851","page","type-page","status-publish","hentry"],"_links":{"self":[{"href":"https:\/\/wordpress.derwegderwoelfe.de\/index.php?rest_route=\/wp\/v2\/pages\/851","targetHints":{"allow":["GET"]}}],"collection":[{"href":"https:\/\/wordpress.derwegderwoelfe.de\/index.php?rest_route=\/wp\/v2\/pages"}],"about":[{"href":"https:\/\/wordpress.derwegderwoelfe.de\/index.php?rest_route=\/wp\/v2\/types\/page"}],"author":[{"embeddable":true,"href":"https:\/\/wordpress.derwegderwoelfe.de\/index.php?rest_route=\/wp\/v2\/users\/1"}],"replies":[{"embeddable":true,"href":"https:\/\/wordpress.derwegderwoelfe.de\/index.php?rest_route=%2Fwp%2Fv2%2Fcomments&post=851"}],"version-history":[{"count":11,"href":"https:\/\/wordpress.derwegderwoelfe.de\/index.php?rest_route=\/wp\/v2\/pages\/851\/revisions"}],"predecessor-version":[{"id":2194,"href":"https:\/\/wordpress.derwegderwoelfe.de\/index.php?rest_route=\/wp\/v2\/pages\/851\/revisions\/2194"}],"wp:attachment":[{"href":"https:\/\/wordpress.derwegderwoelfe.de\/index.php?rest_route=%2Fwp%2Fv2%2Fmedia&parent=851"}],"curies":[{"name":"wp","href":"https:\/\/api.w.org\/{rel}","templated":true}]}}