{"id":871,"date":"2015-07-12T20:27:08","date_gmt":"2015-07-12T19:27:08","guid":{"rendered":"http:\/\/wordpress.derwegderwoelfe.de\/?page_id=871"},"modified":"2019-08-07T07:30:07","modified_gmt":"2019-08-07T06:30:07","slug":"expeditionstagebuch-2015","status":"publish","type":"page","link":"https:\/\/wordpress.derwegderwoelfe.de\/?page_id=871","title":{"rendered":"Expeditionstagebuch 2015"},"content":{"rendered":"<h1 style=\"text-align: center;\">Spessart, Taunus, Hunsr\u00fcck, Pf\u00e4lzerwald, Vogesen!<\/h1>\n\r\n\t<div class=\"slideshow_container slideshow_container_style-dark\" style=\"height: 300px; \" data-slideshow-id=\"904\" data-style-name=\"style-dark\" data-style-version=\"2.3.1\" >\r\n\r\n\t\t\t\t\t<div class=\"slideshow_loading_icon\"><\/div>\r\n\t\t\r\n\t\t<div class=\"slideshow_content\" style=\"display: none;\">\r\n\r\n\t\t\t<div class=\"slideshow_view\">\r\n\t\t\t\t<div class=\"slideshow_slide slideshow_slide_image\">\r\n\t\t\t\t\t\t\t\t\t\t\t<img src=\"https:\/\/wordpress.derwegderwoelfe.de\/wp-content\/uploads\/2015\/08\/P1020121.jpg\" alt=\"die letzten Meter der Expedition\" width=\"355\" height=\"480\" \/>\r\n\t\t\t\t\t\t\t\t\t\t<div class=\"slideshow_description_box slideshow_transparent\">\r\n\t\t\t\t\t\t<div class=\"slideshow_title\">die letzten Meter der Expedition<\/div>\t\t\t\t\t\t\t\t\t\t\t<\/div>\r\n\t\t\t\t<\/div>\r\n\r\n\t\t\t\t\t\t<div style=\"clear: both;\"><\/div><\/div><div class=\"slideshow_view\">\r\n\t\t\t\t<div class=\"slideshow_slide slideshow_slide_image\">\r\n\t\t\t\t\t\t\t\t\t\t\t<img src=\"https:\/\/wordpress.derwegderwoelfe.de\/wp-content\/uploads\/2015\/08\/P1020087.jpg\" alt=\"gesundes Campessen\" width=\"544\" height=\"480\" \/>\r\n\t\t\t\t\t\t\t\t\t\t<div class=\"slideshow_description_box slideshow_transparent\">\r\n\t\t\t\t\t\t<div class=\"slideshow_title\">gesundes Campessen<\/div>\t\t\t\t\t\t\t\t\t\t\t<\/div>\r\n\t\t\t\t<\/div>\r\n\r\n\t\t\t\t\t\t<div style=\"clear: both;\"><\/div><\/div><div class=\"slideshow_view\">\r\n\t\t\t\t<div class=\"slideshow_slide slideshow_slide_image\">\r\n\t\t\t\t\t\t\t\t\t\t\t<img src=\"https:\/\/wordpress.derwegderwoelfe.de\/wp-content\/uploads\/2015\/08\/P1020077.jpg\" alt=\"br\u00f6selnde Heckscheibe\" width=\"562\" height=\"480\" \/>\r\n\t\t\t\t\t\t\t\t\t\t<div class=\"slideshow_description_box slideshow_transparent\">\r\n\t\t\t\t\t\t<div class=\"slideshow_title\">br\u00f6selnde Heckscheibe<\/div>\t\t\t\t\t\t\t\t\t\t\t<\/div>\r\n\t\t\t\t<\/div>\r\n\r\n\t\t\t\t\t\t<div style=\"clear: both;\"><\/div><\/div><div class=\"slideshow_view\">\r\n\t\t\t\t<div class=\"slideshow_slide slideshow_slide_image\">\r\n\t\t\t\t\t\t\t\t\t\t\t<img src=\"https:\/\/wordpress.derwegderwoelfe.de\/wp-content\/uploads\/2015\/08\/P1020023.jpg\" alt=\"Burganlage\" width=\"640\" height=\"480\" \/>\r\n\t\t\t\t\t\t\t\t\t\t<div class=\"slideshow_description_box slideshow_transparent\">\r\n\t\t\t\t\t\t<div class=\"slideshow_title\">Burganlage<\/div>\t\t\t\t\t\t\t\t\t\t\t<\/div>\r\n\t\t\t\t<\/div>\r\n\r\n\t\t\t\t\t\t<div style=\"clear: both;\"><\/div><\/div><div class=\"slideshow_view\">\r\n\t\t\t\t<div class=\"slideshow_slide slideshow_slide_image\">\r\n\t\t\t\t\t\t\t\t\t\t\t<img src=\"https:\/\/wordpress.derwegderwoelfe.de\/wp-content\/uploads\/2015\/08\/P1010997.jpg\" alt=\"historisches Haus\" width=\"640\" height=\"480\" \/>\r\n\t\t\t\t\t\t\t\t\t\t<div class=\"slideshow_description_box slideshow_transparent\">\r\n\t\t\t\t\t\t<div class=\"slideshow_title\">historisches Haus<\/div>\t\t\t\t\t\t\t\t\t\t\t<\/div>\r\n\t\t\t\t<\/div>\r\n\r\n\t\t\t\t\t\t<div style=\"clear: both;\"><\/div><\/div><div class=\"slideshow_view\">\r\n\t\t\t\t<div class=\"slideshow_slide slideshow_slide_image\">\r\n\t\t\t\t\t\t\t\t\t\t\t<img src=\"https:\/\/wordpress.derwegderwoelfe.de\/wp-content\/uploads\/2015\/08\/P1010985.jpg\" alt=\"Schaf\" width=\"380\" height=\"480\" \/>\r\n\t\t\t\t\t\t\t\t\t\t<div class=\"slideshow_description_box slideshow_transparent\">\r\n\t\t\t\t\t\t<div class=\"slideshow_title\">Schaf<\/div>\t\t\t\t\t\t\t\t\t\t\t<\/div>\r\n\t\t\t\t<\/div>\r\n\r\n\t\t\t\t\t\t<div style=\"clear: both;\"><\/div><\/div><div class=\"slideshow_view\">\r\n\t\t\t\t<div class=\"slideshow_slide slideshow_slide_image\">\r\n\t\t\t\t\t\t\t\t\t\t\t<img src=\"https:\/\/wordpress.derwegderwoelfe.de\/wp-content\/uploads\/2015\/08\/P1010967.jpg\" alt=\"hat jemand einen Besen\" width=\"640\" height=\"480\" \/>\r\n\t\t\t\t\t\t\t\t\t\t<div class=\"slideshow_description_box slideshow_transparent\">\r\n\t\t\t\t\t\t<div class=\"slideshow_title\">hat jemand einen Besen<\/div>\t\t\t\t\t\t\t\t\t\t\t<\/div>\r\n\t\t\t\t<\/div>\r\n\r\n\t\t\t\t\t\t<div style=\"clear: both;\"><\/div><\/div><div class=\"slideshow_view\">\r\n\t\t\t\t<div class=\"slideshow_slide slideshow_slide_image\">\r\n\t\t\t\t\t\t\t\t\t\t\t<img src=\"https:\/\/wordpress.derwegderwoelfe.de\/wp-content\/uploads\/2015\/08\/P1010930.jpg\" alt=\"eine von vielen Burgruine\" width=\"640\" height=\"480\" \/>\r\n\t\t\t\t\t\t\t\t\t\t<div class=\"slideshow_description_box slideshow_transparent\">\r\n\t\t\t\t\t\t<div class=\"slideshow_title\">eine von vielen Burgruine<\/div>\t\t\t\t\t\t\t\t\t\t\t<\/div>\r\n\t\t\t\t<\/div>\r\n\r\n\t\t\t\t\t\t<div style=\"clear: both;\"><\/div><\/div><div class=\"slideshow_view\">\r\n\t\t\t\t<div class=\"slideshow_slide slideshow_slide_image\">\r\n\t\t\t\t\t\t\t\t\t\t\t<img src=\"https:\/\/wordpress.derwegderwoelfe.de\/wp-content\/uploads\/2015\/08\/P1010920.jpg\" alt=\"Abendessen mit Tischdecke\" width=\"640\" height=\"480\" \/>\r\n\t\t\t\t\t\t\t\t\t\t<div class=\"slideshow_description_box slideshow_transparent\">\r\n\t\t\t\t\t\t<div class=\"slideshow_title\">Abendessen mit Tischdecke<\/div>\t\t\t\t\t\t\t\t\t\t\t<\/div>\r\n\t\t\t\t<\/div>\r\n\r\n\t\t\t\t\t\t<div style=\"clear: both;\"><\/div><\/div><div class=\"slideshow_view\">\r\n\t\t\t\t<div class=\"slideshow_slide slideshow_slide_image\">\r\n\t\t\t\t\t\t\t\t\t\t\t<img src=\"https:\/\/wordpress.derwegderwoelfe.de\/wp-content\/uploads\/2015\/08\/P1010910.jpg\" alt=\"Abwasch\" width=\"640\" height=\"499\" \/>\r\n\t\t\t\t\t\t\t\t\t\t<div class=\"slideshow_description_box slideshow_transparent\">\r\n\t\t\t\t\t\t<div class=\"slideshow_title\">Abwasch<\/div>\t\t\t\t\t\t\t\t\t\t\t<\/div>\r\n\t\t\t\t<\/div>\r\n\r\n\t\t\t\t\t\t<div style=\"clear: both;\"><\/div><\/div><div class=\"slideshow_view\">\r\n\t\t\t\t<div class=\"slideshow_slide slideshow_slide_image\">\r\n\t\t\t\t\t\t\t\t\t\t\t<img src=\"https:\/\/wordpress.derwegderwoelfe.de\/wp-content\/uploads\/2015\/08\/P1010895.jpg\" alt=\"k\u00fchler Morgen vor Abmarsch\" width=\"504\" height=\"480\" \/>\r\n\t\t\t\t\t\t\t\t\t\t<div class=\"slideshow_description_box slideshow_transparent\">\r\n\t\t\t\t\t\t<div class=\"slideshow_title\">k\u00fchler Morgen vor Abmarsch<\/div>\t\t\t\t\t\t\t\t\t\t\t<\/div>\r\n\t\t\t\t<\/div>\r\n\r\n\t\t\t\t\t\t<div style=\"clear: both;\"><\/div><\/div><div class=\"slideshow_view\">\r\n\t\t\t\t<div class=\"slideshow_slide slideshow_slide_image\">\r\n\t\t\t\t\t\t\t\t\t\t\t<img src=\"https:\/\/wordpress.derwegderwoelfe.de\/wp-content\/uploads\/2015\/08\/P1010886.jpg\" alt=\"Tarpkonstruktion f\u00fcr Lager\" width=\"640\" height=\"480\" \/>\r\n\t\t\t\t\t\t\t\t\t\t<div class=\"slideshow_description_box slideshow_transparent\">\r\n\t\t\t\t\t\t<div class=\"slideshow_title\">Tarpkonstruktion f\u00fcr Lager<\/div>\t\t\t\t\t\t\t\t\t\t\t<\/div>\r\n\t\t\t\t<\/div>\r\n\r\n\t\t\t\t\t\t<div style=\"clear: both;\"><\/div><\/div><div class=\"slideshow_view\">\r\n\t\t\t\t<div class=\"slideshow_slide slideshow_slide_image\">\r\n\t\t\t\t\t\t\t\t\t\t\t<img src=\"https:\/\/wordpress.derwegderwoelfe.de\/wp-content\/uploads\/2015\/08\/P1010826.jpg\" alt=\"B\u00fcroarbeit\" width=\"640\" height=\"480\" \/>\r\n\t\t\t\t\t\t\t\t\t\t<div class=\"slideshow_description_box slideshow_transparent\">\r\n\t\t\t\t\t\t<div class=\"slideshow_title\">B\u00fcroarbeit<\/div>\t\t\t\t\t\t\t\t\t\t\t<\/div>\r\n\t\t\t\t<\/div>\r\n\r\n\t\t\t\t\t\t<div style=\"clear: both;\"><\/div><\/div><div class=\"slideshow_view\">\r\n\t\t\t\t<div class=\"slideshow_slide slideshow_slide_image\">\r\n\t\t\t\t\t\t\t\t\t\t\t<img src=\"https:\/\/wordpress.derwegderwoelfe.de\/wp-content\/uploads\/2015\/08\/IMG_0725.jpg\" alt=\"Mittagspause mit Shira\" width=\"640\" height=\"427\" \/>\r\n\t\t\t\t\t\t\t\t\t\t<div class=\"slideshow_description_box slideshow_transparent\">\r\n\t\t\t\t\t\t<div class=\"slideshow_title\">Mittagspause mit Shira<\/div>\t\t\t\t\t\t\t\t\t\t\t<\/div>\r\n\t\t\t\t<\/div>\r\n\r\n\t\t\t\t\t\t<div style=\"clear: both;\"><\/div><\/div><div class=\"slideshow_view\">\r\n\t\t\t\t<div class=\"slideshow_slide slideshow_slide_image\">\r\n\t\t\t\t\t\t\t\t\t\t\t<img src=\"https:\/\/wordpress.derwegderwoelfe.de\/wp-content\/uploads\/2015\/08\/IMG_0714.jpg\" alt=\"noch am Schlafen auf 1200m H\u00f6he\" width=\"640\" height=\"425\" \/>\r\n\t\t\t\t\t\t\t\t\t\t<div class=\"slideshow_description_box slideshow_transparent\">\r\n\t\t\t\t\t\t<div class=\"slideshow_title\">noch am Schlafen auf 1200m H\u00f6he<\/div>\t\t\t\t\t\t\t\t\t\t\t<\/div>\r\n\t\t\t\t<\/div>\r\n\r\n\t\t\t\t\t\t<div style=\"clear: both;\"><\/div><\/div><div class=\"slideshow_view\">\r\n\t\t\t\t<div class=\"slideshow_slide slideshow_slide_image\">\r\n\t\t\t\t\t\t\t\t\t\t\t<img src=\"https:\/\/wordpress.derwegderwoelfe.de\/wp-content\/uploads\/2015\/08\/IMG_0698.jpg\" alt=\"Bohnen f\u00fcrs Abendmahl\" width=\"640\" height=\"427\" \/>\r\n\t\t\t\t\t\t\t\t\t\t<div class=\"slideshow_description_box slideshow_transparent\">\r\n\t\t\t\t\t\t<div class=\"slideshow_title\">Bohnen f\u00fcrs Abendmahl<\/div>\t\t\t\t\t\t\t\t\t\t\t<\/div>\r\n\t\t\t\t<\/div>\r\n\r\n\t\t\t\t\t\t<div style=\"clear: both;\"><\/div><\/div><div class=\"slideshow_view\">\r\n\t\t\t\t<div class=\"slideshow_slide slideshow_slide_image\">\r\n\t\t\t\t\t\t\t\t\t\t\t<img src=\"https:\/\/wordpress.derwegderwoelfe.de\/wp-content\/uploads\/2015\/08\/IMG_0595.jpg\" alt=\"Zaung\u00e4ste\" width=\"640\" height=\"423\" \/>\r\n\t\t\t\t\t\t\t\t\t\t<div class=\"slideshow_description_box slideshow_transparent\">\r\n\t\t\t\t\t\t<div class=\"slideshow_title\">Zaung\u00e4ste<\/div>\t\t\t\t\t\t\t\t\t\t\t<\/div>\r\n\t\t\t\t<\/div>\r\n\r\n\t\t\t\t\t\t<div style=\"clear: both;\"><\/div><\/div><div class=\"slideshow_view\">\r\n\t\t\t\t<div class=\"slideshow_slide slideshow_slide_image\">\r\n\t\t\t\t\t\t\t\t\t\t\t<img src=\"https:\/\/wordpress.derwegderwoelfe.de\/wp-content\/uploads\/2015\/08\/IMG_0571.jpg\" alt=\"Vollmond\" width=\"640\" height=\"605\" \/>\r\n\t\t\t\t\t\t\t\t\t\t<div class=\"slideshow_description_box slideshow_transparent\">\r\n\t\t\t\t\t\t<div class=\"slideshow_title\">Vollmond<\/div>\t\t\t\t\t\t\t\t\t\t\t<\/div>\r\n\t\t\t\t<\/div>\r\n\r\n\t\t\t\t\t\t<div style=\"clear: both;\"><\/div><\/div><div class=\"slideshow_view\">\r\n\t\t\t\t<div class=\"slideshow_slide slideshow_slide_image\">\r\n\t\t\t\t\t\t\t\t\t\t\t<img src=\"https:\/\/wordpress.derwegderwoelfe.de\/wp-content\/uploads\/2015\/08\/IMG_0514.jpg\" alt=\"Picknickplatz &quot;Treffnix&quot;\" width=\"640\" height=\"415\" \/>\r\n\t\t\t\t\t\t\t\t\t\t<div class=\"slideshow_description_box slideshow_transparent\">\r\n\t\t\t\t\t\t<div class=\"slideshow_title\">Picknickplatz &quot;Treffnix&quot;<\/div>\t\t\t\t\t\t\t\t\t\t\t<\/div>\r\n\t\t\t\t<\/div>\r\n\r\n\t\t\t\t\t\t<div style=\"clear: both;\"><\/div><\/div><div class=\"slideshow_view\">\r\n\t\t\t\t<div class=\"slideshow_slide slideshow_slide_image\">\r\n\t\t\t\t\t\t\t\t\t\t\t<img src=\"https:\/\/wordpress.derwegderwoelfe.de\/wp-content\/uploads\/2015\/08\/IMG_0510.jpg\" alt=\"Gartenrotschwanz\" width=\"640\" height=\"499\" \/>\r\n\t\t\t\t\t\t\t\t\t\t<div class=\"slideshow_description_box slideshow_transparent\">\r\n\t\t\t\t\t\t<div class=\"slideshow_title\">Gartenrotschwanz<\/div>\t\t\t\t\t\t\t\t\t\t\t<\/div>\r\n\t\t\t\t<\/div>\r\n\r\n\t\t\t\t\t\t<div style=\"clear: both;\"><\/div><\/div><div class=\"slideshow_view\">\r\n\t\t\t\t<div class=\"slideshow_slide slideshow_slide_image\">\r\n\t\t\t\t\t\t\t\t\t\t\t<img src=\"https:\/\/wordpress.derwegderwoelfe.de\/wp-content\/uploads\/2015\/08\/DSCN2835.jpg\" alt=\"Heckfenster l\u00f6st sich aus Rahmen\" width=\"640\" height=\"480\" \/>\r\n\t\t\t\t\t\t\t\t\t\t<div class=\"slideshow_description_box slideshow_transparent\">\r\n\t\t\t\t\t\t<div class=\"slideshow_title\">Heckfenster l\u00f6st sich aus Rahmen<\/div>\t\t\t\t\t\t\t\t\t\t\t<\/div>\r\n\t\t\t\t<\/div>\r\n\r\n\t\t\t\t\t\t<div style=\"clear: both;\"><\/div><\/div><div class=\"slideshow_view\">\r\n\t\t\t\t<div class=\"slideshow_slide slideshow_slide_image\">\r\n\t\t\t\t\t\t\t\t\t\t\t<img src=\"https:\/\/wordpress.derwegderwoelfe.de\/wp-content\/uploads\/2015\/08\/DSCN2833.jpg\" alt=\"Heckfenster zerbr\u00f6selt\" width=\"640\" height=\"480\" \/>\r\n\t\t\t\t\t\t\t\t\t\t<div class=\"slideshow_description_box slideshow_transparent\">\r\n\t\t\t\t\t\t<div class=\"slideshow_title\">Heckfenster zerbr\u00f6selt<\/div>\t\t\t\t\t\t\t\t\t\t\t<\/div>\r\n\t\t\t\t<\/div>\r\n\r\n\t\t\t\t\t\t<div style=\"clear: both;\"><\/div><\/div><div class=\"slideshow_view\">\r\n\t\t\t\t<div class=\"slideshow_slide slideshow_slide_image\">\r\n\t\t\t\t\t\t\t\t\t\t\t<img src=\"https:\/\/wordpress.derwegderwoelfe.de\/wp-content\/uploads\/2015\/08\/DSCN2828.jpg\" alt=\"Ger\u00f6llhalden gestapelt\" width=\"640\" height=\"480\" \/>\r\n\t\t\t\t\t\t\t\t\t\t<div class=\"slideshow_description_box slideshow_transparent\">\r\n\t\t\t\t\t\t<div class=\"slideshow_title\">Ger\u00f6llhalden gestapelt<\/div>\t\t\t\t\t\t\t\t\t\t\t<\/div>\r\n\t\t\t\t<\/div>\r\n\r\n\t\t\t\t\t\t<div style=\"clear: both;\"><\/div><\/div><div class=\"slideshow_view\">\r\n\t\t\t\t<div class=\"slideshow_slide slideshow_slide_image\">\r\n\t\t\t\t\t\t\t\t\t\t\t<img src=\"https:\/\/wordpress.derwegderwoelfe.de\/wp-content\/uploads\/2015\/08\/DSCN2818.jpg\" alt=\"So geht's mit guten Schuhwerk\" width=\"640\" height=\"473\" \/>\r\n\t\t\t\t\t\t\t\t\t\t<div class=\"slideshow_description_box slideshow_transparent\">\r\n\t\t\t\t\t\t<div class=\"slideshow_title\">So geht's mit guten Schuhwerk<\/div>\t\t\t\t\t\t\t\t\t\t\t<\/div>\r\n\t\t\t\t<\/div>\r\n\r\n\t\t\t\t\t\t<div style=\"clear: both;\"><\/div><\/div><div class=\"slideshow_view\">\r\n\t\t\t\t<div class=\"slideshow_slide slideshow_slide_image\">\r\n\t\t\t\t\t\t\t\t\t\t\t<img src=\"https:\/\/wordpress.derwegderwoelfe.de\/wp-content\/uploads\/2015\/08\/DSCN2811.jpg\" alt=\"Bergsee mit viel Wald\" width=\"640\" height=\"481\" \/>\r\n\t\t\t\t\t\t\t\t\t\t<div class=\"slideshow_description_box slideshow_transparent\">\r\n\t\t\t\t\t\t<div class=\"slideshow_title\">Bergsee mit viel Wald<\/div>\t\t\t\t\t\t\t\t\t\t\t<\/div>\r\n\t\t\t\t<\/div>\r\n\r\n\t\t\t\t\t\t<div style=\"clear: both;\"><\/div><\/div><div class=\"slideshow_view\">\r\n\t\t\t\t<div class=\"slideshow_slide slideshow_slide_image\">\r\n\t\t\t\t\t\t\t\t\t\t\t<img src=\"https:\/\/wordpress.derwegderwoelfe.de\/wp-content\/uploads\/2015\/08\/DSCN2801.jpg\" alt=\"Trinkpause f\u00fcr Shira\" width=\"640\" height=\"480\" \/>\r\n\t\t\t\t\t\t\t\t\t\t<div class=\"slideshow_description_box slideshow_transparent\">\r\n\t\t\t\t\t\t<div class=\"slideshow_title\">Trinkpause f\u00fcr Shira<\/div>\t\t\t\t\t\t\t\t\t\t\t<\/div>\r\n\t\t\t\t<\/div>\r\n\r\n\t\t\t\t\t\t<div style=\"clear: both;\"><\/div><\/div><div class=\"slideshow_view\">\r\n\t\t\t\t<div class=\"slideshow_slide slideshow_slide_image\">\r\n\t\t\t\t\t\t\t\t\t\t\t<img src=\"https:\/\/wordpress.derwegderwoelfe.de\/wp-content\/uploads\/2015\/08\/DSCN2774.jpg\" alt=\"Aussicht nach Westen Vogesen\" width=\"640\" height=\"480\" \/>\r\n\t\t\t\t\t\t\t\t\t\t<div class=\"slideshow_description_box slideshow_transparent\">\r\n\t\t\t\t\t\t<div class=\"slideshow_title\">Aussicht nach Westen Vogesen<\/div>\t\t\t\t\t\t\t\t\t\t\t<\/div>\r\n\t\t\t\t<\/div>\r\n\r\n\t\t\t\t\t\t<div style=\"clear: both;\"><\/div><\/div><div class=\"slideshow_view\">\r\n\t\t\t\t<div class=\"slideshow_slide slideshow_slide_image\">\r\n\t\t\t\t\t\t\t\t\t\t\t<img src=\"https:\/\/wordpress.derwegderwoelfe.de\/wp-content\/uploads\/2015\/08\/DSCN2746.jpg\" alt=\"Zelt trocknen\" width=\"640\" height=\"480\" \/>\r\n\t\t\t\t\t\t\t\t\t\t<div class=\"slideshow_description_box slideshow_transparent\">\r\n\t\t\t\t\t\t<div class=\"slideshow_title\">Zelt trocknen<\/div>\t\t\t\t\t\t\t\t\t\t\t<\/div>\r\n\t\t\t\t<\/div>\r\n\r\n\t\t\t\t\t\t<div style=\"clear: both;\"><\/div><\/div><div class=\"slideshow_view\">\r\n\t\t\t\t<div class=\"slideshow_slide slideshow_slide_image\">\r\n\t\t\t\t\t\t\t\t\t\t\t<img src=\"https:\/\/wordpress.derwegderwoelfe.de\/wp-content\/uploads\/2015\/08\/DSCN2738.jpg\" alt=\"viele H\u00f6hlen\" width=\"640\" height=\"465\" \/>\r\n\t\t\t\t\t\t\t\t\t\t<div class=\"slideshow_description_box slideshow_transparent\">\r\n\t\t\t\t\t\t<div class=\"slideshow_title\">viele H\u00f6hlen<\/div>\t\t\t\t\t\t\t\t\t\t\t<\/div>\r\n\t\t\t\t<\/div>\r\n\r\n\t\t\t\t\t\t<div style=\"clear: both;\"><\/div><\/div><div class=\"slideshow_view\">\r\n\t\t\t\t<div class=\"slideshow_slide slideshow_slide_image\">\r\n\t\t\t\t\t\t\t\t\t\t\t<img src=\"https:\/\/wordpress.derwegderwoelfe.de\/wp-content\/uploads\/2015\/08\/DSCN2732.jpg\" alt=\"Forstwald zum abgew\u00f6hnen\" width=\"640\" height=\"480\" \/>\r\n\t\t\t\t\t\t\t\t\t\t<div class=\"slideshow_description_box slideshow_transparent\">\r\n\t\t\t\t\t\t<div class=\"slideshow_title\">Forstwald zum abgew\u00f6hnen<\/div>\t\t\t\t\t\t\t\t\t\t\t<\/div>\r\n\t\t\t\t<\/div>\r\n\r\n\t\t\t\t\t\t<div style=\"clear: both;\"><\/div><\/div><div class=\"slideshow_view\">\r\n\t\t\t\t<div class=\"slideshow_slide slideshow_slide_image\">\r\n\t\t\t\t\t\t\t\t\t\t\t<img src=\"https:\/\/wordpress.derwegderwoelfe.de\/wp-content\/uploads\/2015\/08\/DSCN2729.jpg\" alt=\"Regenpause unter Steindach\" width=\"640\" height=\"480\" \/>\r\n\t\t\t\t\t\t\t\t\t\t<div class=\"slideshow_description_box slideshow_transparent\">\r\n\t\t\t\t\t\t<div class=\"slideshow_title\">Regenpause unter Steindach<\/div>\t\t\t\t\t\t\t\t\t\t\t<\/div>\r\n\t\t\t\t<\/div>\r\n\r\n\t\t\t\t\t\t<div style=\"clear: both;\"><\/div><\/div><div class=\"slideshow_view\">\r\n\t\t\t\t<div class=\"slideshow_slide slideshow_slide_image\">\r\n\t\t\t\t\t\t\t\t\t\t\t<img src=\"https:\/\/wordpress.derwegderwoelfe.de\/wp-content\/uploads\/2015\/08\/DSCN2724.jpg\" alt=\"Aussicht \u00fcber Pf\u00e4lzer-Wald\" width=\"640\" height=\"480\" \/>\r\n\t\t\t\t\t\t\t\t\t\t<div class=\"slideshow_description_box slideshow_transparent\">\r\n\t\t\t\t\t\t<div class=\"slideshow_title\">Aussicht \u00fcber Pf\u00e4lzer-Wald<\/div>\t\t\t\t\t\t\t\t\t\t\t<\/div>\r\n\t\t\t\t<\/div>\r\n\r\n\t\t\t\t\t\t<div style=\"clear: both;\"><\/div><\/div><div class=\"slideshow_view\">\r\n\t\t\t\t<div class=\"slideshow_slide slideshow_slide_image\">\r\n\t\t\t\t\t\t\t\t\t\t\t<img src=\"https:\/\/wordpress.derwegderwoelfe.de\/wp-content\/uploads\/2015\/08\/DSCN2694.jpg\" alt=\"Morgentau\" width=\"640\" height=\"379\" \/>\r\n\t\t\t\t\t\t\t\t\t\t<div class=\"slideshow_description_box slideshow_transparent\">\r\n\t\t\t\t\t\t<div class=\"slideshow_title\">Morgentau<\/div>\t\t\t\t\t\t\t\t\t\t\t<\/div>\r\n\t\t\t\t<\/div>\r\n\r\n\t\t\t\t\t\t<div style=\"clear: both;\"><\/div><\/div><div class=\"slideshow_view\">\r\n\t\t\t\t<div class=\"slideshow_slide slideshow_slide_image\">\r\n\t\t\t\t\t\t\t\t\t\t\t<img src=\"https:\/\/wordpress.derwegderwoelfe.de\/wp-content\/uploads\/2015\/08\/DSCN2679.jpg\" alt=\"Pausenb\u00e4nke\" width=\"640\" height=\"425\" \/>\r\n\t\t\t\t\t\t\t\t\t\t<div class=\"slideshow_description_box slideshow_transparent\">\r\n\t\t\t\t\t\t<div class=\"slideshow_title\">Pausenb\u00e4nke<\/div>\t\t\t\t\t\t\t\t\t\t\t<\/div>\r\n\t\t\t\t<\/div>\r\n\r\n\t\t\t\t\t\t<div style=\"clear: both;\"><\/div><\/div><div class=\"slideshow_view\">\r\n\t\t\t\t<div class=\"slideshow_slide slideshow_slide_image\">\r\n\t\t\t\t\t\t\t\t\t\t\t<img src=\"https:\/\/wordpress.derwegderwoelfe.de\/wp-content\/uploads\/2015\/08\/DSCN2678.jpg\" alt=\"Die Wanderung beginnt bei Frankenstein\" width=\"640\" height=\"431\" \/>\r\n\t\t\t\t\t\t\t\t\t\t<div class=\"slideshow_description_box slideshow_transparent\">\r\n\t\t\t\t\t\t<div class=\"slideshow_title\">Die Wanderung beginnt bei Frankenstein<\/div>\t\t\t\t\t\t\t\t\t\t\t<\/div>\r\n\t\t\t\t<\/div>\r\n\r\n\t\t\t\t\t\t<div style=\"clear: both;\"><\/div><\/div><div class=\"slideshow_view\">\r\n\t\t\t\t<div class=\"slideshow_slide slideshow_slide_image\">\r\n\t\t\t\t\t\t\t\t\t\t\t<img src=\"https:\/\/wordpress.derwegderwoelfe.de\/wp-content\/uploads\/2015\/07\/IMG_0485.jpg\" alt=\"Frankfurt in der Ferne\" width=\"640\" height=\"427\" \/>\r\n\t\t\t\t\t\t\t\t\t\t<div class=\"slideshow_description_box slideshow_transparent\">\r\n\t\t\t\t\t\t<div class=\"slideshow_title\">Frankfurt in der Ferne<\/div>\t\t\t\t\t\t\t\t\t\t\t<\/div>\r\n\t\t\t\t<\/div>\r\n\r\n\t\t\t\t\t\t<div style=\"clear: both;\"><\/div><\/div><div class=\"slideshow_view\">\r\n\t\t\t\t<div class=\"slideshow_slide slideshow_slide_image\">\r\n\t\t\t\t\t\t\t\t\t\t\t<img src=\"https:\/\/wordpress.derwegderwoelfe.de\/wp-content\/uploads\/2015\/07\/IMG_0480.jpg\" alt=\"Storch\" width=\"640\" height=\"476\" \/>\r\n\t\t\t\t\t\t\t\t\t\t<div class=\"slideshow_description_box slideshow_transparent\">\r\n\t\t\t\t\t\t<div class=\"slideshow_title\">Storch<\/div>\t\t\t\t\t\t\t\t\t\t\t<\/div>\r\n\t\t\t\t<\/div>\r\n\r\n\t\t\t\t\t\t<div style=\"clear: both;\"><\/div><\/div><div class=\"slideshow_view\">\r\n\t\t\t\t<div class=\"slideshow_slide slideshow_slide_image\">\r\n\t\t\t\t\t\t\t\t\t\t\t<img src=\"https:\/\/wordpress.derwegderwoelfe.de\/wp-content\/uploads\/2015\/07\/IMG_0475.jpg\" alt=\"Rinderherde mit K\u00e4lber\" width=\"640\" height=\"427\" \/>\r\n\t\t\t\t\t\t\t\t\t\t<div class=\"slideshow_description_box slideshow_transparent\">\r\n\t\t\t\t\t\t<div class=\"slideshow_title\">Rinderherde mit K\u00e4lber<\/div>\t\t\t\t\t\t\t\t\t\t\t<\/div>\r\n\t\t\t\t<\/div>\r\n\r\n\t\t\t\t\t\t<div style=\"clear: both;\"><\/div><\/div><div class=\"slideshow_view\">\r\n\t\t\t\t<div class=\"slideshow_slide slideshow_slide_image\">\r\n\t\t\t\t\t\t\t\t\t\t\t<img src=\"https:\/\/wordpress.derwegderwoelfe.de\/wp-content\/uploads\/2015\/07\/IMG_0469.jpg\" alt=\"Graureiher\" width=\"640\" height=\"489\" \/>\r\n\t\t\t\t\t\t\t\t\t\t<div class=\"slideshow_description_box slideshow_transparent\">\r\n\t\t\t\t\t\t<div class=\"slideshow_title\">Graureiher<\/div>\t\t\t\t\t\t\t\t\t\t\t<\/div>\r\n\t\t\t\t<\/div>\r\n\r\n\t\t\t\t\t\t<div style=\"clear: both;\"><\/div><\/div><div class=\"slideshow_view\">\r\n\t\t\t\t<div class=\"slideshow_slide slideshow_slide_image\">\r\n\t\t\t\t\t\t\t\t\t\t\t<img src=\"https:\/\/wordpress.derwegderwoelfe.de\/wp-content\/uploads\/2015\/07\/Gelnhausen-Spessart1.jpg\" alt=\"Gelnhausen Spessart\" width=\"640\" height=\"427\" \/>\r\n\t\t\t\t\t\t\t\t\t\t<div class=\"slideshow_description_box slideshow_transparent\">\r\n\t\t\t\t\t\t<div class=\"slideshow_title\">Gelnhausen Spessart<\/div>\t\t\t\t\t\t\t\t\t\t\t<\/div>\r\n\t\t\t\t<\/div>\r\n\r\n\t\t\t\t\t\t<div style=\"clear: both;\"><\/div><\/div><div class=\"slideshow_view\">\r\n\t\t\t\t<div class=\"slideshow_slide slideshow_slide_image\">\r\n\t\t\t\t\t\t\t\t\t\t\t<img src=\"https:\/\/wordpress.derwegderwoelfe.de\/wp-content\/uploads\/2015\/07\/DSCN2648.jpg\" alt=\"anrollende Strohballen\" width=\"640\" height=\"480\" \/>\r\n\t\t\t\t\t\t\t\t\t\t<div class=\"slideshow_description_box slideshow_transparent\">\r\n\t\t\t\t\t\t<div class=\"slideshow_title\">anrollende Strohballen<\/div>\t\t\t\t\t\t\t\t\t\t\t<\/div>\r\n\t\t\t\t<\/div>\r\n\r\n\t\t\t\t\t\t<div style=\"clear: both;\"><\/div><\/div><div class=\"slideshow_view\">\r\n\t\t\t\t<div class=\"slideshow_slide slideshow_slide_image\">\r\n\t\t\t\t\t\t\t\t\t\t\t<img src=\"https:\/\/wordpress.derwegderwoelfe.de\/wp-content\/uploads\/2015\/07\/DSCN2646.jpg\" alt=\"Rhein\u00fcberquerung\" width=\"640\" height=\"429\" \/>\r\n\t\t\t\t\t\t\t\t\t\t<div class=\"slideshow_description_box slideshow_transparent\">\r\n\t\t\t\t\t\t<div class=\"slideshow_title\">Rhein\u00fcberquerung<\/div>\t\t\t\t\t\t\t\t\t\t\t<\/div>\r\n\t\t\t\t<\/div>\r\n\r\n\t\t\t\t\t\t<div style=\"clear: both;\"><\/div><\/div><div class=\"slideshow_view\">\r\n\t\t\t\t<div class=\"slideshow_slide slideshow_slide_image\">\r\n\t\t\t\t\t\t\t\t\t\t\t<img src=\"https:\/\/wordpress.derwegderwoelfe.de\/wp-content\/uploads\/2015\/07\/DSCN2635.jpg\" alt=\"im Hunsr\u00fcck\" width=\"640\" height=\"480\" \/>\r\n\t\t\t\t\t\t\t\t\t\t<div class=\"slideshow_description_box slideshow_transparent\">\r\n\t\t\t\t\t\t<div class=\"slideshow_title\">im Hunsr\u00fcck<\/div>\t\t\t\t\t\t\t\t\t\t\t<\/div>\r\n\t\t\t\t<\/div>\r\n\r\n\t\t\t\t\t\t<div style=\"clear: both;\"><\/div><\/div><div class=\"slideshow_view\">\r\n\t\t\t\t<div class=\"slideshow_slide slideshow_slide_image\">\r\n\t\t\t\t\t\t\t\t\t\t\t<img src=\"https:\/\/wordpress.derwegderwoelfe.de\/wp-content\/uploads\/2015\/07\/DSCN2621.jpg\" alt=\"Limes R\u00f6merfestungen\" width=\"640\" height=\"480\" \/>\r\n\t\t\t\t\t\t\t\t\t\t<div class=\"slideshow_description_box slideshow_transparent\">\r\n\t\t\t\t\t\t<div class=\"slideshow_title\">Limes R\u00f6merfestungen<\/div>\t\t\t\t\t\t\t\t\t\t\t<\/div>\r\n\t\t\t\t<\/div>\r\n\r\n\t\t\t\t\t\t<div style=\"clear: both;\"><\/div><\/div><div class=\"slideshow_view\">\r\n\t\t\t\t<div class=\"slideshow_slide slideshow_slide_image\">\r\n\t\t\t\t\t\t\t\t\t\t\t<img src=\"https:\/\/wordpress.derwegderwoelfe.de\/wp-content\/uploads\/2015\/07\/DSCN2620-e1465292589485.jpg\" alt=\"durch den Wald\" width=\"640\" height=\"150\" \/>\r\n\t\t\t\t\t\t\t\t\t\t<div class=\"slideshow_description_box slideshow_transparent\">\r\n\t\t\t\t\t\t<div class=\"slideshow_title\">durch den Wald<\/div>\t\t\t\t\t\t\t\t\t\t\t<\/div>\r\n\t\t\t\t<\/div>\r\n\r\n\t\t\t\t\t\t<div style=\"clear: both;\"><\/div><\/div><div class=\"slideshow_view\">\r\n\t\t\t\t<div class=\"slideshow_slide slideshow_slide_image\">\r\n\t\t\t\t\t\t\t\t\t\t\t<img src=\"https:\/\/wordpress.derwegderwoelfe.de\/wp-content\/uploads\/2015\/07\/DSCN2619.jpg\" alt=\"zum Radeln gut, nicht zum Wandern\" width=\"640\" height=\"480\" \/>\r\n\t\t\t\t\t\t\t\t\t\t<div class=\"slideshow_description_box slideshow_transparent\">\r\n\t\t\t\t\t\t<div class=\"slideshow_title\">zum Radeln gut, nicht zum Wandern<\/div>\t\t\t\t\t\t\t\t\t\t\t<\/div>\r\n\t\t\t\t<\/div>\r\n\r\n\t\t\t\t\t\t<div style=\"clear: both;\"><\/div><\/div><div class=\"slideshow_view\">\r\n\t\t\t\t<div class=\"slideshow_slide slideshow_slide_image\">\r\n\t\t\t\t\t\t\t\t\t\t\t<img src=\"https:\/\/wordpress.derwegderwoelfe.de\/wp-content\/uploads\/2015\/07\/DSCN2610.jpg\" alt=\"Autobahn A45\" width=\"640\" height=\"480\" \/>\r\n\t\t\t\t\t\t\t\t\t\t<div class=\"slideshow_description_box slideshow_transparent\">\r\n\t\t\t\t\t\t<div class=\"slideshow_title\">Autobahn A45<\/div>\t\t\t\t\t\t\t\t\t\t\t<\/div>\r\n\t\t\t\t<\/div>\r\n\r\n\t\t\t\t\t\t<div style=\"clear: both;\"><\/div><\/div><div class=\"slideshow_view\">\r\n\t\t\t\t<div class=\"slideshow_slide slideshow_slide_image\">\r\n\t\t\t\t\t\t\t\t\t\t\t<img src=\"https:\/\/wordpress.derwegderwoelfe.de\/wp-content\/uploads\/2015\/07\/DSCN26041.jpg\" alt=\"80km rauf und runter\" width=\"640\" height=\"480\" \/>\r\n\t\t\t\t\t\t\t\t\t\t<div class=\"slideshow_description_box slideshow_transparent\">\r\n\t\t\t\t\t\t<div class=\"slideshow_title\">80km rauf und runter<\/div>\t\t\t\t\t\t\t\t\t\t\t<\/div>\r\n\t\t\t\t<\/div>\r\n\r\n\t\t\t\t\t\t<div style=\"clear: both;\"><\/div><\/div><div class=\"slideshow_view\">\r\n\t\t\t\t<div class=\"slideshow_slide slideshow_slide_image\">\r\n\t\t\t\t\t\t\t\t\t\t\t<img src=\"https:\/\/wordpress.derwegderwoelfe.de\/wp-content\/uploads\/2015\/07\/DSCN2598.jpg\" alt=\"im Spessart Schutzh\u00fctte\" width=\"640\" height=\"480\" \/>\r\n\t\t\t\t\t\t\t\t\t\t<div class=\"slideshow_description_box slideshow_transparent\">\r\n\t\t\t\t\t\t<div class=\"slideshow_title\">im Spessart Schutzh\u00fctte<\/div>\t\t\t\t\t\t\t\t\t\t\t<\/div>\r\n\t\t\t\t<\/div>\r\n\r\n\t\t\t\t\t\t<div style=\"clear: both;\"><\/div><\/div><div class=\"slideshow_view\">\r\n\t\t\t\t<div class=\"slideshow_slide slideshow_slide_image\">\r\n\t\t\t\t\t\t\t\t\t\t\t<img src=\"https:\/\/wordpress.derwegderwoelfe.de\/wp-content\/uploads\/2015\/07\/DSCN25811.jpg\" alt=\"Kreutzpunkt mit Expedition 2014\" width=\"640\" height=\"451\" \/>\r\n\t\t\t\t\t\t\t\t\t\t<div class=\"slideshow_description_box slideshow_transparent\">\r\n\t\t\t\t\t\t<div class=\"slideshow_title\">Kreutzpunkt mit Expedition 2014<\/div>\t\t\t\t\t\t\t\t\t\t\t<\/div>\r\n\t\t\t\t<\/div>\r\n\r\n\t\t\t\t\t\t<div style=\"clear: both;\"><\/div><\/div><div class=\"slideshow_view\">\r\n\t\t\t\t<div class=\"slideshow_slide slideshow_slide_image\">\r\n\t\t\t\t\t\t\t\t\t\t\t<img src=\"https:\/\/wordpress.derwegderwoelfe.de\/wp-content\/uploads\/2015\/07\/DSCN2571.jpg\" alt=\"Backup Team ist schneller\" width=\"640\" height=\"1034\" \/>\r\n\t\t\t\t\t\t\t\t\t\t<div class=\"slideshow_description_box slideshow_transparent\">\r\n\t\t\t\t\t\t<div class=\"slideshow_title\">Backup Team ist schneller<\/div>\t\t\t\t\t\t\t\t\t\t\t<\/div>\r\n\t\t\t\t<\/div>\r\n\r\n\t\t\t\t\t\t<div style=\"clear: both;\"><\/div><\/div><div class=\"slideshow_view\">\r\n\t\t\t\t<div class=\"slideshow_slide slideshow_slide_image\">\r\n\t\t\t\t\t\t\t\t\t\t\t<img src=\"https:\/\/wordpress.derwegderwoelfe.de\/wp-content\/uploads\/2015\/07\/DSCN25591.jpg\" alt=\"Start erster Abend\" width=\"640\" height=\"480\" \/>\r\n\t\t\t\t\t\t\t\t\t\t<div class=\"slideshow_description_box slideshow_transparent\">\r\n\t\t\t\t\t\t<div class=\"slideshow_title\">Start erster Abend<\/div>\t\t\t\t\t\t\t\t\t\t\t<\/div>\r\n\t\t\t\t<\/div>\r\n\r\n\t\t\t\t\t\t<div style=\"clear: both;\"><\/div><\/div>\r\n\t\t<\/div>\r\n\r\n\t\t<div class=\"slideshow_controlPanel slideshow_transparent\" style=\"display: none;\"><ul><li class=\"slideshow_togglePlay\" data-play-text=\"Abspielen\" data-pause-text=\"Pause\"><\/li><\/ul><\/div>\r\n\r\n\t\t<div class=\"slideshow_button slideshow_previous slideshow_transparent\" role=\"button\" data-previous-text=\"Zur\u00fcck\" style=\"display: none;\"><\/div>\r\n\t\t<div class=\"slideshow_button slideshow_next slideshow_transparent\" role=\"button\" data-next-text=\"N\u00e4chstes\" style=\"display: none;\"><\/div>\r\n\r\n\t\t<div class=\"slideshow_pagination\" style=\"display: none;\" data-go-to-text=\"Gehe zum Bild\"><div class=\"slideshow_pagination_center\"><\/div><\/div>\r\n\r\n\t\t<!-- WordPress Slideshow Version 2.3.1 -->\r\n\r\n\t\t\t<\/div>\r\n\r\n\n<h4>Montag 10.August kurze Zusammenfassung<\/h4>\n<div id=\"attachment_986\" style=\"width: 310px\" class=\"wp-caption alignleft\"><a href=\"https:\/\/wordpress.derwegderwoelfe.de\/wp-content\/uploads\/2015\/07\/DSCN2833.jpg\"><img loading=\"lazy\" decoding=\"async\" aria-describedby=\"caption-attachment-986\" class=\"size-medium wp-image-986\" src=\"https:\/\/wordpress.derwegderwoelfe.de\/wp-content\/uploads\/2015\/07\/DSCN2833-300x225.jpg\" alt=\"Scheibenbr\u00f6sel hinter den Folien\" width=\"300\" height=\"225\" srcset=\"https:\/\/wordpress.derwegderwoelfe.de\/wp-content\/uploads\/2015\/07\/DSCN2833-300x225.jpg 300w, https:\/\/wordpress.derwegderwoelfe.de\/wp-content\/uploads\/2015\/07\/DSCN2833-400x300.jpg 400w, https:\/\/wordpress.derwegderwoelfe.de\/wp-content\/uploads\/2015\/07\/DSCN2833.jpg 640w\" sizes=\"auto, (max-width: 300px) 100vw, 300px\" \/><\/a><p id=\"caption-attachment-986\" class=\"wp-caption-text\">Scheibenbr\u00f6sel hinter den Folien<\/p><\/div>\n<p>Das war in den 10 Jahren seit dem ich meine Expeditionen durchf\u00fchre nicht nur die k\u00fcrzeste Expeditionen sondern auch die erste mit so vielen \u201eZwischenf\u00e4llen\u201c und einem Abbruch. Erstmals waren die von mir geplanten Tagesetappen tats\u00e4chlich oft etwas zu kurz geplant. Das h\u00e4ngt aber eher damit zusammen, dass ich davon ausgegangen bin, dass die Streckenabschnitte anstrengender zu wandern sind. Es war folglich auch noch die leichtestes Expedition. Das ist aber eben auch Teil von den Expeditionen. Trotzdem werde ich wieder einige Tage ben\u00f6tigen um mich an feste W\u00e4nde zu gew\u00f6hnen. Diese zweite Expedition durch Deutschland und Vogesen hat mir noch mehr verdeutlicht, dass wir in Deutschland gute Gebiete f\u00fcr eine Wolfs- und Luchspopulation haben. Wir w\u00e4ren beraten, davon auszugehen, dass mittel und langfristig gesehen fast die gesamte Region die ich durchwandert habe von W\u00f6lfen wieder eigenst\u00e4ndig besiedelt werden wird. Allerdings sind die Menschen die lokal wohnen noch lange nicht ausreichend darauf vorbereitet. Es gibt viele Baustellen \u201eKonfliktfelder\u201c. <a href=\"https:\/\/wordpress.derwegderwoelfe.de\/wp-content\/uploads\/2015\/07\/IMG_0747.jpg\"><img loading=\"lazy\" decoding=\"async\" class=\" size-medium wp-image-987 alignright\" src=\"https:\/\/wordpress.derwegderwoelfe.de\/wp-content\/uploads\/2015\/07\/IMG_0747-300x200.jpg\" alt=\"IMG_0747\" width=\"300\" height=\"200\" srcset=\"https:\/\/wordpress.derwegderwoelfe.de\/wp-content\/uploads\/2015\/07\/IMG_0747-300x200.jpg 300w, https:\/\/wordpress.derwegderwoelfe.de\/wp-content\/uploads\/2015\/07\/IMG_0747-450x300.jpg 450w, https:\/\/wordpress.derwegderwoelfe.de\/wp-content\/uploads\/2015\/07\/IMG_0747.jpg 640w\" sizes=\"auto, (max-width: 300px) 100vw, 300px\" \/><\/a>Dort sollten sehr dringend die Rahmenbedingungen angepasst werden, auch wenn jetzt noch keine W\u00f6lfe oder Luchse dort sind. Jedes z\u00f6gern und jeder Gedanke der davon ausgeht die W\u00f6lfe seien noch weit weg oder es ist doch viel zu eng besiedelt geht am Ende zu Lasten der Nutz- und Haustieren und der W\u00f6lfe und f\u00fchrt zu versch\u00e4rften Konflikten zwischen den Menschen. Wildtiermanagement ist nicht das Management einer Wildtierpopulation sondern die Planung und Gestaltung des Miteinander von Mensch und Wildtier im gemeinsam genutzten Lebensraum. Das ist ein st\u00e4ndiger Prozesse bei dem insbesondere auch vorausschauend gedacht und gehandelt werden muss.<\/p>\n<p><a href=\"https:\/\/wordpress.derwegderwoelfe.de\/wp-content\/uploads\/2015\/07\/20150810_1944322.jpg\"><img loading=\"lazy\" decoding=\"async\" class=\" size-medium wp-image-989 alignleft\" src=\"https:\/\/wordpress.derwegderwoelfe.de\/wp-content\/uploads\/2015\/07\/20150810_1944322-300x225.jpg\" alt=\"20150810_194432[2]\" width=\"300\" height=\"225\" srcset=\"https:\/\/wordpress.derwegderwoelfe.de\/wp-content\/uploads\/2015\/07\/20150810_1944322-300x225.jpg 300w, https:\/\/wordpress.derwegderwoelfe.de\/wp-content\/uploads\/2015\/07\/20150810_1944322-400x300.jpg 400w, https:\/\/wordpress.derwegderwoelfe.de\/wp-content\/uploads\/2015\/07\/20150810_1944322.jpg 640w\" sizes=\"auto, (max-width: 300px) 100vw, 300px\" \/><\/a>Jetzt versuchen wir, Mona, Martin und ich aber erst eine L\u00f6sung f\u00fcr die defekte Heckscheibe und T\u00fcr zu finden. Die n\u00e4chste Expedition ist schon in Planung, aber anders als bisher. Von Mona und Martin habe ich zum Abschluss der Expedition noch das Asterix Heft &#8222;Tour der France&#8220; geschenkt bekommen.<\/p>\n<h4>Sonntag 9.August<\/h4>\n<p><a href=\"https:\/\/wordpress.derwegderwoelfe.de\/wp-content\/uploads\/2015\/07\/IMG_0739.jpg\"><img loading=\"lazy\" decoding=\"async\" class=\" size-medium wp-image-983 alignleft\" src=\"https:\/\/wordpress.derwegderwoelfe.de\/wp-content\/uploads\/2015\/07\/IMG_0739-300x200.jpg\" alt=\"IMG_0739\" width=\"300\" height=\"200\" srcset=\"https:\/\/wordpress.derwegderwoelfe.de\/wp-content\/uploads\/2015\/07\/IMG_0739-300x200.jpg 300w, https:\/\/wordpress.derwegderwoelfe.de\/wp-content\/uploads\/2015\/07\/IMG_0739-450x300.jpg 450w, https:\/\/wordpress.derwegderwoelfe.de\/wp-content\/uploads\/2015\/07\/IMG_0739.jpg 640w\" sizes=\"auto, (max-width: 300px) 100vw, 300px\" \/><\/a>\u00a0 Die Nacht ohne Schlafsack zu verbringen war erst gut und dann doch etwas k\u00fchl und ungem\u00fctlich. Es ging aber. Am morgen war alles im Nebel. Hier k\u00f6nnte man echt irgendwelche Psychofilme drehen. Es ist 7Uhr und im Nebel sehe ich wieder diesen Mann im Boot auf dem See. Fast wie ein Gespenst. Wahrscheinlich macht er das in 50 Jahren noch immer. Nun denn, ich mache mir einen Tee und esse die Reste vom Brot, packe die Sachen zusammen und wandere los zum Treffpunkt mit Martin und Mona. Das war nicht sehr weit und um 9Uhr war ich da. Es gab ein St\u00fcck Obsttorte zum zweiten Fr\u00fchst\u00fcck. Das Heckfenster sieht noch schlechter aus und wabbelt unten nur noch zwischen den Folien hin und her. Am oberen Rand rutscht das Glas aus dem Gummirand oder zieht das Gummi gleich mit von der T\u00fcr. Das h\u00e4lt nicht mehr lange. Wegen der hohen Luftfeuchtigkeit l\u00f6sen sich zudem die draufgeklebte Folien. <a href=\"https:\/\/wordpress.derwegderwoelfe.de\/wp-content\/uploads\/2015\/07\/DSCN2813.jpg\"><img loading=\"lazy\" decoding=\"async\" class=\" size-medium wp-image-984 alignright\" src=\"https:\/\/wordpress.derwegderwoelfe.de\/wp-content\/uploads\/2015\/07\/DSCN2813-300x225.jpg\" alt=\"DSCN2813\" width=\"300\" height=\"225\" srcset=\"https:\/\/wordpress.derwegderwoelfe.de\/wp-content\/uploads\/2015\/07\/DSCN2813-300x225.jpg 300w, https:\/\/wordpress.derwegderwoelfe.de\/wp-content\/uploads\/2015\/07\/DSCN2813-400x300.jpg 400w, https:\/\/wordpress.derwegderwoelfe.de\/wp-content\/uploads\/2015\/07\/DSCN2813.jpg 640w\" sizes=\"auto, (max-width: 300px) 100vw, 300px\" \/><\/a>Uns wird das Risiko zu gro\u00df so noch mehrere Tage herumzufahren. Deswegen beschlie\u00dfen wir, dass wir heute abbrechen werden, aber erst nachdem ich noch eine Wanderung in der n\u00e4chsten Zielregion unternommen habe. So sind wir wieder in die hohen Vogesen gefahren \u00f6stlich von St-Maurice auf knapp \u00fcber 1000m. Voll in den Nebel und es war dort gerade ein Berglauf. Die Strecke f\u00fchrt mich an einigen Bergseen vorbei und ist etwa 12km lang. Also mit Pause und Fotos etwa 3-4 Stunden. Shira nehme ich nicht mit, die hat eh keine Lust. Es war eine wirklich sch\u00f6ne Strecke, es waren aber auch viele Wanderer unterwegs. Es gab unterwegs mehrere Gasth\u00e4user an den Seen und ein Bauernhof. Das Gebiet entsprach jetzt wieder voll solchen Gebieten in denen ich normalerweise W\u00f6lfe, Luchse und auch Braunb\u00e4ren erwarten w\u00fcrde. <a href=\"https:\/\/wordpress.derwegderwoelfe.de\/wp-content\/uploads\/2015\/07\/DSCN2818.jpg\"><img loading=\"lazy\" decoding=\"async\" class=\" size-medium wp-image-985 alignright\" src=\"https:\/\/wordpress.derwegderwoelfe.de\/wp-content\/uploads\/2015\/07\/DSCN2818-300x222.jpg\" alt=\"DSCN2818\" width=\"300\" height=\"222\" srcset=\"https:\/\/wordpress.derwegderwoelfe.de\/wp-content\/uploads\/2015\/07\/DSCN2818-300x222.jpg 300w, https:\/\/wordpress.derwegderwoelfe.de\/wp-content\/uploads\/2015\/07\/DSCN2818-406x300.jpg 406w, https:\/\/wordpress.derwegderwoelfe.de\/wp-content\/uploads\/2015\/07\/DSCN2818.jpg 640w\" sizes=\"auto, (max-width: 300px) 100vw, 300px\" \/><\/a>Auf den Almen habe ich nur Rinderherden gesehen. Man sah auch, dass hier fr\u00fcher viel gr\u00f6\u00dfere Weidefl\u00e4chen waren. Die alten Buchen mit sehr tiefen gro\u00dfen \u00c4sten sind ein Zeichen daf\u00fcr, dass die mal frei standen. Die kleinen Abgrenzungsmauern, die jetzt mitten im Wald sind, geben mir \u00e4hnliche Hinweise. Das war jetzt noch eine sch\u00f6ne letzte Wanderung. Den letzten Abschnitt von den Vogesen in die Schweiz muss ich mir ein anderes mal genauer anschauen.<\/p>\n<h4>Samstag 8.August<\/h4>\n<p><a href=\"https:\/\/wordpress.derwegderwoelfe.de\/wp-content\/uploads\/2015\/07\/DSCN2807.jpg\"><img loading=\"lazy\" decoding=\"async\" class=\" size-medium wp-image-979 alignleft\" src=\"https:\/\/wordpress.derwegderwoelfe.de\/wp-content\/uploads\/2015\/07\/DSCN2807-300x225.jpg\" alt=\"DSCN2807\" width=\"300\" height=\"225\" srcset=\"https:\/\/wordpress.derwegderwoelfe.de\/wp-content\/uploads\/2015\/07\/DSCN2807-300x225.jpg 300w, https:\/\/wordpress.derwegderwoelfe.de\/wp-content\/uploads\/2015\/07\/DSCN2807-400x300.jpg 400w, https:\/\/wordpress.derwegderwoelfe.de\/wp-content\/uploads\/2015\/07\/DSCN2807.jpg 640w\" sizes=\"auto, (max-width: 300px) 100vw, 300px\" \/><\/a>\u00a0 Trotz des Gewitters und des Regens war die Nacht ziemlich warm. Einen Schlafsack h\u00e4tte es kaum gebraucht. Heute will ich meine erste und einzige Tour mit vollem Gep\u00e4ck und \u00dcbernachtung irgendwo im Wald starten durch die vielen Seen. Ich erwarte, dass es zum Teil recht sumpfig und morastig sein wird und die M\u00fccken mich \u00e4rgern werden. Deswegen nimm ich mein kleines Zelt mit. Das wiegt nur 2kg. Wegen der warmen N\u00e4chte und weil es im Zelt oft deutlich w\u00e4rmer ist als ohne verzichte ich auf den Schlafsack. Ich denke, dass man bei den Temperaturen auch eine Nacht ohne Schlafsack \u00fcberleben wird, selbst wenn es etwas k\u00fchler werden sollte. Die Tour ist eigentlich recht kurz. Mein Ziel ist der gr\u00f6\u00dfte See hier der nach Karte in einem nicht besiedeltem Gebiet liegt. <a href=\"https:\/\/wordpress.derwegderwoelfe.de\/wp-content\/uploads\/2015\/07\/IMG_0729.jpg\"><img loading=\"lazy\" decoding=\"async\" class=\" size-medium wp-image-980 alignright\" src=\"https:\/\/wordpress.derwegderwoelfe.de\/wp-content\/uploads\/2015\/07\/IMG_0729-300x192.jpg\" alt=\"IMG_0729\" width=\"300\" height=\"192\" srcset=\"https:\/\/wordpress.derwegderwoelfe.de\/wp-content\/uploads\/2015\/07\/IMG_0729-300x192.jpg 300w, https:\/\/wordpress.derwegderwoelfe.de\/wp-content\/uploads\/2015\/07\/IMG_0729-468x300.jpg 468w, https:\/\/wordpress.derwegderwoelfe.de\/wp-content\/uploads\/2015\/07\/IMG_0729.jpg 640w\" sizes=\"auto, (max-width: 300px) 100vw, 300px\" \/><\/a>Ein Wanderweg scheint direkt an dem See vorbeizuf\u00fchren. Allerdings sehe ich auch, dass das Wetter sich heute noch verschlechtern wird. Der erste Abschnitt ging entlang einer Stra\u00dfe bis zur Abzweigung in den Busch. Eigentlich hatte ich erwartet, dass es deutlich weniger Wald gibt und man die Seenlandschaft gelegentlich \u00fcberblicken kann. Falsche Annahme. Es war zum Teil sogar gar nicht einfach die Seen zu erblicken. Alles war bewaldet. Die gesamte Region wirkt etwas merkw\u00fcrdig. Ich habe einen ersten Bogen um diverse Seen herum gemacht und festgestellt, dass viele Seen zum Teil ein k\u00fcnstliches Ufer haben. An jedem See war eine H\u00fctte oder v\u00f6llig verrottete Wohnwagen. Als ob hier jemand mal versucht hat einen Campingplatz aufzubauen. Ich hatte kaum eine Ahnung wo ich genau war und habe dann irgendwann entschieden, dass ich jetzt stur nach Nordosten gehe um wieder auf den Wanderweg zu kommen. Dort angekommen bin ich dem Wanderweg gefolgt und ins n\u00e4chste Gewitter gelaufen. Wegen der Shira und dem einsetzendem Regem habe ich eine Zwangspause unterm Regenschirm verbracht. Nach etwa 50min konnte ich weitergehen, bis zum geplanten Zielpunkt an dem gro\u00dfen See. Der sah auch mal nach einem wilden See aus. <a href=\"https:\/\/wordpress.derwegderwoelfe.de\/wp-content\/uploads\/2015\/07\/IMG_0736.jpg\"><img loading=\"lazy\" decoding=\"async\" class=\" size-medium wp-image-981 alignright\" src=\"https:\/\/wordpress.derwegderwoelfe.de\/wp-content\/uploads\/2015\/07\/IMG_0736-300x241.jpg\" alt=\"IMG_0736\" width=\"300\" height=\"241\" \/><\/a>Der Platz reichte kaum aus um mein Zelt aufzubauen. Was mich erstaunt ist, dass es hier praktisch keine Wasserv\u00f6gel gibt. Abgesehen von einigen Wildschweinspuren konnte ich kaum andere Spuren finden. Der Boden und die Wege sind gar nicht morastig und alle Seen haben ein sehr felsiges Ufer. M\u00fccken gab es nur sehr wenige. Das kann aber auch an dem sehr trockenen Sommer liegen. Auf dem See war ein Mann der in einem Boot stand und den gesamten Nachmittag ganz langsam durch den See von Ufer zu Ufer paddelte. Ich sch\u00e4tze er war so um die 30 Jahre alt. Zum Teil hat er geangelt und er hat die Ufer nach M\u00fcll abgesucht. Es kam sogar eine junge deutsche Familie hier am fr\u00fchen Abend vorbei und haben sich ebenfalls gewundert, dass viele der Seen auf den Karten gar nicht so richtig existiert haben. Wir haben uns noch lange unterhalten. Am Abend habe ich mir eine Suppe gemacht.<\/p>\n<h4>Freitag 7.August<\/h4>\n<p><a href=\"https:\/\/wordpress.derwegderwoelfe.de\/wp-content\/uploads\/2015\/07\/IMG_06621.jpg\"><img loading=\"lazy\" decoding=\"async\" class=\" size-medium wp-image-975 alignleft\" src=\"https:\/\/wordpress.derwegderwoelfe.de\/wp-content\/uploads\/2015\/07\/IMG_06621-300x186.jpg\" alt=\"IMG_0662\" width=\"300\" height=\"186\" srcset=\"https:\/\/wordpress.derwegderwoelfe.de\/wp-content\/uploads\/2015\/07\/IMG_06621-300x186.jpg 300w, https:\/\/wordpress.derwegderwoelfe.de\/wp-content\/uploads\/2015\/07\/IMG_06621-485x300.jpg 485w, https:\/\/wordpress.derwegderwoelfe.de\/wp-content\/uploads\/2015\/07\/IMG_06621.jpg 640w\" sizes=\"auto, (max-width: 300px) 100vw, 300px\" \/><\/a> Heute soll es sehr hei\u00df werden. Deswegen habe ich beschlossen heute unseren Pausentag einzulegen. <a href=\"https:\/\/wordpress.derwegderwoelfe.de\/wp-content\/uploads\/2015\/07\/DSCN2795.jpg\"><img loading=\"lazy\" decoding=\"async\" class=\" size-medium wp-image-976 alignright\" src=\"https:\/\/wordpress.derwegderwoelfe.de\/wp-content\/uploads\/2015\/07\/DSCN2795-300x225.jpg\" alt=\"DSCN2795\" width=\"300\" height=\"225\" srcset=\"https:\/\/wordpress.derwegderwoelfe.de\/wp-content\/uploads\/2015\/07\/DSCN2795-300x225.jpg 300w, https:\/\/wordpress.derwegderwoelfe.de\/wp-content\/uploads\/2015\/07\/DSCN2795-400x300.jpg 400w, https:\/\/wordpress.derwegderwoelfe.de\/wp-content\/uploads\/2015\/07\/DSCN2795.jpg 640w\" sizes=\"auto, (max-width: 300px) 100vw, 300px\" \/><\/a>Sp\u00e4ter am Vormittag sind wir nach Wildenstein runter gefahren an den See und haben dort 15 Uhr ausgeharrt im Schatten und im Wasser. Danach sind wir dann in das n\u00e4chste Zielgebiet gefahren. Eine Region auf etwa 500-800m H\u00f6he mit sehr vielen Seen. Durch diese Region will ich die n\u00e4chsten beiden Tage wandern. Sie liegt in den s\u00fcdwestlichen Vogesen genauer westlich von Servance. Wir haben ein Lagerplatz gesucht und gegen Abend kam das erwartete Gewitter mit Regen. Das ging dann bis in die Nacht. Die zusammengeklebte Heckscheibe bereitet mir langsam Sorge. Sie verbieget immer weiter und am obere Rand rutscht sie langsam aus der Fassung und es bilden sich auch dort Risse. Unten br\u00f6seln schon st\u00e4ndig kleine Glassplitter raus.<\/p>\n<h4>Donnerstag 6.August<\/h4>\n<p><a href=\"https:\/\/wordpress.derwegderwoelfe.de\/wp-content\/uploads\/2015\/07\/DSCN2778.jpg\"><img loading=\"lazy\" decoding=\"async\" class=\" size-medium wp-image-972 alignleft\" src=\"https:\/\/wordpress.derwegderwoelfe.de\/wp-content\/uploads\/2015\/07\/DSCN2778-300x225.jpg\" alt=\"DSCN2778\" width=\"300\" height=\"225\" srcset=\"https:\/\/wordpress.derwegderwoelfe.de\/wp-content\/uploads\/2015\/07\/DSCN2778-300x225.jpg 300w, https:\/\/wordpress.derwegderwoelfe.de\/wp-content\/uploads\/2015\/07\/DSCN2778-400x300.jpg 400w, https:\/\/wordpress.derwegderwoelfe.de\/wp-content\/uploads\/2015\/07\/DSCN2778.jpg 640w\" sizes=\"auto, (max-width: 300px) 100vw, 300px\" \/><\/a> Die Nacht war warm, selbst auf 1200m H\u00f6he und es ging doch eine kr\u00e4ftige Brise. Ich habe unter freiem Himmel im Schlafsack geschlafen und wegen dem Wind nur schlecht. Den kann ich im Kopfbereich gar nicht vertragen. Erst mit dem Regenhut als Windschutz konnte ich dann halbwegs einschlafen. Morgens konnte ich den Sonnenaufgang \u00fcber dem Schwarzwald beobachten. Nach dem Fr\u00fchst\u00fcck sind wir nach La Bresse gefahren um zu tanken und wieder zur\u00fcck nach Wildenstein. Oberhalb von Wildenstein auf dem Sattel bin ich ausgestiegen und Richtung Grand Ventron gewandert sehr langsam um nach m\u00f6glichen Spuren und Hinweisen von W\u00f6lfen oder Luchsen zu suchen. Ein sch\u00f6nes Gebiet und trotz der Hitze halbwegs angenehm zum wandern. Shira hat immer mal einen Bach gefunden in den sie rein konnte. <a href=\"https:\/\/wordpress.derwegderwoelfe.de\/wp-content\/uploads\/2015\/07\/DSCN2790.jpg\"><img loading=\"lazy\" decoding=\"async\" class=\" size-medium wp-image-973 alignright\" src=\"https:\/\/wordpress.derwegderwoelfe.de\/wp-content\/uploads\/2015\/07\/DSCN2790-300x222.jpg\" alt=\"DSCN2790\" width=\"300\" height=\"222\" srcset=\"https:\/\/wordpress.derwegderwoelfe.de\/wp-content\/uploads\/2015\/07\/DSCN2790-300x222.jpg 300w, https:\/\/wordpress.derwegderwoelfe.de\/wp-content\/uploads\/2015\/07\/DSCN2790-406x300.jpg 406w, https:\/\/wordpress.derwegderwoelfe.de\/wp-content\/uploads\/2015\/07\/DSCN2790.jpg 640w\" sizes=\"auto, (max-width: 300px) 100vw, 300px\" \/><\/a>Die H\u00e4nge sind zum Teil sehr steil und felsig. Das gilt aber eigentlich f\u00fcr die gesamte Region und zum gro\u00dfen Teil die H\u00e4nge auch bewaldet. Die Gemsen habe ich leider nur gerochen und deren Kot und Spuren gefunden, aber auch Spuren der Wildschweinen und Hirsche. Ich bin so langsam gewandert, und immer mal wieder in die seitlich abzweigenden Forstwege abgebogen, dass ich f\u00fcr die ersten 3km \u00fcber 2 Stunden gebraucht habe. Auf dem Wanderweg waren doch einige Leute unterwegs, aber eben nur auf den touristischen Infrastrukturen und in den Blaubeeren ganz oben. Der gesamte Weg war ziemlich sch\u00f6n zu wandern, allerdings wurde es gegen Mittag f\u00fcr die Shira doch arg warm, selbst im Wald. Der Abstieg runter zum See war eher nervig und langweilig. Praktisch steil runter auf einem alten Traktorenweg, sehr ger\u00f6llig und bei feuchtem Wetter sehr rutschig. Am See wartete der Martin, w\u00e4hrend Mona noch zur Burgruine gegangen ist. Shira konnte gleich mal ins Wasser gehen. Mona und Martin waren schon im Wasser und ich bin dann so gegen 18Uhr auch noch rein um den Dreck der letzten Tage los zu werden. Sehr angenehme Wassertemperatur. Heute Abend sind wir Essen gegangen und dann wieder zu dem Campingplatz der letzten Nacht hochgefahren.<\/p>\n<h4>Mittwoch 5.August<\/h4>\n<p style=\"text-align: left;\"><a href=\"https:\/\/wordpress.derwegderwoelfe.de\/wp-content\/uploads\/2015\/07\/DSCN2770.jpg\"><img loading=\"lazy\" decoding=\"async\" class=\" size-medium wp-image-967 alignleft\" src=\"https:\/\/wordpress.derwegderwoelfe.de\/wp-content\/uploads\/2015\/07\/DSCN2770-300x225.jpg\" alt=\"DSCN2770\" width=\"300\" height=\"225\" srcset=\"https:\/\/wordpress.derwegderwoelfe.de\/wp-content\/uploads\/2015\/07\/DSCN2770-300x225.jpg 300w, https:\/\/wordpress.derwegderwoelfe.de\/wp-content\/uploads\/2015\/07\/DSCN2770-400x300.jpg 400w, https:\/\/wordpress.derwegderwoelfe.de\/wp-content\/uploads\/2015\/07\/DSCN2770.jpg 640w\" sizes=\"auto, (max-width: 300px) 100vw, 300px\" \/><\/a>\u00a0 In der Nacht habe ich meinen Schlaf nachgeholt. Heute bin ich dann bis \u00fcber 1100m hoch gewandert zum Teil auf der alten Grenze die bis 1918 zwischen Deutschland und Frankreich galt. Ein recht einfacher Weg \u00fcber den Kam nordwestlich von Munstar und westlich von Orbay kam ich ans Ziel der heutigen Etappe. Ein Reh habe ich unterwegs gesehen und ein Trittsiegel von einem Caniden mit 9cm L\u00e4nge und den <a href=\"https:\/\/wordpress.derwegderwoelfe.de\/wp-content\/uploads\/2015\/07\/IMG_0692.jpg\"><img loading=\"lazy\" decoding=\"async\" class=\" size-medium wp-image-968 alignright\" src=\"https:\/\/wordpress.derwegderwoelfe.de\/wp-content\/uploads\/2015\/07\/IMG_0692-300x200.jpg\" alt=\"IMG_0692\" width=\"300\" height=\"200\" srcset=\"https:\/\/wordpress.derwegderwoelfe.de\/wp-content\/uploads\/2015\/07\/IMG_0692-300x200.jpg 300w, https:\/\/wordpress.derwegderwoelfe.de\/wp-content\/uploads\/2015\/07\/IMG_0692-450x300.jpg 450w, https:\/\/wordpress.derwegderwoelfe.de\/wp-content\/uploads\/2015\/07\/IMG_0692.jpg 640w\" sizes=\"auto, (max-width: 300px) 100vw, 300px\" \/><\/a>typischen Proportionen eines Wolfes. Trotzdem glaube ich, dass es eher ein Hund war. Ich habe beschlossen, dass ich ab morgen nicht weiter eine durchg\u00e4ngige Route bis in die Schweiz wandern werde, sondern mir verschiedene Regionen aussuche die ich mir f\u00fcr 1-2 Tage genauer anschauen m\u00f6chte. Deswegen sind wir dann auf den kam der hohen Vogesen gefahren und stehen jetzt oben zwischen Wildenstein und Mitlach. <a href=\"https:\/\/wordpress.derwegderwoelfe.de\/wp-content\/uploads\/2015\/07\/IMG_0703.jpg\"><img loading=\"lazy\" decoding=\"async\" class=\" size-medium wp-image-969 alignleft\" src=\"https:\/\/wordpress.derwegderwoelfe.de\/wp-content\/uploads\/2015\/07\/IMG_0703-300x187.jpg\" alt=\"IMG_0703\" width=\"300\" height=\"187\" srcset=\"https:\/\/wordpress.derwegderwoelfe.de\/wp-content\/uploads\/2015\/07\/IMG_0703-300x187.jpg 300w, https:\/\/wordpress.derwegderwoelfe.de\/wp-content\/uploads\/2015\/07\/IMG_0703-482x300.jpg 482w, https:\/\/wordpress.derwegderwoelfe.de\/wp-content\/uploads\/2015\/07\/IMG_0703.jpg 640w\" sizes=\"auto, (max-width: 300px) 100vw, 300px\" \/><\/a>Eine sch\u00f6ne Aussicht und Sonnenuntergang k\u00f6nnen wir hier heute noch genie\u00dfen. Morgen will ich durch den Wald westlich von Wildenstein laufen um mir den Hang mal genauer anzuschauen.<\/p>\n<h4>Dienstag 4.August<\/h4>\n<p><a href=\"https:\/\/wordpress.derwegderwoelfe.de\/wp-content\/uploads\/2015\/07\/IMG_0665.jpg\"><img loading=\"lazy\" decoding=\"async\" class=\" size-medium wp-image-963 alignleft\" src=\"https:\/\/wordpress.derwegderwoelfe.de\/wp-content\/uploads\/2015\/07\/IMG_0665-300x200.jpg\" alt=\"IMG_0665\" width=\"300\" height=\"200\" srcset=\"https:\/\/wordpress.derwegderwoelfe.de\/wp-content\/uploads\/2015\/07\/IMG_0665-300x200.jpg 300w, https:\/\/wordpress.derwegderwoelfe.de\/wp-content\/uploads\/2015\/07\/IMG_0665-450x300.jpg 450w, https:\/\/wordpress.derwegderwoelfe.de\/wp-content\/uploads\/2015\/07\/IMG_0665.jpg 640w\" sizes=\"auto, (max-width: 300px) 100vw, 300px\" \/><\/a>Heute habe ich nicht mehr viel getan, nach der Nachtwanderung. Der eiskalte Bach neben dem Lager war jetzt gut. Dort bin ich gleich rein, habe erst meine F\u00fc\u00dfe gek\u00fchlt und mich dann selber noch frisch gemacht. Bei der Tour hatte ich doch sehr geschwitzt selbst um 4 Uhr morgens noch. Das Wetter ver\u00e4nderte sich wieder und Regen war angek\u00fcndigt. So gegen 7Uhr schlug dann die M\u00fcdigkeit zu. Ein kurzes Nickerchen war jetzt wichtig und da bew\u00e4hrte sich wieder der Gep\u00e4cktr\u00e4ger als ebene Liegefl\u00e4che. <a href=\"https:\/\/wordpress.derwegderwoelfe.de\/wp-content\/uploads\/2015\/07\/IMG_0674.jpg\"><img loading=\"lazy\" decoding=\"async\" class=\" size-medium wp-image-964 alignright\" src=\"https:\/\/wordpress.derwegderwoelfe.de\/wp-content\/uploads\/2015\/07\/IMG_0674-300x200.jpg\" alt=\"IMG_0674\" width=\"300\" height=\"200\" \/><\/a>Eine halbe Stunde haben schon gereicht. Um 9Uhr ist Martin dann aufgebrochen und wanderte alleine bis nach Lusse. Kaum war er unterwegs kam schon der erste Regenschauer. Mona und ich sind einkaufen gefahren und haben bei Lusse nach einem Treffpunkt gesucht. Der war dann neben der Kirche. Wir sind von hier dann zum Sattel oberhalb von St.Marie gefahren und haben dort unser Lager aufgeschlagen. Die Tarps haben wir gerade rechtzeitig aufgebaut als ein richtig kr\u00e4ftiger Regenguss kam. <a href=\"https:\/\/wordpress.derwegderwoelfe.de\/wp-content\/uploads\/2015\/07\/IMG_0676.jpg\"><img loading=\"lazy\" decoding=\"async\" class=\" size-medium wp-image-965 alignright\" src=\"https:\/\/wordpress.derwegderwoelfe.de\/wp-content\/uploads\/2015\/07\/IMG_0676-300x200.jpg\" alt=\"IMG_0676\" width=\"300\" height=\"200\" srcset=\"https:\/\/wordpress.derwegderwoelfe.de\/wp-content\/uploads\/2015\/07\/IMG_0676-300x200.jpg 300w, https:\/\/wordpress.derwegderwoelfe.de\/wp-content\/uploads\/2015\/07\/IMG_0676-450x300.jpg 450w, https:\/\/wordpress.derwegderwoelfe.de\/wp-content\/uploads\/2015\/07\/IMG_0676.jpg 640w\" sizes=\"auto, (max-width: 300px) 100vw, 300px\" \/><\/a>Ich war noch damit besch\u00e4ftigt das gr\u00fcne Tarp auf dem Dach aufzubauen, hatte es aber schon auf einer Seite befestigt und konnte es einfach \u00fcber mich und das Dach legen und darunter den Regen abwarten, bzw. schon die Wanderst\u00f6cke zu einer inneren St\u00fctze aufbauen. Am Abend so um 21Uhr gab es den n\u00e4chsten kr\u00e4ftigen Schauer. Alles blieb stehen und trocken, trotz des kr\u00e4ftigen Windes. 5:30 an der Kirche im Dorf, kurz vor dem Treffpunkt.<\/p>\n<p>Montag 3.August<\/p>\n<p><a href=\"https:\/\/wordpress.derwegderwoelfe.de\/wp-content\/uploads\/2015\/07\/DSCN2763.jpg\"><img loading=\"lazy\" decoding=\"async\" class=\" size-medium wp-image-959 alignleft\" src=\"https:\/\/wordpress.derwegderwoelfe.de\/wp-content\/uploads\/2015\/07\/DSCN2763-300x214.jpg\" alt=\"DSCN2763\" width=\"300\" height=\"214\" srcset=\"https:\/\/wordpress.derwegderwoelfe.de\/wp-content\/uploads\/2015\/07\/DSCN2763-300x214.jpg 300w, https:\/\/wordpress.derwegderwoelfe.de\/wp-content\/uploads\/2015\/07\/DSCN2763-421x300.jpg 421w, https:\/\/wordpress.derwegderwoelfe.de\/wp-content\/uploads\/2015\/07\/DSCN2763.jpg 640w\" sizes=\"auto, (max-width: 300px) 100vw, 300px\" \/><\/a>Mona und Martin wollten heute nochmals wandern gehen. Sie wandern bis nach le Donon, dort steht ein alter Tempel auf 1008m H\u00f6he. Etwa 10km nordwestlich von Schirmek. Ich habe vor in der kommenden Nacht mal eine Nachtwanderung zu machen, ich meine durch die gesamte Nacht. Vorausgesetzt das Wetter bleibt stabil. Shira werde ich dabei nicht mitnehmen. Mona und Martin kamen erst nach 17Uhr an. Mona wurde von einer Wespe ins Bein gestochen, dass angeschwollen ist. Es ist heute sehr warm. Wir haben ein wenig zum Abendbrot gegessen und dann sind die beiden um 20Uhr zum Treffpunkt morgen fr\u00fch gefahren. Ich bin um 20:30 losgegangen und wollte vom Tempel aus den Sonnenuntergang sehen. Super sch\u00f6n. Nach 21Uhr wurde es dann schnell dunkel. Ich nehme es vorweg, ich habe es geschafft ohne mich zu verlaufen, 9Stunden habe ich f\u00fcr etwa 20km<a href=\"https:\/\/wordpress.derwegderwoelfe.de\/wp-content\/uploads\/2015\/07\/DSCN2765.jpg\"><img loading=\"lazy\" decoding=\"async\" class=\" size-medium wp-image-960 alignright\" src=\"https:\/\/wordpress.derwegderwoelfe.de\/wp-content\/uploads\/2015\/07\/DSCN2765-300x225.jpg\" alt=\"DSCN2765\" width=\"300\" height=\"225\" srcset=\"https:\/\/wordpress.derwegderwoelfe.de\/wp-content\/uploads\/2015\/07\/DSCN2765-300x225.jpg 300w, https:\/\/wordpress.derwegderwoelfe.de\/wp-content\/uploads\/2015\/07\/DSCN2765-400x300.jpg 400w, https:\/\/wordpress.derwegderwoelfe.de\/wp-content\/uploads\/2015\/07\/DSCN2765.jpg 640w\" sizes=\"auto, (max-width: 300px) 100vw, 300px\" \/><\/a> gebraucht. Eine bl\u00f6de und nicht ungef\u00e4hrliche Idee, aber auch eine Lebenserfahrung. Die Nachtwanderung hatte mehrere Herausforderungen. Jeder Stock und Stein oder Unebenheit wird zur Stolperfalle. Es war sehr warm. Die Schatten durch den Mond oder Taschenlampe machen es viel schwieriger mit sicherem Tritt aufzusetzen. Die Orientierung ist deutlich schwieriger und ich musste sehr viel langsamer gehen als am Tag. Die Namen auf den Wegweisern habe ich der Lampe meistens nicht auf der Karte gefunden. Das macht es noch schwieriger.An Kreuzungen waren dann oft mehrere farblich markierte Wege, aber ohne Bezeichnung. Daf\u00fcr war es sch\u00f6n im Mondschein \u00fcber die offenen Kuppen zu wandern, wenn auch nicht leicht. Die Wege waren zum Teil vom Farn \u00fcberwuchert und kaum sichtbar. Steile ger\u00f6llige Abstiege im dunkeln sind ein Graus und gef\u00e4hrlich. Ein Sturz ist schnell geschehen. Ich habe mehrere kleine Pausen und eine 35min Pause um 1:30 eingelegt. Auf jeden Fall bin ich um 6Uhr in der Fr\u00fch am Auto wieder angekommen. Das war echt anstrengend.<\/p>\n<h4>Sonntag 2.August<\/h4>\n<p><a href=\"https:\/\/wordpress.derwegderwoelfe.de\/wp-content\/uploads\/2015\/07\/IMG_0641.jpg\"><img loading=\"lazy\" decoding=\"async\" class=\" size-medium wp-image-961 alignleft\" src=\"https:\/\/wordpress.derwegderwoelfe.de\/wp-content\/uploads\/2015\/07\/IMG_0641-300x191.jpg\" alt=\"IMG_0641\" width=\"300\" height=\"191\" srcset=\"https:\/\/wordpress.derwegderwoelfe.de\/wp-content\/uploads\/2015\/07\/IMG_0641-300x191.jpg 300w, https:\/\/wordpress.derwegderwoelfe.de\/wp-content\/uploads\/2015\/07\/IMG_0641-472x300.jpg 472w, https:\/\/wordpress.derwegderwoelfe.de\/wp-content\/uploads\/2015\/07\/IMG_0641.jpg 640w\" sizes=\"auto, (max-width: 300px) 100vw, 300px\" \/><\/a> Heute ging es dann \u00fcber die Br\u00fccke \u00fcber die Autobahn. Es ist die schmalste Stelle der Vogesen. Danach kam ein sehr leichter Abschnitt bis zum Schweizer Hof und von ging es runter ins Tal bis an den Kanal der ebenfalls durch die Vogesen f\u00fchrt mit verschiedenen Schiffshebewerken. Ich bin etwa 2km an dem Kanal entlang gewandert ohne eine Ein- und Ausstiegshilfe f\u00fcr Wildtiere zu entdecken. Die Ufer auf beiden Seiten sind mit einer Mauer und einer Stahlwand befestigt mit mindestens einem 40cm hohen Rand. Den schaffen Wildtiere aus dem Wasser heraus kaum zu \u00fcberwinden. Daneben gibt es noch eine stark befahrene Stra\u00dfe und die Eisenbahn. Auch hier eine mehrfache Barriere die schwer und gef\u00e4hrlich ist zu \u00fcberwinden. Im Tal hinter Stembach warteten Martin und Mona schon und trockneten die Zelte. Heute wird es sehr warm und ab hier muss ich heute noch bis auf etwa 800m ansteigen. Das wollte ich der Shira nicht zumuten. Ich vermute der Wald soll mal ein Bannwald werden, derzeit <a href=\"https:\/\/wordpress.derwegderwoelfe.de\/wp-content\/uploads\/2015\/07\/DSCN2760.jpg\"><img loading=\"lazy\" decoding=\"async\" class=\" size-medium wp-image-962 alignright\" src=\"https:\/\/wordpress.derwegderwoelfe.de\/wp-content\/uploads\/2015\/07\/DSCN2760-300x225.jpg\" alt=\"DSCN2760\" width=\"300\" height=\"225\" srcset=\"https:\/\/wordpress.derwegderwoelfe.de\/wp-content\/uploads\/2015\/07\/DSCN2760-300x225.jpg 300w, https:\/\/wordpress.derwegderwoelfe.de\/wp-content\/uploads\/2015\/07\/DSCN2760-400x300.jpg 400w, https:\/\/wordpress.derwegderwoelfe.de\/wp-content\/uploads\/2015\/07\/DSCN2760.jpg 640w\" sizes=\"auto, (max-width: 300px) 100vw, 300px\" \/><\/a>sieht man aber die Spuren der Forstwirtschaft noch sehr deutlich, in Bezug auf die Waldzusammensetzung. Am Geisfels konnte ich nochmals nach Westen und Osten bis in die Ebene schauen. Es gibt hier relativ viele lokale Namen mit Wolf, wie Wolfsberg, Wolfstal etc. Von hier ging es jetzt immer ein St\u00fcck h\u00f6her bis zum gro\u00dfen Ro\u00dfkpf. Dort wollten wir uns wieder treffen. Ein Reh habe ich gegen 16:30 noch gesehen.<\/p>\n<h4>Samstag 1.August<\/h4>\n<p>Heute ist Pausentag. <a href=\"https:\/\/wordpress.derwegderwoelfe.de\/wp-content\/uploads\/2015\/07\/IMG_0587.jpg\"><img loading=\"lazy\" decoding=\"async\" class=\" size-medium wp-image-953 alignleft\" src=\"https:\/\/wordpress.derwegderwoelfe.de\/wp-content\/uploads\/2015\/07\/IMG_0587-300x231.jpg\" alt=\"IMG_0587\" width=\"300\" height=\"231\" srcset=\"https:\/\/wordpress.derwegderwoelfe.de\/wp-content\/uploads\/2015\/07\/IMG_0587-300x231.jpg 300w, https:\/\/wordpress.derwegderwoelfe.de\/wp-content\/uploads\/2015\/07\/IMG_0587-389x300.jpg 389w, https:\/\/wordpress.derwegderwoelfe.de\/wp-content\/uploads\/2015\/07\/IMG_0587.jpg 640w\" sizes=\"auto, (max-width: 300px) 100vw, 300px\" \/><\/a> Trotzdem l\u00e4nger als bis um 7:45 halte ich es im Zelt kaum aus. Um 6:30 war ich schnell duschen. Es gibt hier nur eine sehr enge Dusche. Danach bin ich eben nochmals f\u00fcr etwa 1 Stunde ins den Schlafsack gekrochen. Nach dem Fr\u00fchst\u00fcck sind wir alle zusammen einkaufen gefahren. Dazu mussten wir bis Phalsbourgh, also gute 15km fahren. Die Lebensmittelgesch\u00e4fte mussten wir zun\u00e4chst suchen, und waren nicht besonders gut sortiert im Vergleich zu Deutschland. Mona und Martin habe ich bei der R\u00fcckfahrt abgesetzt, die wollten noch ein wenig wandern gehen und ein paar Sehensw\u00fcrdigkeiten anschauen. Ich versuche noch immer einen g\u00fcnstigen Weg ins Internet zu finden. Die Zeit am Zeltplatz nutze ich um den restlichen Verlauf der Expedition neu zu planen. Ich bin deutlich schneller als urspr\u00fcnglich geplant. Bei der Kartensichtung sehe, dass es in den Vogesen ein paaar interessante Gebiete gibt, die ich nicht durchwandern w\u00fcrde. Deswegen habe ich mich dazu entschieden nicht die geplante strecke komplett durchzuwandern, sondern Abstecher in diese Regionen zu unternehmen und dort 1-2 Tage zu verbringen. <a href=\"https:\/\/wordpress.derwegderwoelfe.de\/wp-content\/uploads\/2015\/07\/P1020005.jpg\"><img loading=\"lazy\" decoding=\"async\" class=\" size-medium wp-image-954 alignright\" src=\"https:\/\/wordpress.derwegderwoelfe.de\/wp-content\/uploads\/2015\/07\/P1020005-300x225.jpg\" alt=\"P1020005\" width=\"300\" height=\"225\" srcset=\"https:\/\/wordpress.derwegderwoelfe.de\/wp-content\/uploads\/2015\/07\/P1020005-300x225.jpg 300w, https:\/\/wordpress.derwegderwoelfe.de\/wp-content\/uploads\/2015\/07\/P1020005-400x300.jpg 400w, https:\/\/wordpress.derwegderwoelfe.de\/wp-content\/uploads\/2015\/07\/P1020005.jpg 640w\" sizes=\"auto, (max-width: 300px) 100vw, 300px\" \/><\/a>Das ist f\u00fcr mich auch wichtig, weil ich diese Regionen dann im Winter nochmals aufsuchen m\u00f6chte. Anstatt am 15.August werde ich voraussichtlich schon am 12.August in der Schweiz ankommen. An den letzten beiden Tagen werde ich die Verbindung von den Vogesen bis in den Kanton Baselland durchwandern. Wenn ich normal durchwandern w\u00fcrde, w\u00e4re ich schon m 10. oder 11.August in der Schweiz. Jetzt werde ich noch ein wenig Faulenzen und auf mein Team warten. Die beiden kamen mit leckerem Kuchen zur\u00fcck.<\/p>\n<h4>Freitag 31.Juli<\/h4>\n<p><a href=\"https:\/\/wordpress.derwegderwoelfe.de\/wp-content\/uploads\/2015\/07\/IMG_0603.jpg\"><img loading=\"lazy\" decoding=\"async\" class=\" size-medium wp-image-951 alignleft\" src=\"https:\/\/wordpress.derwegderwoelfe.de\/wp-content\/uploads\/2015\/07\/IMG_0603-300x126.jpg\" alt=\"IMG_0603\" width=\"300\" height=\"126\" srcset=\"https:\/\/wordpress.derwegderwoelfe.de\/wp-content\/uploads\/2015\/07\/IMG_0603-300x126.jpg 300w, https:\/\/wordpress.derwegderwoelfe.de\/wp-content\/uploads\/2015\/07\/IMG_0603-500x209.jpg 500w, https:\/\/wordpress.derwegderwoelfe.de\/wp-content\/uploads\/2015\/07\/IMG_0603.jpg 640w\" sizes=\"auto, (max-width: 300px) 100vw, 300px\" \/><\/a> Es war schon dunkel al die Shira pl\u00f6tzlich anfing zu bellen. Wach war ich sofort, auch auf dem Autodach und hab sie versucht von oben zu beruhigen. Was war der Grund, sehen konnte ich nichts. Dann h\u00f6rte ich den Protest. Ein Reh muss so nah zum Auto gestanden habe, dass die Shira es sehen konnte. <a href=\"https:\/\/wordpress.derwegderwoelfe.de\/wp-content\/uploads\/2015\/07\/DSCN2742.jpg\"><img loading=\"lazy\" decoding=\"async\" class=\" size-medium wp-image-952 alignright\" src=\"https:\/\/wordpress.derwegderwoelfe.de\/wp-content\/uploads\/2015\/07\/DSCN2742-300x225.jpg\" alt=\"DSCN2742\" width=\"300\" height=\"225\" srcset=\"https:\/\/wordpress.derwegderwoelfe.de\/wp-content\/uploads\/2015\/07\/DSCN2742-300x225.jpg 300w, https:\/\/wordpress.derwegderwoelfe.de\/wp-content\/uploads\/2015\/07\/DSCN2742-400x300.jpg 400w, https:\/\/wordpress.derwegderwoelfe.de\/wp-content\/uploads\/2015\/07\/DSCN2742.jpg 640w\" sizes=\"auto, (max-width: 300px) 100vw, 300px\" \/><\/a>Vermutlich wollte es gegen\u00fcber am Strassenrand etwas fressen. Es ist Vollmond und sehr hell im Mondlicht. Weil ich auf dem Dach schlief habe ich meinen Regenschirm aufgespannt, nicht im vollen Mondlicht schlafen zu m\u00fcssen. Es wurde eine sehr kalte Nacht, etwa 6\u00b0C. Wenn man bedenkt, dass wir vor einer Woche noch 26\u00b0C kurz vor Mitternacht hatten. Der Tag versprach sonnig zu werden, ich konnte aber den gr\u00f6\u00dften Teil der Strecke mit der Shira im Schatten wandern. Etwa 23km bis zur Autobahn die durch die Vogesen f\u00fchrt. Der Sand ist jetzt etwas feuchter und schon sieht man die Spuren besser. Nach der Mittagspause bin ich in das Johannestal abgestiegen. Das ist etwa 6km lang. Unten angekommen konnte ich zwei F\u00fcchse beobachten. Das Tal entsprach meinen Erwartungen, fast vollst\u00e4ndig bewaldet. Es w\u00e4re nach meinen Erfahrungen ein Tal, dass auch den W\u00f6lfen als Kerngebiet innerhalb eines Territoriums gut dienen k\u00f6nnte. Nach dem Tal ging es hoch zu einzigen halbherzigen \u00dcberquerungsm\u00f6glichkeit \u00fcber die Autobahn und dem Tiefen Vogeseneinschnitt. Als Wildtier kann man entweder runter in die Ebene gehen um dort zu versuchen die Autobahn zu \u00fcberqueren oder \u00fcber diese Br\u00fccke, oder \u00fcber die stark befahrene Stra\u00dfe die \u00f6stlich davon ebenfalls eine Verbindung darstellt. Morgen ist Samstag und der Ruhetag. Dazu mussten wir zu einem Campingplatz bei La Petit-Pierre zur\u00fcckfahren. Am Sonntag geht es von der \u00dcberf\u00fchrung weiter.<\/p>\n<h4>Donnerstag 30.Juli<\/h4>\n<p style=\"text-align: right;\"><a href=\"https:\/\/wordpress.derwegderwoelfe.de\/wp-content\/uploads\/2015\/07\/DSCN2735.jpg\"><img loading=\"lazy\" decoding=\"async\" class=\" size-medium wp-image-948 alignleft\" src=\"https:\/\/wordpress.derwegderwoelfe.de\/wp-content\/uploads\/2015\/07\/DSCN2735-300x225.jpg\" alt=\"DSCN2735\" width=\"300\" height=\"225\" srcset=\"https:\/\/wordpress.derwegderwoelfe.de\/wp-content\/uploads\/2015\/07\/DSCN2735-300x225.jpg 300w, https:\/\/wordpress.derwegderwoelfe.de\/wp-content\/uploads\/2015\/07\/DSCN2735-400x300.jpg 400w, https:\/\/wordpress.derwegderwoelfe.de\/wp-content\/uploads\/2015\/07\/DSCN2735.jpg 640w\" sizes=\"auto, (max-width: 300px) 100vw, 300px\" \/><\/a> gestern habe ich das Tarp \u00fcber das Auto gespannt und so den Schlafplatz auf dem Dach als auch neben dem Auto vor Regen versucht zu sch\u00fctzen. Es hat in der Nacht allerdings nicht geregnet. Weil heute Mona und Martin wandern gehen, bleibe ich am Auto. Deswegen bin ich morgens schnell noch zur Burg Falkenstein gegangen um die Aussicht \u00fcber die Vogesen sehen zu k\u00f6nnen. Ich muss heute eine L\u00f6sung f\u00fcr den Internetzugang in Frankreich finden und einen Lagerplatz f\u00fcr den Abend. Also bin ich nach Wimmenau gefahren, dort wollen wir uns am Bahnhof treffen. <a href=\"https:\/\/wordpress.derwegderwoelfe.de\/wp-content\/uploads\/2015\/07\/IMG_0564.jpg\"><img loading=\"lazy\" decoding=\"async\" class=\" size-medium wp-image-949 alignright\" src=\"https:\/\/wordpress.derwegderwoelfe.de\/wp-content\/uploads\/2015\/07\/IMG_0564-300x200.jpg\" alt=\"IMG_0564\" width=\"300\" height=\"200\" srcset=\"https:\/\/wordpress.derwegderwoelfe.de\/wp-content\/uploads\/2015\/07\/IMG_0564-300x200.jpg 300w, https:\/\/wordpress.derwegderwoelfe.de\/wp-content\/uploads\/2015\/07\/IMG_0564-450x300.jpg 450w, https:\/\/wordpress.derwegderwoelfe.de\/wp-content\/uploads\/2015\/07\/IMG_0564.jpg 640w\" sizes=\"auto, (max-width: 300px) 100vw, 300px\" \/><\/a>Im lokalen Laden gab es nicht viel frisches Gem\u00fcse zu kaufen. Tiefk\u00fchlgem\u00fcse gab es. Das hilft usn aber nicht wirklich. Brot habe ich beim B\u00e4cker geholt. Hier ist schon gleich alles wieder teurer als in Deutschland. Es ist nicht so leicht, mit dem Wagen herumzufahren und einen Lagerplatz zu finden. Beim Wandern kommt man oft an mehreren M\u00f6glichkeiten vorbei. Nach einigem Gemurkse habe ich dann \u00fcber meinen Telekomstick einen Datentarif f\u00fcr 24h gebucht mit 50MB f\u00fcr knapp 3\u20ac. Also rein auf die Homepage und schnell den Text und die Bilder hochladen. Das zweite Bild ging schon nicht mehr, weil die 50MB dann pl\u00f6tzlich schon verbraucht waren. So ein Mist, ich hatte schon vieles wie updates oder Videos ausgeschaltet. Keine Ahnung wieso da so schnell 50MB durchgerasselt sind. Ich muss also schauen was mein Tablet sagt oder ich einen Wi-Fi Zugang finde in den D\u00f6rfern. Mona und Martin kamen kurz nach 16Uhr an. Ich habe noch drei Erbeerk\u00fcchlein organisiert, die dann aber so m\u00e4chtig waren, dass wir zum Abendbrot fast keinen Hunger hatten. Aber lecker.<\/p>\n<h4>Mittwoch 29.Juli<\/h4>\n<p><a href=\"https:\/\/wordpress.derwegderwoelfe.de\/wp-content\/uploads\/2015\/07\/IMG_0545.jpg\"><img loading=\"lazy\" decoding=\"async\" class=\" size-medium wp-image-943 alignleft\" src=\"https:\/\/wordpress.derwegderwoelfe.de\/wp-content\/uploads\/2015\/07\/IMG_0545-300x200.jpg\" alt=\"IMG_0545\" width=\"300\" height=\"200\" srcset=\"https:\/\/wordpress.derwegderwoelfe.de\/wp-content\/uploads\/2015\/07\/IMG_0545-300x200.jpg 300w, https:\/\/wordpress.derwegderwoelfe.de\/wp-content\/uploads\/2015\/07\/IMG_0545-450x300.jpg 450w, https:\/\/wordpress.derwegderwoelfe.de\/wp-content\/uploads\/2015\/07\/IMG_0545.jpg 640w\" sizes=\"auto, (max-width: 300px) 100vw, 300px\" \/><\/a>Gestern Abend beim Abendessen hatten wir schon Besuch von M\u00e4usen. In der Nacht, kamen auch waren sie auch da. Irgendwie bin ich aufgewacht und da hat eine Maus direkt neben mir an meiner Schulter am T-Shirt genuckelt. Ich habe die leichte Ber\u00fchrung gemerkt und das Ger\u00e4usch geh\u00f6rt. Als ich mich bewegt habe, ist sie gleich verschwunden. Gegen 2:30 habe ich eine Maus dann am Kopf in meinen Haare gesp\u00fcrt. Vielleicht m\u00f6gen die das Salz auf der Haut, wenn man ein paar Tage nicht duschen konnte. Niedlich. In der Nacht hat es immer mal ein wenig geregnet, eher ein Nieselregen. Das zog sich auch bis um 15Uhr durch. Von Fischbach bin ich dann zur Ruine Blumenstein gewandert und von dort an die Grenze zum Bayerischen Wendstein. Ein Aussichtspunkt. Ab hier ging es runter nach Neudoerfl. Dort habe ich die Shira ins Auto gebracht und bin noch bis zu den Parkpl\u00e4tzen bei der Burg Falkenstein gewandert. Ein Wildschwein ist mir heute \u00fcber den Weg gehuscht.<a href=\"https:\/\/wordpress.derwegderwoelfe.de\/wp-content\/uploads\/2015\/07\/DSCN2728.jpg\"><img loading=\"lazy\" decoding=\"async\" class=\" size-medium wp-image-945 alignright\" src=\"https:\/\/wordpress.derwegderwoelfe.de\/wp-content\/uploads\/2015\/07\/DSCN2728-300x230.jpg\" alt=\"DSCN2728\" width=\"300\" height=\"230\" srcset=\"https:\/\/wordpress.derwegderwoelfe.de\/wp-content\/uploads\/2015\/07\/DSCN2728-300x230.jpg 300w, https:\/\/wordpress.derwegderwoelfe.de\/wp-content\/uploads\/2015\/07\/DSCN2728-392x300.jpg 392w, https:\/\/wordpress.derwegderwoelfe.de\/wp-content\/uploads\/2015\/07\/DSCN2728.jpg 640w\" sizes=\"auto, (max-width: 300px) 100vw, 300px\" \/><\/a> Ich hatte Ger\u00e4usche vorher schon geh\u00f6rt. Meine gro\u00dfe Kamera war aber wegen dem Dauerregen eingepackt. Es war aber eh zu kurz und schnell. Der Wald ist hier in Frankreich \u00fcbrigens viel mehr der typische Forstwald mit sehr einseitigen Strukturen und sieht zum Teil wirklich f\u00fcrchterlich aus. Das wird sich aber noch \u00e4ndern. Ich k\u00e4mpfe seit einigen Wochen mit einer Sportverletzung im Fersenbereich. Das sp\u00fcre ich bei den langen Wanderungen bei fast jedem Schritt. Sehr unangenehm, zum Teil muss ich f\u00fcr meine Verh\u00e4ltnisse wirklich langsam wandern. 15Uhr ist mir eigentlich zu fr\u00fch um f\u00fcr heute Schluss zu machen. Ich hoffe es wird nicht schlimmer.<\/p>\n<h4>Dienstag 28.Juli<\/h4>\n<p><a href=\"https:\/\/wordpress.derwegderwoelfe.de\/wp-content\/uploads\/2015\/07\/DSCN2711.jpg\"><img loading=\"lazy\" decoding=\"async\" class=\" size-medium wp-image-938 alignleft\" src=\"https:\/\/wordpress.derwegderwoelfe.de\/wp-content\/uploads\/2015\/07\/DSCN2711-266x300.jpg\" alt=\"DSCN2711\" width=\"266\" height=\"300\" srcset=\"https:\/\/wordpress.derwegderwoelfe.de\/wp-content\/uploads\/2015\/07\/DSCN2711-266x300.jpg 266w, https:\/\/wordpress.derwegderwoelfe.de\/wp-content\/uploads\/2015\/07\/DSCN2711.jpg 640w\" sizes=\"auto, (max-width: 266px) 100vw, 266px\" \/><\/a>Am Jugendzeltplatz war ein Ferienlager der Feuerwehr. Die haben am morgen ihre Jugendlichen mit dem Lied \u201eAufstehen ist sch\u00f6n\u201c in einer Endlosschleife geweckt. Von hier bin ich kurz nach 9 Uhr aufgebrochen zun\u00e4chst bis Dahn-Reichenbach. Martin und Mona besichtigen am Tag einige Burgen und Ruinen. Heute stand die Raubritterburg von Hans Trapp auf dem Programm. Wir haben uns dann um 14:30 getroffen, damit die Shira im Auto weiterhin mitfahren kann. Ihr merkt man schon ein wenig an, dass sie nun 12 Jahre alt ist. Sie kann zwar die Strecken laufen, dr\u00e4ngt aber doch \u00f6fter nach einer Pause. Nach der Pause bin ich dann alleine bis nach Fischbach gewandert. <a href=\"https:\/\/wordpress.derwegderwoelfe.de\/wp-content\/uploads\/2015\/07\/IMG_0531.jpg\"><img loading=\"lazy\" decoding=\"async\" class=\" size-medium wp-image-940 alignright\" src=\"https:\/\/wordpress.derwegderwoelfe.de\/wp-content\/uploads\/2015\/07\/IMG_0531-300x200.jpg\" alt=\"IMG_0531\" width=\"300\" height=\"200\" srcset=\"https:\/\/wordpress.derwegderwoelfe.de\/wp-content\/uploads\/2015\/07\/IMG_0531-300x200.jpg 300w, https:\/\/wordpress.derwegderwoelfe.de\/wp-content\/uploads\/2015\/07\/IMG_0531-450x300.jpg 450w, https:\/\/wordpress.derwegderwoelfe.de\/wp-content\/uploads\/2015\/07\/IMG_0531.jpg 640w\" sizes=\"auto, (max-width: 300px) 100vw, 300px\" \/><\/a>Hier konnten wir beim Biosp\u00e4renhaus auf dem Wohnmobilstellplatz \u00fcbernachten. Das Wetter ist noch immer sehr bedeckt und gelegentlich kommt ein k\u00fchler Wind auf. Wie schon auf der gesamten Strecke sind die W\u00fchlspuren der Wildschweine kaum zu \u00fcbersehen. Dahingegen finde ich nur relativ wenige Spuren von Reh- und Rotwild. Ich bin eigentlich \u00fcberrascht, dass ich die letzten Tage noch keine Rehe oder Hirsche gesehen habe. Das ist aber kein Urteil \u00fcber den Populationszustand. Interessant wird es sein ob sich das in Frankreich \u00e4ndern wird. Die Leute die wir hier fragen wissen scheinbar, dass 2016 die ersten Luchse im Pf\u00e4lzer-Wald angesiedelt werden und es gelegentlich Sichtungen einzelner Luchse gibt oder fr\u00fcher gegeben hat.<\/p>\n<h4>Montag 27.Juli<\/h4>\n<p>E<a href=\"https:\/\/wordpress.derwegderwoelfe.de\/wp-content\/uploads\/2015\/07\/DSCN2703.jpg\"><img loading=\"lazy\" decoding=\"async\" class=\" size-medium wp-image-934 alignleft\" src=\"https:\/\/wordpress.derwegderwoelfe.de\/wp-content\/uploads\/2015\/07\/DSCN2703-300x225.jpg\" alt=\"DSCN2703\" width=\"300\" height=\"225\" srcset=\"https:\/\/wordpress.derwegderwoelfe.de\/wp-content\/uploads\/2015\/07\/DSCN2703-300x225.jpg 300w, https:\/\/wordpress.derwegderwoelfe.de\/wp-content\/uploads\/2015\/07\/DSCN2703-400x300.jpg 400w, https:\/\/wordpress.derwegderwoelfe.de\/wp-content\/uploads\/2015\/07\/DSCN2703.jpg 640w\" sizes=\"auto, (max-width: 300px) 100vw, 300px\" \/><\/a> s hat in der Nacht immer wieder geregnet. Auch in der Fr\u00fch als ich aufstehen wollte. Da ich hier im Funkloch bin habe ich nur schnell das Tagebuch zu ende geschrieben und dann gefr\u00fchst\u00fcckt. Heute wird die Strecke l\u00e4nger, es sind etwa 20km oder je nach Lagerplatz etwas l\u00e4nger. Gerade als ich los wollte kam noch ein lokaler Ranger vorbei und sich mit uns unterhalten. Er war der Meinung, dass sich hier W\u00f6lfe nicht wohl f\u00fchlen w\u00fcrden, weil es zu sehr zersiedelt sei. Ich hoffe ich konnte ihm erkl\u00e4ren, dass dem nicht so sei, und der Pf\u00e4lzer-Wald ausgesprochen gut f\u00fcr W\u00f6lfe und Luchse geeignet ist. \u00dcber die Wanderwege bin ich dann in Richtung Rhinthal aufgebrochen. Es hat immer mal wieder geregnet, zum Teil heftig. Dann habe ich mit der Shira eine kurze Standpause unterm Regenschirm gemacht. Ich bevorzuge beim <a href=\"https:\/\/wordpress.derwegderwoelfe.de\/wp-content\/uploads\/2015\/07\/IMG_0518.jpg\"><img loading=\"lazy\" decoding=\"async\" class=\" size-medium wp-image-935 alignright\" src=\"https:\/\/wordpress.derwegderwoelfe.de\/wp-content\/uploads\/2015\/07\/IMG_0518-300x200.jpg\" alt=\"IMG_0518\" width=\"300\" height=\"200\" srcset=\"https:\/\/wordpress.derwegderwoelfe.de\/wp-content\/uploads\/2015\/07\/IMG_0518-300x200.jpg 300w, https:\/\/wordpress.derwegderwoelfe.de\/wp-content\/uploads\/2015\/07\/IMG_0518-450x300.jpg 450w, https:\/\/wordpress.derwegderwoelfe.de\/wp-content\/uploads\/2015\/07\/IMG_0518.jpg 640w\" sizes=\"auto, (max-width: 300px) 100vw, 300px\" \/><\/a>Wandern oft lieber einen recht gro\u00dfen Regenschirm. Damit kann ich fast alles vor N\u00e4sse sch\u00fctzen ohne im Regenzeugs schwitzen zu m\u00fcssen. Heute bin ich bis auf 558m hoch gewandert und war praktisch nur im Wald unterwegs. Gegen Mittag wurde das Wetter besser und ich bin dann bis zum Jugendzeltplatz bei Hauenstein gewandert. Dort haben Mona und Martin einen Lagerplatz bekommen. Spuren der Wildschweine sieht man fast \u00fcberall. Die der Rehe oder Hirsche habe ich heute, dank des Regens, nur selten finden k\u00f6nnen. Ich bin noch f\u00fcr einen Tag in Deutschland. In Frankreich kann es sein, dass ich nicht mehr t\u00e4glich ins Internet kommen werde um das Tagebuch zu aktualisieren.<\/p>\n<h4>Sonntag 26.Juli<\/h4>\n<p><a href=\"https:\/\/wordpress.derwegderwoelfe.de\/wp-content\/uploads\/2015\/07\/DSCN2698.jpg\"><img loading=\"lazy\" decoding=\"async\" class=\" size-medium wp-image-930 alignleft\" src=\"https:\/\/wordpress.derwegderwoelfe.de\/wp-content\/uploads\/2015\/07\/DSCN2698-300x225.jpg\" alt=\"DSCN2698\" width=\"300\" height=\"225\" srcset=\"https:\/\/wordpress.derwegderwoelfe.de\/wp-content\/uploads\/2015\/07\/DSCN2698-300x225.jpg 300w, https:\/\/wordpress.derwegderwoelfe.de\/wp-content\/uploads\/2015\/07\/DSCN2698-400x300.jpg 400w, https:\/\/wordpress.derwegderwoelfe.de\/wp-content\/uploads\/2015\/07\/DSCN2698.jpg 640w\" sizes=\"auto, (max-width: 300px) 100vw, 300px\" \/><\/a> <a href=\"https:\/\/wordpress.derwegderwoelfe.de\/wp-content\/uploads\/2015\/07\/IMG_0511.jpg\"><img loading=\"lazy\" decoding=\"async\" class=\" size-medium wp-image-931 alignright\" src=\"https:\/\/wordpress.derwegderwoelfe.de\/wp-content\/uploads\/2015\/07\/IMG_0511-300x191.jpg\" alt=\"IMG_0511\" width=\"300\" height=\"191\" srcset=\"https:\/\/wordpress.derwegderwoelfe.de\/wp-content\/uploads\/2015\/07\/IMG_0511-300x191.jpg 300w, https:\/\/wordpress.derwegderwoelfe.de\/wp-content\/uploads\/2015\/07\/IMG_0511-472x300.jpg 472w, https:\/\/wordpress.derwegderwoelfe.de\/wp-content\/uploads\/2015\/07\/IMG_0511.jpg 640w\" sizes=\"auto, (max-width: 300px) 100vw, 300px\" \/><\/a> Es war eine k\u00fchle Nacht, unter 10\u00b0C, aber gut zum Schlafen. Der Himmel ist strahlend blau.Die geplante Wegstrecke f\u00fcr heute nochmals recht kurz. Bis zur Geiswiese bei Iggeldorf, wenn es dort einen geeigneten Lagerplatz gibt. Ich ver\u00f6ffentliche den Tagebucheintrag des Vortages meistens am fr\u00fchen Morgen, weil ich in der Regel gegen 6 Uhr aufstehe. Doch mein Rechner streikte, nach einem update. Er lief nur an startete die automatische Reparatur und dann ging es nicht weiter. Also habe ich einen Kurzeintrag mit dem Tablet geschrieben. Erst um 10 Uhr bin ich dann aufgebrochen und zwar im Schneckentempo, weil die Strecke mit nur knapp \u00fcber 10km ziemlich kurz ist. Die Wege sind sch\u00f6n zu wandern. Inmitten einer Waldschule finde ich eine kleine Ziegenherde, die man schon auf Entfernung geh\u00f6rt hat. Wenn man bedenkt, dass hier im Pf\u00e4lzer-Wald im n\u00e4chsten Jahr die ersten Luchse angesiedelt werden sollen und die W\u00f6lfe aus den S\u00fcdvogesen sehr leicht hier ankommen k\u00f6nnen, stellt sich die Frage ob die Ziegen ausreichend gesichert sind. An Wildtierspuren habe ich heute insbesondere Wildschweine festgestellt. Der Boden ist recht sandig, Spuren k\u00f6nnte man gut sehen, aber der Regen hat alle \u00e4lteren Spuren verwischt. Shira und ich haben im Unterholz mehrfach Wildtiere geh\u00f6rt oder wahrgenommen. Gesehen habe ich sie nicht. Daf\u00fcr konnte ich einen Mittelspecht beobachten. <a href=\"https:\/\/wordpress.derwegderwoelfe.de\/wp-content\/uploads\/2015\/07\/IMG_0512.jpg\"><img loading=\"lazy\" decoding=\"async\" class=\" size-medium wp-image-932 alignright\" src=\"https:\/\/wordpress.derwegderwoelfe.de\/wp-content\/uploads\/2015\/07\/IMG_0512-300x192.jpg\" alt=\"IMG_0512\" width=\"300\" height=\"192\" srcset=\"https:\/\/wordpress.derwegderwoelfe.de\/wp-content\/uploads\/2015\/07\/IMG_0512-300x192.jpg 300w, https:\/\/wordpress.derwegderwoelfe.de\/wp-content\/uploads\/2015\/07\/IMG_0512-469x300.jpg 469w, https:\/\/wordpress.derwegderwoelfe.de\/wp-content\/uploads\/2015\/07\/IMG_0512.jpg 640w\" sizes=\"auto, (max-width: 300px) 100vw, 300px\" \/><\/a>Meine erste Pause war an einem Picknickplatz mit der Bezeichnung \u201eTreffnix\u201c. Heute bin ich praktisch nur durch Wald gelaufen. Um 14 Uhr war ich am vereinbarten Treffpunkt, ein sch\u00f6ner Lagerplatz. Martin und Mona besuchen \u00fcber den Tag die vielen Burganlagen die es gibt. Meinen Rechner konnte ich dann am Nachmittag auch wieder einrichten. Das Wetter verschlechtert sich und gegen Abend fing es an zu regnen.<\/p>\n<h4>Samstag 25.Juli<\/h4>\n<p><a href=\"https:\/\/wordpress.derwegderwoelfe.de\/wp-content\/uploads\/2015\/07\/DSCN2673.jpg\"><img loading=\"lazy\" decoding=\"async\" class=\" size-medium wp-image-926 alignleft\" src=\"https:\/\/wordpress.derwegderwoelfe.de\/wp-content\/uploads\/2015\/07\/DSCN2673-300x219.jpg\" alt=\"DSCN2673\" width=\"300\" height=\"219\" srcset=\"https:\/\/wordpress.derwegderwoelfe.de\/wp-content\/uploads\/2015\/07\/DSCN2673-300x219.jpg 300w, https:\/\/wordpress.derwegderwoelfe.de\/wp-content\/uploads\/2015\/07\/DSCN2673-410x300.jpg 410w, https:\/\/wordpress.derwegderwoelfe.de\/wp-content\/uploads\/2015\/07\/DSCN2673.jpg 640w\" sizes=\"auto, (max-width: 300px) 100vw, 300px\" \/><\/a>Heute geht es weiter. Wir sind nach Frankenstein gefahren und dort habe ich dann mit der Wanderung anfangen k\u00f6nnen bis in die Umgebung von Esthal. Das war eh so geplant, nur w\u00e4re ich halt mit dem Rad bis dort hin. Das Wetter ist deutlich k\u00fchler geworden und es regnet zwischen durch. Der Wald und die Zusammensetzung des Waldes ist hier ganz anders als im Spessart oder im Hunsr\u00fcck. Ebenso die Wege. Daf\u00fcr aber auch schlechter markiert. Ob es sich so in den n\u00e4chsten Tagen fortsetzten wird wird sich noch zeigen. In jedem Fall stelle ich mal wieder fest wie unterschiedlich man die Umgebung als Radfahrer und als Wanderer wahrnimmt. Man bekommt als Wanderer doch alles viel intensiver mit. Die Strecke war heute recht kurz. Wir mussten ja erst anreisen und dann war ich von 11:30 bis kurz vor 16Uhr am wandern. Gesch\u00e4tzte 12km, also ganz gem\u00fctlich. Spuren von Wildschweinen habe ich mehrfach gesehen. Geh\u00f6rt haben Shira und ich mehrere Wildtiere, nur leider nicht gesehen. Martin und Mona haben bei der Wolfsgruben Forsth\u00fctte das Lager aufschlagen d\u00fcrfen. Es gibt hier eh mehrere lokale Bezeichnungen mit Wolf. <a href=\"https:\/\/wordpress.derwegderwoelfe.de\/wp-content\/uploads\/2015\/07\/DSCN2678.jpg\"><img loading=\"lazy\" decoding=\"async\" class=\" size-medium wp-image-927 alignright\" src=\"https:\/\/wordpress.derwegderwoelfe.de\/wp-content\/uploads\/2015\/07\/DSCN2678-300x202.jpg\" alt=\"DSCN2678\" width=\"300\" height=\"202\" srcset=\"https:\/\/wordpress.derwegderwoelfe.de\/wp-content\/uploads\/2015\/07\/DSCN2678-300x202.jpg 300w, https:\/\/wordpress.derwegderwoelfe.de\/wp-content\/uploads\/2015\/07\/DSCN2678-445x300.jpg 445w, https:\/\/wordpress.derwegderwoelfe.de\/wp-content\/uploads\/2015\/07\/DSCN2678.jpg 640w\" sizes=\"auto, (max-width: 300px) 100vw, 300px\" \/><\/a>Wolfsgruben waren fr\u00fcher Gruben um W\u00f6lfe zu fangen und dann zu t\u00f6ten. Man erkennt gerade wieder bei der Tour de France, dass es noch immer viele Menschen gibt die Wildtiere die st\u00f6ren abschaffen m\u00f6chten. Es geht hier um etwas ganz grunds\u00e4tzliches, nicht nur um W\u00f6lfe. Bei den W\u00f6lfen wird nur besonders viel L\u00e4rm gemacht. Anstatt zu versuchen ein Miteinander von Mensch und Wildtier zu gestalten, wird weltweit noch immer gegen Wildtiere gehetzt die unbequem sind, st\u00f6ren, Geld kosten. Dabei wird schnell vergessen, dass wir Menschen die eigentlichen Ursachen f\u00fcr Konflikte selber provozieren, nicht die Wildtiere. Deswegen muss Mensch-Wildtier Management immer zuerst bei uns Menschen selber ansetzen und nicht bei den Wildtieren.<\/p>\n<h4>Freitag 24.Juli<\/h4>\n<p>In der Nacht hat es leicht abgek\u00fchlt, der Himmel ist aber blau und es wird heute wieder hei\u00df. Martin und Mona sind wandern gegangen und ich habe einen B\u00fcrotag eingelegt. Neben der Expedition muss ich mich mit der Organisation von insgesamt 40 Schulprojekttagen zum Wolf und Luchs im Schwarzwald besch\u00e4ftigen. Das Projekt beginnt direkt im neuen Schuljahr und sollte bis Weihnachten weitestgehend abgeschlossen sein. Am Nachmittag haben wir angefangen den Wagen bzw. die Ausr\u00fcstung neu zu sortieren. Beispielsweise die Anzahl der Zelte von 5 auf 3 reduziert. Ich hatte noch wegen dem Wolfskindercamp in Rietschen so viele Zelte dabei. Da wir nur noch 3 Wochen unterwegs sind konnte ich noch ein paar Sachen aussortieren. Dann haben wir die Ersatzheckt\u00fcr abgeholt und sind noch f\u00fcr die n\u00e4chsten Tage einkaufen gegangen. Die Wanderkarten f\u00fcr die gesamte Strecke konnte ich heute auch komplettieren. Die brauche ich ja immer in doppelter Ausf\u00fchrung. Ein Set f\u00fcr mich und eines f\u00fcr das Backup Team. Im Auto ist zus\u00e4tzlich noch eine \u00dcbersichtskarte mit den Stra\u00dfen. Am Samstag werden wir bei Frankenstein im Pf\u00e4lzer Wald starten.<\/p>\n<h4>Donnerstag 23.Juli<\/h4>\n<p><a href=\"https:\/\/wordpress.derwegderwoelfe.de\/wp-content\/uploads\/2015\/07\/IMG_0498.jpg\"><img loading=\"lazy\" decoding=\"async\" class=\" size-medium wp-image-900 alignleft\" src=\"https:\/\/wordpress.derwegderwoelfe.de\/wp-content\/uploads\/2015\/07\/IMG_0498-300x250.jpg\" alt=\"IMG_0498\" width=\"300\" height=\"250\" srcset=\"https:\/\/wordpress.derwegderwoelfe.de\/wp-content\/uploads\/2015\/07\/IMG_0498-300x250.jpg 300w, https:\/\/wordpress.derwegderwoelfe.de\/wp-content\/uploads\/2015\/07\/IMG_0498-360x300.jpg 360w, https:\/\/wordpress.derwegderwoelfe.de\/wp-content\/uploads\/2015\/07\/IMG_0498.jpg 640w\" sizes=\"auto, (max-width: 300px) 100vw, 300px\" \/><\/a>Meine G\u00fcte, in der Nacht im eigenen Bett habe ich extrem schlecht geschlafen. Nicht alleine wegen der W\u00e4rme. Nach dem Fr\u00fchst\u00fcck haben wir den Wagen entlastet und die meisten Sachen raus genommen und nat\u00fcrlich das Fahrrad und die Radausr\u00fcstung. Um 9:30 bin ich dann zur Werkstatt gefahren (4ward4x4). Schon als ich den Motor gestartet habe, hat sich der Wagen wieder normal ausgerichtet. Trotzdem habe ich nachgefragt was die Ursache f\u00fcr das Problem war. Diagnoseger\u00e4t angeschlossen, aha und Fehler gefunden und behoben. Der Komputer f\u00fcr die Fahrwerkregulierung hatte sich aufgeh\u00e4ngt. Ein Reset h\u00e4tte gereicht und er startet in der Werkseinstellung wieder. Alles wieder gut. Heckt\u00fcr und Fenster kann nat\u00fcrlich nicht so schnell repariert werden. Am Nachmittag war ich noch beim \u201eoffroadpat\u201c und der auch Ersatzteile von ausgeschlachteten Fahrzeugen hat. Er hat mehrere Heckt\u00fcren mit Scheiben vom alten tdi Discovery und die Gr\u00f6\u00dfe scheint zu passen. Sogar scheinbar in der passenden Wagenfarbe. Da werde ich mir eine besorgen und zur Not, falls der Lack zerkratzt ist oder doch nicht ganz passt neu lackieren lassen. Das d\u00fcrfte die g\u00fcnstigste L\u00f6sung sein. Das ganz genaue gerade ziehen der eingedellten T\u00fcr k\u00f6nnte sich als schwieriger herausstellen. Das werde ich aber erst nach der Expedition machen. Damit sind dann diese Probleme vorerst gel\u00f6st. Gl\u00fcck gehabt. Am Samstag setzten wir die Expedition fort. Dann mit dem Wanderabschnitt etwa ab der H\u00f6he von Kaiserslautern.<\/p>\n<h4>Mittwoch 22.Juli<\/h4>\n<p>Die Nacht habe ich auf dem Gep\u00e4cktr\u00e4ger geschlafen. Etwas gew\u00f6hnungsbed\u00fcrftig aber es geht. Es ging etwas mehr <a href=\"https:\/\/wordpress.derwegderwoelfe.de\/wp-content\/uploads\/2015\/07\/DSCN2640.jpg\"><img loading=\"lazy\" decoding=\"async\" class=\" size-medium wp-image-895 alignleft\" src=\"https:\/\/wordpress.derwegderwoelfe.de\/wp-content\/uploads\/2015\/07\/DSCN2640-300x212.jpg\" alt=\"DSCN2640\" width=\"300\" height=\"212\" srcset=\"https:\/\/wordpress.derwegderwoelfe.de\/wp-content\/uploads\/2015\/07\/DSCN2640-300x212.jpg 300w, https:\/\/wordpress.derwegderwoelfe.de\/wp-content\/uploads\/2015\/07\/DSCN2640-424x300.jpg 424w, https:\/\/wordpress.derwegderwoelfe.de\/wp-content\/uploads\/2015\/07\/DSCN2640.jpg 640w\" sizes=\"auto, (max-width: 300px) 100vw, 300px\" \/><\/a>Wind als am Boden, was bei den aktuellen Temperaturen in der Nacht nicht unangenehm ist. Kurz vor 6 Uhr bin ich aufgestanden. Die Strecke f\u00fcr heute ist ge\u00e4ndert. Nach einem gem\u00fctlichen Fr\u00fchst\u00fcck ging es um 9 Uhr los, zun\u00e4chst nach R\u00fcdesheim zur F\u00e4hre \u00fcber den Rhein nach Bingen. Das ging ziemlich schnell, denn es ging bergab. In R\u00fcdesheim habe ich mir noch ein Eis geg\u00f6nnt und dann zur F\u00e4hre gefahren. Die Sonne knallt heute wieder ordentlich mit Sicherheit ist es wieder \u00fcber 30\u00b0C warm heute.\u00a0 <a href=\"https:\/\/wordpress.derwegderwoelfe.de\/wp-content\/uploads\/2015\/07\/DSCN2658.jpg\"><img loading=\"lazy\" decoding=\"async\" class=\" size-medium wp-image-896 alignright\" src=\"https:\/\/wordpress.derwegderwoelfe.de\/wp-content\/uploads\/2015\/07\/DSCN2658-300x197.jpg\" alt=\"DSCN2658\" width=\"300\" height=\"197\" srcset=\"https:\/\/wordpress.derwegderwoelfe.de\/wp-content\/uploads\/2015\/07\/DSCN2658-300x197.jpg 300w, https:\/\/wordpress.derwegderwoelfe.de\/wp-content\/uploads\/2015\/07\/DSCN2658-456x300.jpg 456w, https:\/\/wordpress.derwegderwoelfe.de\/wp-content\/uploads\/2015\/07\/DSCN2658.jpg 640w\" sizes=\"auto, (max-width: 300px) 100vw, 300px\" \/><\/a> Von Bingen ging es dann weiter an der Nahe bis noch Bad Kreuznach\/Bad M\u00fcnster. Dort habe ich im ber\u00fchmten Salinepart eine l\u00e4ngere Pause gemacht. \u00dcbrigens sind die Radwege heute ausgesprochen gut gekennzeichnet. Ich verliere kaum Zeit um mich zu orientieren. Von hier ging es dann weiter nach Hochst\u00e4tten, Kalkofen und jetzt hoch in die Getreidefelder nach M\u00fcnsterappel. Das war der erste nennenswerte Anstieg heute, aber hei\u00df und sehr schwitzig. Sobald ich 3km aus Bad M\u00fcnster raus war, fuhr ich auch wieder durch Gebiete die vom Wolf durchaus besiedelt werden k\u00f6nnten. Ich komme in die Pf\u00e4lzer Berge. H\u00fcgelig, kleine D\u00f6rfer, viel Landwirtschaft und Waldfl\u00e4chen. Allerdings finde ich immer mal wieder auch Pferdekoppeln die etwas abseits liegen. Wie schon im Hunsr\u00fcck. Da k\u00f6nnte es mit dem Wolf gelegentliche Probleme geben. Der Rhein stellt \u00fcbrigens zun\u00e4chst eine nat\u00fcrliche Barriere dar die aber durch die Schifffahrt und den geballten Siedlungen an dann flacheren Ufern erschwert wird. Das Ziel f\u00fcr heute soll in der Umgebung von Gerbach sein. Martin hat mir schon eine sms geschickt wo wir lagern k\u00f6nnten. Ich war ja nun fast da. Als ich das Auto sah, habe ich gleich gefragt, warum der Wagen aus der rechten Seite so hoch steht. Ich dachte dann, Luftfeder und Niveauausgleich wegen Unebenheiten.<a href=\"https:\/\/wordpress.derwegderwoelfe.de\/wp-content\/uploads\/2015\/07\/DSCN2660.jpg\"><img loading=\"lazy\" decoding=\"async\" class=\" size-medium wp-image-897 alignleft\" src=\"https:\/\/wordpress.derwegderwoelfe.de\/wp-content\/uploads\/2015\/07\/DSCN2660-300x225.jpg\" alt=\"DSCN2660\" width=\"300\" height=\"225\" srcset=\"https:\/\/wordpress.derwegderwoelfe.de\/wp-content\/uploads\/2015\/07\/DSCN2660-300x225.jpg 300w, https:\/\/wordpress.derwegderwoelfe.de\/wp-content\/uploads\/2015\/07\/DSCN2660-400x300.jpg 400w, https:\/\/wordpress.derwegderwoelfe.de\/wp-content\/uploads\/2015\/07\/DSCN2660.jpg 640w\" sizes=\"auto, (max-width: 300px) 100vw, 300px\" \/><\/a> Doch schnell stellte sich heraus, die Luftfeder rechts bleibt ganz oben und der Wagen steht v\u00f6llig schr\u00e4g. Nach einigem Probieren musste ich dann die Entscheidung treffen, dass der Wagen in der Werkstatt muss. Also entschied ich Abendessen, Mountainbike aufs Dach und vorsichtig die 150km zu mir nachhause tuckern. Mist, aber so k\u00f6nnen wir nicht weiterfahren. Gegen 23:30 waren wir bei mir und es ist sehr schw\u00fclwarm. 28\u201cC kurz vor Mitternacht. Mal sehen was die Werkstatt morgen sagen wird.<\/p>\n<h4>Dienstag 21.Juli<\/h4>\n<p><a href=\"https:\/\/wordpress.derwegderwoelfe.de\/wp-content\/uploads\/2015\/07\/DSCN2631.jpg\"><img loading=\"lazy\" decoding=\"async\" class=\" size-medium wp-image-891 alignleft\" src=\"https:\/\/wordpress.derwegderwoelfe.de\/wp-content\/uploads\/2015\/07\/DSCN2631-300x225.jpg\" alt=\"DSCN2631\" width=\"300\" height=\"225\" srcset=\"https:\/\/wordpress.derwegderwoelfe.de\/wp-content\/uploads\/2015\/07\/DSCN2631-300x225.jpg 300w, https:\/\/wordpress.derwegderwoelfe.de\/wp-content\/uploads\/2015\/07\/DSCN2631-400x300.jpg 400w, https:\/\/wordpress.derwegderwoelfe.de\/wp-content\/uploads\/2015\/07\/DSCN2631.jpg 640w\" sizes=\"auto, (max-width: 300px) 100vw, 300px\" \/><\/a> \u00dcbrigens habe ich vor 10 Jahren meine erste und l\u00e4ngste Expedition, von Rum\u00e4nien bis nach Deutschland abgeschossen. Ich war \u00fcber 4 Monate unterwegs von April bis Mitte Juli. Wenn man alle Expeditionen nimmt habe ich mittlerweile einen gro\u00dfen \u201eKreis\u201c durch Mitteleuropa durchwandert und einige Anh\u00e4ngsel. Heute war ich unterwegs durch den Hunsr\u00fcck, von Ockstadt bis nach Hausen. Gesch\u00e4tzte 80km oder etwas mehr. Damit bin ich eine Distanz gefahren die auch ein Wolf auf Wanderschaft an einem Tag zur\u00fccklegen kann. Trotz Fahrrad, es war ganz sch\u00f6n anstrengend, rauf runter rauf runter und wieder rauf. Zum Teil bin ich auf dem Limesradweg gefahren und an den r\u00f6mischen Festungen vorbeigekommen. Heute hatte ich keine <a href=\"https:\/\/wordpress.derwegderwoelfe.de\/wp-content\/uploads\/2015\/07\/DSCN2632.jpg\"><img loading=\"lazy\" decoding=\"async\" class=\" size-medium wp-image-892 alignright\" src=\"https:\/\/wordpress.derwegderwoelfe.de\/wp-content\/uploads\/2015\/07\/DSCN2632-300x225.jpg\" alt=\"DSCN2632\" width=\"300\" height=\"225\" srcset=\"https:\/\/wordpress.derwegderwoelfe.de\/wp-content\/uploads\/2015\/07\/DSCN2632-300x225.jpg 300w, https:\/\/wordpress.derwegderwoelfe.de\/wp-content\/uploads\/2015\/07\/DSCN2632-400x300.jpg 400w, https:\/\/wordpress.derwegderwoelfe.de\/wp-content\/uploads\/2015\/07\/DSCN2632.jpg 640w\" sizes=\"auto, (max-width: 300px) 100vw, 300px\" \/><\/a>Begegnungen mit gr\u00f6\u00dferen Wildtieren. Gegen Mittag hat mich Martin angerufen und mir gesagt, dass er mit dem Landrover beim Zur\u00fccksetzen einen Baum getroffen hat. Resultat, die T\u00fcr ist etwas eingedr\u00fcckt und das Fenster besteht jetzt aus Glasbr\u00f6sel. Deswegen haben wir uns in Glash\u00fctten getroffen, damit ich es mir anschauen kann. Dank des Panoramabilds auf dem R\u00fcckfenster ist die Scheibe noch im Rahmen. Wir haben sie vollst\u00e4ndig verklebt. Ich werde meine Route etwas \u00e4ndern und k\u00fcrzen, damit wir am Freitag, wenn wir das Fahrrad eh zu mir nachhause bringen wollten, vorher noch in eine Werkstatt k\u00f6nnen um einen Kostenvoranschlag zu bekommen und ich nach der Expedition den Schaden schnell reparieren lassen kann. Danach konnte ich weiter und es wurde immer w\u00e4rmer. Ich denke ich habe heute an die 4 Liter Wasser getrunken.<\/p>\n<h4>Montag 20.Juli<\/h4>\n<p style=\"text-align: right;\"><a href=\"https:\/\/wordpress.derwegderwoelfe.de\/wp-content\/uploads\/2015\/07\/DSCN2604.jpg\"><img loading=\"lazy\" decoding=\"async\" class=\" size-medium wp-image-886 alignleft\" src=\"https:\/\/wordpress.derwegderwoelfe.de\/wp-content\/uploads\/2015\/07\/DSCN2604-300x225.jpg\" alt=\"DSCN2604\" width=\"300\" height=\"225\" srcset=\"https:\/\/wordpress.derwegderwoelfe.de\/wp-content\/uploads\/2015\/07\/DSCN2604-300x225.jpg 300w, https:\/\/wordpress.derwegderwoelfe.de\/wp-content\/uploads\/2015\/07\/DSCN2604-400x300.jpg 400w, https:\/\/wordpress.derwegderwoelfe.de\/wp-content\/uploads\/2015\/07\/DSCN2604.jpg 640w\" sizes=\"auto, (max-width: 300px) 100vw, 300px\" \/><\/a>\u00a0 Ich hatte einen beinahe Crash heute. Mit einem Reh. Ich war im Wald schnell unterwegs bergab, und direkt vor mir rannte ein Reh, dass ich aufgeschreckt hatte \u00fcber den Weg. \u00dcberhaupt ist mir heute aufgefallen, dass ich mehrere Rehe und eine Gruppe mit Hirschen aufgescheucht habe. Mit dem Rad ist man deutlich schneller unterwegs als zu Fu\u00df und die Wildtiere erschrecken sich, weil sie das Fahrrad erst sp\u00e4t bemerken. Spuren der Wildschweine gab es auch reichlich. St\u00f6rche konnte ich auch noch beobachten. Die heutige Strecke ist sozusagen die Verbindung zwischen dem Spessart und dem Hunsr\u00fcck. Ich <a href=\"https:\/\/wordpress.derwegderwoelfe.de\/wp-content\/uploads\/2015\/07\/Gelnhausen-Spessart.jpg\"><img loading=\"lazy\" decoding=\"async\" class=\"  wp-image-887 alignright\" src=\"https:\/\/wordpress.derwegderwoelfe.de\/wp-content\/uploads\/2015\/07\/Gelnhausen-Spessart-300x200.jpg\" alt=\"Gelnhausen Spessart\" width=\"253\" height=\"173\" \/><\/a>bin \u00fcber Biebergm\u00fcnd nach Gelnhausen gefahren. Dort warteten Martin und Mona mit einer neuen Karte auf mich. Von dort ging es dann in nordwestliche Richtung durch Ronneburg, Mark\u00f6bel, Eichen (die St\u00f6rche)bis nach Ockstadt an der A5. Die A45 musste ich auch unterqueren. Zum Gl\u00fcck knallte die Sonne kaum, es war stark bew\u00f6lkt mit und einem ganz leichten Regen gelegentlich, aber warm. Es w\u00e4re ein Fehler anzunehmen, dass dieses Gebiet zuk\u00fcnftig nicht von W\u00f6lfen durchwandert oder teilweise besiedelt werden k\u00f6nnte. Es ist zwar deutlich besiedelter und offener, aber erstens sind die n\u00e4chsten W\u00e4lder immer in guter <a href=\"https:\/\/wordpress.derwegderwoelfe.de\/wp-content\/uploads\/2015\/07\/IMG_0484.jpg\"><img loading=\"lazy\" decoding=\"async\" class=\" size-medium wp-image-888 alignright\" src=\"https:\/\/wordpress.derwegderwoelfe.de\/wp-content\/uploads\/2015\/07\/IMG_0484-300x208.jpg\" alt=\"IMG_0484\" width=\"300\" height=\"208\" srcset=\"https:\/\/wordpress.derwegderwoelfe.de\/wp-content\/uploads\/2015\/07\/IMG_0484-300x208.jpg 300w, https:\/\/wordpress.derwegderwoelfe.de\/wp-content\/uploads\/2015\/07\/IMG_0484-432x300.jpg 432w, https:\/\/wordpress.derwegderwoelfe.de\/wp-content\/uploads\/2015\/07\/IMG_0484.jpg 640w\" sizes=\"auto, (max-width: 300px) 100vw, 300px\" \/><\/a>Sichtweite und zweitens sind es viele Getreidefelder die f\u00fcr den relativ offenen Charakter sorgen. Die Autobahnen und die Bahngleise sind nat\u00fcrlich ein gewisses Risiko. Wir lagern heute Nacht direkt an der A5 unter Kirschb\u00e4umen.<\/p>\n<h4>Sonntag 19.Juli<\/h4>\n<p><a href=\"https:\/\/wordpress.derwegderwoelfe.de\/wp-content\/uploads\/2015\/07\/DSCN2581.jpg\"><img loading=\"lazy\" decoding=\"async\" class=\" size-medium wp-image-880 alignleft\" src=\"https:\/\/wordpress.derwegderwoelfe.de\/wp-content\/uploads\/2015\/07\/DSCN2581-300x211.jpg\" alt=\"DSCN2581\" width=\"300\" height=\"211\" srcset=\"https:\/\/wordpress.derwegderwoelfe.de\/wp-content\/uploads\/2015\/07\/DSCN2581-300x211.jpg 300w, https:\/\/wordpress.derwegderwoelfe.de\/wp-content\/uploads\/2015\/07\/DSCN2581-426x300.jpg 426w, https:\/\/wordpress.derwegderwoelfe.de\/wp-content\/uploads\/2015\/07\/DSCN2581.jpg 640w\" sizes=\"auto, (max-width: 300px) 100vw, 300px\" \/><\/a> Kurz nach 6Uhr musste ich einfach aufstehen. Ich war \u00fcberrascht, wie trocken alles war, kein Regen in der Nacht und kein Tau, oder Feuchtigkeit von der Saale. Es war ein sehr gem\u00fctlicher Morgen. Kaffee getrunken, gefr\u00fchst\u00fcckt, die ersten Pl\u00e4ne f\u00fcr den heutigen Tag gemacht und dann hat Martin die K\u00fcchenboxen neu sortiert. Man braucht immer 1-3 Tage bis alles am Platz ist und man sich an dieses Campleben gew\u00f6hnt hat. Dann pl\u00f6tzlich rauschte es in den B\u00e4umen und bevor man richtig kapiert hatte was jetzt kommt regnete es, und kr\u00e4ftig. Hektik bei allen um schnell alles ins Trockene zu bekommen. Dann war es wieder vorbei. Bis um 10 waren die Zelte trocken und konnten verstaut werden. Die heute Strecke geht jetzt bis in die N\u00e4he von Bad Orb. Eher etwas kurz um mich einzugew\u00f6hnen. Etwa 55km. Kurz nach 10 fuhr ich los, zun\u00e4chst der Saale entland bis Gr\u00e4fendorf, dann durch den Spessart nach Burgsinn, Fellen und weiter nach L\u00fcttgenbrunn. Weil ich den Spessart diesmal von Ost nach West quere geht es rauf und runter. Zum Teil recht steil. Oben, bevor es steil nach Burgsinn ging, habe ich meine Expeditionsstrecke vom letzten Jahr gekreuzt. Au\u00dferdem habe ich ein \u00fcberfahre<a href=\"https:\/\/wordpress.derwegderwoelfe.de\/wp-content\/uploads\/2015\/07\/DSCN2586.jpg\"><img loading=\"lazy\" decoding=\"async\" class=\" size-medium wp-image-881 alignright\" src=\"https:\/\/wordpress.derwegderwoelfe.de\/wp-content\/uploads\/2015\/07\/DSCN2586-300x215.jpg\" alt=\"DSCN2586\" width=\"300\" height=\"215\" srcset=\"https:\/\/wordpress.derwegderwoelfe.de\/wp-content\/uploads\/2015\/07\/DSCN2586-300x215.jpg 300w, https:\/\/wordpress.derwegderwoelfe.de\/wp-content\/uploads\/2015\/07\/DSCN2586-419x300.jpg 419w, https:\/\/wordpress.derwegderwoelfe.de\/wp-content\/uploads\/2015\/07\/DSCN2586.jpg 640w\" sizes=\"auto, (max-width: 300px) 100vw, 300px\" \/><\/a>nes Rehkitz auf der Stra\u00dfe gefunden. Diese Gefahr besteht leider so lange noch f\u00fcr die Wildtiere, bis unsere Autos eigenst\u00e4ndig und fr\u00fchzeitig Wildtiere erkennen und rechtzeitig abbremsen. Unterwegs entlang der T\u00e4ler wie bei Fellen habe ich Bauernh\u00f6fe mit Schafen und Ziegen gesehen und Rinderherden mit K\u00e4lbern. Die standen aber bei den K\u00fchen. Die W\u00f6lfe und Luchse werden \u00fcber kurz oder lang den Spessart wieder besiedeln. Letztes Jahr bin ich mehrere Tage entlang dem Spessart gewandert. Jetzt quere ich ihn mit dem Rad und brauche dazu einen ganzen Tag. Es ist doch immer erstaunlich wie gro\u00df solche W\u00e4lder sind, wenn man sie durchwandert oder mit dem Rad durchf\u00e4hrt. Gegen 16 Uhr habe ich Martin und Mona getroffen. Sie haben noch kein geeignetes Lager gefunden. Dann kam ein sehr kr\u00e4ftiger Regen und die beiden sind nochmals los um verschiedene Parkpl\u00e4tze zu begutachten. Nix. Dann habe ich beschlossen, dass wir das Rad auf den Gep\u00e4cktr\u00e4ger packen und ein St\u00fcck zur\u00fcckfahren, dort wo ich einen guten Platz mit Schutzh\u00fctte gesehen hatte. Es regnete wieder st\u00e4rker. Eine gute Idee. Morgen muss ich halt die 10km nochmals fahren. Jetzt bin ich doch arg m\u00fcde. Ich werde ein paar Tage brauchen um Expeditionsfit zu werden.<\/p>\n<h4>Samstag 18.Juli<\/h4>\n<p style=\"text-align: right;\">die Nacht vor der Expedition war schon wieder ganz Expeditionsm\u00e4ssig. Ich bin ja schon ein paar Tage unterwegs weil ich in den vergangenen Tagen in Rietschen\/Sachsen ein Wolfskindercamp begleitet habe. Gestern bin ich dann erst aufgebrochen zum Startpunkt der Expedition. In der N\u00e4he von Gr\u00e4fendorf bei Hammelburg. Das waren dann gleich \u00fcber 470km zu fahren wodurch ich dann doch erst sehr sp\u00e4t. Gegen 22:30 war ich tot m\u00fcde in der N\u00e4he <a href=\"https:\/\/wordpress.derwegderwoelfe.de\/wp-content\/uploads\/2015\/07\/DSCN2559.jpg\"><img loading=\"lazy\" decoding=\"async\" class=\" size-medium wp-image-877 alignleft\" src=\"https:\/\/wordpress.derwegderwoelfe.de\/wp-content\/uploads\/2015\/07\/DSCN2559-300x225.jpg\" alt=\"DSCN2559\" width=\"300\" height=\"225\" srcset=\"https:\/\/wordpress.derwegderwoelfe.de\/wp-content\/uploads\/2015\/07\/DSCN2559-300x225.jpg 300w, https:\/\/wordpress.derwegderwoelfe.de\/wp-content\/uploads\/2015\/07\/DSCN2559-400x300.jpg 400w, https:\/\/wordpress.derwegderwoelfe.de\/wp-content\/uploads\/2015\/07\/DSCN2559.jpg 640w\" sizes=\"auto, (max-width: 300px) 100vw, 300px\" \/><\/a> und habe an einen Schlafplatz gefunden am Feldrand ohne Verkehrsl\u00e4rm. Es waren noch 28\u00b0C. Das Mountainbike hatte ich auf die R\u00fcckbank gestellt. Bl\u00f6d, so konnte ich nicht im Auto \u00fcbernachten. Also aufs Dach zum Schlafen. Abgesehen, dass ich leicht schr\u00e4g war es deutlich besser als im Auto bei der W\u00e4rme. Bis um 1:45Uhr. Dann kam das Gewitter und Regen. Tja, also irgendwie auf dem Fahrersitz weiterschlafen. Sehr unbequem was zu abenteuerlichen Tr\u00e4umen gef\u00fchrt hat. Mir wurde etwas k\u00fchl, und im Traum hatte ich \u00fcberall Schnee im Auto. Ich tr\u00e4umte davon, dass die Bremen pl\u00f6tzlich nicht mehr funktionierten und dass mitten in einer Verfolgungsjagd und noch etliche andere Kurztr\u00e4ume. Das war irgendwie recht am\u00fcsant die Nacht. Was soll auch schon dabei herauskommen wenn man verkr\u00fcmmt so halb \u00fcber zwei Vordersitze liegt. Trotzdem, um 6:30 war ich wieder fit. Vom BN Bad Kissingen hatte ich das Angebot zum Jugendlager zu kommen und dort zu \u00fcbernachten bis zum Sonntag. Das war leider so abseits von der geplanten Route und ohne Telefon und Internet, dass ich nur zum Fr\u00fchst\u00fcck kurz vorbeigeschaut habe. Dann bin ich zur Rossm\u00fchle auf den Campingplatz an der Saale gefahren, bei Gr\u00e4fendorf. Hier ist unser Start. Gegen 14:45 kamen Martin und Mona in Hammelburg an. Da hatte ich jetzt viel Zeit und es ist richtig schw\u00fcl warm. Gar nichts f\u00fcr Shira. Die liegt v\u00f6llig matt auf der R\u00fcckbank.<a href=\"https:\/\/wordpress.derwegderwoelfe.de\/wp-content\/uploads\/2015\/07\/DSCN2567.jpg\"><img loading=\"lazy\" decoding=\"async\" class=\" size-medium wp-image-878 alignright\" src=\"https:\/\/wordpress.derwegderwoelfe.de\/wp-content\/uploads\/2015\/07\/DSCN2567-300x225.jpg\" alt=\"DSCN2567\" width=\"300\" height=\"225\" srcset=\"https:\/\/wordpress.derwegderwoelfe.de\/wp-content\/uploads\/2015\/07\/DSCN2567-300x225.jpg 300w, https:\/\/wordpress.derwegderwoelfe.de\/wp-content\/uploads\/2015\/07\/DSCN2567-400x300.jpg 400w, https:\/\/wordpress.derwegderwoelfe.de\/wp-content\/uploads\/2015\/07\/DSCN2567.jpg 640w\" sizes=\"auto, (max-width: 300px) 100vw, 300px\" \/><\/a> Zum Gl\u00fcck konnte ich einen schattigen Parkplatz finden. Am Nachmittag haben wir schnell eingekauft und sind dann zur\u00fcck zum Campingplatz. Eine Radfahrkarte f\u00fcr den ersten Tag konnte ich schon finden. Ich kaufe die Karten am liebsten vor Ort. Erstens komme ich mit den Leuten ins Gespr\u00e4ch und es macht einfach mehr Spa\u00df. Wir haben sehr nette Nachbarn mit zwei M\u00e4dchen. Sie kommen aus Ungarn. Nachdem wir ihnen unsere Maskottchen, die haben wir ja immer dabei, gezeigt haben, haben sie uns Freundschaftsarmb\u00e4nder geschenkt. Deswegen das gr\u00fcne Band an meinem Handgelenk. Den Abend noch ganz entspannt, denn morgen geht es mit dem Rad auf die erste Etappe bis etwa Bad Orb.<\/p>\n","protected":false},"excerpt":{"rendered":"<p>Spessart, Taunus, Hunsr\u00fcck, Pf\u00e4lzerwald, Vogesen! Montag 10.August kurze Zusammenfassung Das war in den 10 Jahren seit dem ich meine Expeditionen durchf\u00fchre nicht nur die k\u00fcrzeste Expeditionen sondern auch die erste mit so vielen \u201eZwischenf\u00e4llen\u201c und einem Abbruch. Erstmals waren die &hellip; <a class=\"more-link\" href=\"https:\/\/wordpress.derwegderwoelfe.de\/?page_id=871\">Weiterlesen <span class=\"meta-nav\">&rarr;<\/span><\/a><\/p>\n","protected":false},"author":1,"featured_media":0,"parent":0,"menu_order":0,"comment_status":"closed","ping_status":"closed","template":"","meta":{"footnotes":""},"class_list":["post-871","page","type-page","status-publish","hentry"],"_links":{"self":[{"href":"https:\/\/wordpress.derwegderwoelfe.de\/index.php?rest_route=\/wp\/v2\/pages\/871","targetHints":{"allow":["GET"]}}],"collection":[{"href":"https:\/\/wordpress.derwegderwoelfe.de\/index.php?rest_route=\/wp\/v2\/pages"}],"about":[{"href":"https:\/\/wordpress.derwegderwoelfe.de\/index.php?rest_route=\/wp\/v2\/types\/page"}],"author":[{"embeddable":true,"href":"https:\/\/wordpress.derwegderwoelfe.de\/index.php?rest_route=\/wp\/v2\/users\/1"}],"replies":[{"embeddable":true,"href":"https:\/\/wordpress.derwegderwoelfe.de\/index.php?rest_route=%2Fwp%2Fv2%2Fcomments&post=871"}],"version-history":[{"count":43,"href":"https:\/\/wordpress.derwegderwoelfe.de\/index.php?rest_route=\/wp\/v2\/pages\/871\/revisions"}],"predecessor-version":[{"id":2098,"href":"https:\/\/wordpress.derwegderwoelfe.de\/index.php?rest_route=\/wp\/v2\/pages\/871\/revisions\/2098"}],"wp:attachment":[{"href":"https:\/\/wordpress.derwegderwoelfe.de\/index.php?rest_route=%2Fwp%2Fv2%2Fmedia&parent=871"}],"curies":[{"name":"wp","href":"https:\/\/api.w.org\/{rel}","templated":true}]}}